{"id":78,"date":"2024-03-04T10:42:28","date_gmt":"2024-03-04T13:42:28","guid":{"rendered":"http:\/\/10.143.8.37\/site\/?page_id=78"},"modified":"2025-11-26T15:33:28","modified_gmt":"2025-11-26T18:33:28","slug":"direcao","status":"publish","type":"page","link":"https:\/\/emcm.ufrn.br\/site\/direcao\/","title":{"rendered":"Dire\u00e7\u00e3o"},"content":{"rendered":"\t\t<div data-elementor-type=\"wp-page\" data-elementor-id=\"78\" class=\"elementor elementor-78\" data-elementor-settings=\"{&quot;ha_cmc_init_switcher&quot;:&quot;no&quot;}\">\n\t\t\t\t<div class=\"elementor-element elementor-element-7dbf2bf e-flex e-con-boxed e-con e-parent\" data-id=\"7dbf2bf\" data-element_type=\"container\" data-e-type=\"container\" data-settings=\"{&quot;_ha_eqh_enable&quot;:false}\">\n\t\t\t\t\t<div class=\"e-con-inner\">\n\t\t\t\t<div class=\"elementor-element elementor-element-c6f553f elementor-widget elementor-widget-heading\" data-id=\"c6f553f\" data-element_type=\"widget\" data-e-type=\"widget\" data-widget_type=\"heading.default\">\n\t\t\t\t<div class=\"elementor-widget-container\">\n\t\t\t\t\t<h1 class=\"elementor-heading-title elementor-size-default\">Dire\u00e7\u00e3o<\/h1>\t\t\t\t<\/div>\n\t\t\t\t<\/div>\n\t\t\t\t\t<\/div>\n\t\t\t\t<\/div>\n\t\t<div class=\"elementor-element elementor-element-7ce0c47 e-flex e-con-boxed e-con e-parent\" data-id=\"7ce0c47\" data-element_type=\"container\" data-e-type=\"container\" data-settings=\"{&quot;_ha_eqh_enable&quot;:false}\">\n\t\t\t\t\t<div class=\"e-con-inner\">\n\t\t\t\t<div class=\"elementor-element elementor-element-177f3ef elementor-widget elementor-widget-text-editor\" data-id=\"177f3ef\" data-element_type=\"widget\" data-e-type=\"widget\" data-widget_type=\"text-editor.default\">\n\t\t\t\t<div class=\"elementor-widget-container\">\n\t\t\t\t\t\t\t\t\t<p><span style=\"color: #000000; font-size: 16px; text-align: justify;\">A Dire\u00e7\u00e3o \u00e9 o \u00f3rg\u00e3o executivo encarregado de dirigir, planejar, coordenar, orientar, avaliar, controlar, fiscalizar e zelar por todas as atividades dessa inst\u00e2ncia administrativa. A Dire\u00e7\u00e3o exercida pelo Diretor e Vice-Diretor, assume at\u00e9 a cria\u00e7\u00e3o da unidade administrativa definitiva respons\u00e1vel pelo curso de Medicina multicampi, as atribui\u00e7\u00f5es previstas para a dire\u00e7\u00e3o de uma Unidade Acad\u00eamica Especializada.<\/span><\/p>\t\t\t\t\t\t\t\t<\/div>\n\t\t\t\t<\/div>\n\t\t\t\t\t<\/div>\n\t\t\t\t<\/div>\n\t\t<div class=\"elementor-element elementor-element-c606d06 e-flex e-con-boxed e-con e-parent\" data-id=\"c606d06\" data-element_type=\"container\" data-e-type=\"container\" data-settings=\"{&quot;_ha_eqh_enable&quot;:false}\">\n\t\t\t\t\t<div class=\"e-con-inner\">\n\t\t<div class=\"elementor-element elementor-element-161ea9e e-con-full e-flex e-con e-child\" data-id=\"161ea9e\" data-element_type=\"container\" data-e-type=\"container\" data-settings=\"{&quot;_ha_eqh_enable&quot;:false}\">\n\t\t\t\t<div class=\"elementor-element elementor-element-3be36eb elementor-widget elementor-widget-image\" data-id=\"3be36eb\" data-element_type=\"widget\" data-e-type=\"widget\" data-widget_type=\"image.default\">\n\t\t\t\t<div class=\"elementor-widget-container\">\n\t\t\t\t\t\t\t\t\t\t\t\t\t\t\t<img decoding=\"async\" width=\"150\" height=\"150\" src=\"https:\/\/emcm.ufrn.br\/site\/wp-content\/uploads\/2024\/03\/George.jpeg\" class=\"attachment-large size-large wp-image-150\" alt=\"\" \/>\t\t\t\t\t\t\t\t\t\t\t\t\t\t\t<\/div>\n\t\t\t\t<\/div>\n\t\t\t\t<div class=\"elementor-element elementor-element-031f7b8 elementor-widget elementor-widget-text-editor\" data-id=\"031f7b8\" data-element_type=\"widget\" data-e-type=\"widget\" data-widget_type=\"text-editor.default\">\n\t\t\t\t<div class=\"elementor-widget-container\">\n\t\t\t\t\t\t\t\t\t<p><strong>\u00a0<\/strong><\/p><p><strong style=\"font-family: var( --e-global-typography-text-font-family ), Sans-serif; font-style: inherit; text-transform: inherit;\">\u00a0<\/strong><\/p><p><strong style=\"font-family: var( --e-global-typography-text-font-family ), Sans-serif; font-style: inherit; text-transform: inherit;\">DIRE\u00c7\u00c3O<\/strong><\/p><p><span style=\"color: #113272; font-size: 16px;\">GEORGE DANTAS DE AZEVEDO<\/span><strong><br \/><\/strong><\/p><p><span style=\"color: #113272; font-size: 16px;\">Mestre e Doutor em Medicina \u00c1rea de Concentra\u00e7\u00e3o Tocoginecologia<\/span><span style=\"color: #113272; font-size: 16px;\"><br \/><\/span><\/p>\t\t\t\t\t\t\t\t<\/div>\n\t\t\t\t<\/div>\n\t\t\t\t<\/div>\n\t\t<div class=\"elementor-element elementor-element-66c6d10 e-con-full e-flex e-con e-child\" data-id=\"66c6d10\" data-element_type=\"container\" data-e-type=\"container\" data-settings=\"{&quot;_ha_eqh_enable&quot;:false}\">\n\t\t\t\t<div class=\"elementor-element elementor-element-3268608 elementor-widget elementor-widget-image\" data-id=\"3268608\" data-element_type=\"widget\" data-e-type=\"widget\" data-widget_type=\"image.default\">\n\t\t\t\t<div class=\"elementor-widget-container\">\n\t\t\t\t\t\t\t\t\t\t\t\t\t\t\t<img fetchpriority=\"high\" decoding=\"async\" width=\"602\" height=\"716\" src=\"https:\/\/emcm.ufrn.br\/site\/wp-content\/uploads\/2025\/11\/liliane.png\" class=\"attachment-large size-large wp-image-5446\" alt=\"\" srcset=\"https:\/\/emcm.ufrn.br\/site\/wp-content\/uploads\/2025\/11\/liliane.png 602w, https:\/\/emcm.ufrn.br\/site\/wp-content\/uploads\/2025\/11\/liliane-252x300.png 252w\" sizes=\"(max-width: 602px) 100vw, 602px\" \/>\t\t\t\t\t\t\t\t\t\t\t\t\t\t\t<\/div>\n\t\t\t\t<\/div>\n\t\t\t\t<div class=\"elementor-element elementor-element-c889a76 elementor-widget elementor-widget-text-editor\" data-id=\"c889a76\" data-element_type=\"widget\" data-e-type=\"widget\" data-widget_type=\"text-editor.default\">\n\t\t\t\t<div class=\"elementor-widget-container\">\n\t\t\t\t\t\t\t\t\t<p><strong>&nbsp;<\/strong><\/p>\n<p><strong><br><\/strong><\/p><p><strong>VICE-DIRE\u00c7\u00c3O<\/strong><\/p>\n<p><span style=\"color: #113272; font-size: 16px;\">LILIANE PEREIRA BRAGA<\/span><strong><br><\/strong><\/p>\n<p><span style=\"color: #113272; font-size: 16px;\">Doutora em Psicologia&nbsp;<\/span><span style=\"color: #113272; font-size: 16px;\"><br><\/span><\/p>\t\t\t\t\t\t\t\t<\/div>\n\t\t\t\t<\/div>\n\t\t\t\t<\/div>\n\t\t\t\t\t<\/div>\n\t\t\t\t<\/div>\n\t\t\t\t<\/div>\n\t\t","protected":false},"excerpt":{"rendered":"<p>Dire\u00e7\u00e3o A Dire\u00e7\u00e3o \u00e9 o \u00f3rg\u00e3o executivo encarregado de dirigir, planejar, coordenar, orientar, avaliar, controlar, fiscalizar e zelar por todas as atividades dessa inst\u00e2ncia administrativa. A Dire\u00e7\u00e3o exercida pelo Diretor e Vice-Diretor, assume at\u00e9 a cria\u00e7\u00e3o da unidade administrativa definitiva respons\u00e1vel pelo curso de Medicina multicampi, as atribui\u00e7\u00f5es previstas para a dire\u00e7\u00e3o de uma Unidade [&hellip;]<\/p>\n","protected":false},"author":1,"featured_media":0,"parent":0,"menu_order":0,"comment_status":"closed","ping_status":"closed","template":"","meta":{"footnotes":""},"class_list":["post-78","page","type-page","status-publish","hentry"],"_links":{"self":[{"href":"https:\/\/emcm.ufrn.br\/site\/wp-json\/wp\/v2\/pages\/78","targetHints":{"allow":["GET"]}}],"collection":[{"href":"https:\/\/emcm.ufrn.br\/site\/wp-json\/wp\/v2\/pages"}],"about":[{"href":"https:\/\/emcm.ufrn.br\/site\/wp-json\/wp\/v2\/types\/page"}],"author":[{"embeddable":true,"href":"https:\/\/emcm.ufrn.br\/site\/wp-json\/wp\/v2\/users\/1"}],"replies":[{"embeddable":true,"href":"https:\/\/emcm.ufrn.br\/site\/wp-json\/wp\/v2\/comments?post=78"}],"version-history":[{"count":46,"href":"https:\/\/emcm.ufrn.br\/site\/wp-json\/wp\/v2\/pages\/78\/revisions"}],"predecessor-version":[{"id":5449,"href":"https:\/\/emcm.ufrn.br\/site\/wp-json\/wp\/v2\/pages\/78\/revisions\/5449"}],"wp:attachment":[{"href":"https:\/\/emcm.ufrn.br\/site\/wp-json\/wp\/v2\/media?parent=78"}],"curies":[{"name":"wp","href":"https:\/\/api.w.org\/{rel}","templated":true}]}}