{"id":533,"date":"2024-05-07T14:38:09","date_gmt":"2024-05-07T17:38:09","guid":{"rendered":"http:\/\/10.143.8.37\/site\/?page_id=533"},"modified":"2025-08-07T07:19:42","modified_gmt":"2025-08-07T10:19:42","slug":"noticias","status":"publish","type":"page","link":"https:\/\/emcm.ufrn.br\/site\/noticias\/","title":{"rendered":"Not\u00edcias"},"content":{"rendered":"\t\t<div data-elementor-type=\"wp-page\" data-elementor-id=\"533\" class=\"elementor elementor-533\" data-elementor-settings=\"{&quot;ha_cmc_init_switcher&quot;:&quot;no&quot;}\">\n\t\t\t\t<div class=\"elementor-element elementor-element-15cc4bd e-flex e-con-boxed e-con e-parent\" data-id=\"15cc4bd\" data-element_type=\"container\" data-e-type=\"container\" data-settings=\"{&quot;_ha_eqh_enable&quot;:false}\">\n\t\t\t\t\t<div class=\"e-con-inner\">\n\t\t\t\t<div class=\"elementor-element elementor-element-b760999 elementor-widget elementor-widget-heading\" data-id=\"b760999\" data-element_type=\"widget\" data-e-type=\"widget\" data-widget_type=\"heading.default\">\n\t\t\t\t<div class=\"elementor-widget-container\">\n\t\t\t\t\t<h2 class=\"elementor-heading-title elementor-size-default\">Veja todas as not\u00edcias aqui<\/h2>\t\t\t\t<\/div>\n\t\t\t\t<\/div>\n\t\t\t\t\t<\/div>\n\t\t\t\t<\/div>\n\t\t<div class=\"elementor-element elementor-element-4df81be e-flex e-con-boxed e-con e-parent\" data-id=\"4df81be\" data-element_type=\"container\" data-e-type=\"container\" data-settings=\"{&quot;_ha_eqh_enable&quot;:false}\">\n\t\t\t\t\t<div class=\"e-con-inner\">\n\t\t\t\t<div class=\"elementor-element elementor-element-416ac26 elementor-grid-eael-col-4 elementor-grid-tablet-eael-col-2 elementor-grid-mobile-eael-col-1 elementor-widget elementor-widget-eael-post-grid\" data-id=\"416ac26\" data-element_type=\"widget\" data-e-type=\"widget\" data-settings=\"{&quot;eael_post_grid_columns&quot;:&quot;eael-col-4&quot;,&quot;eael_post_grid_columns_tablet&quot;:&quot;eael-col-2&quot;,&quot;eael_post_grid_columns_mobile&quot;:&quot;eael-col-1&quot;}\" data-widget_type=\"eael-post-grid.default\">\n\t\t\t\t<div class=\"elementor-widget-container\">\n\t\t\t\t\t<div id=\"eael-post-grid-416ac26\" class=\"eael-post-grid-container\">\n            <div class=\"eael-post-grid eael-post-appender eael-post-appender-416ac26 eael-post-grid-style-one\" data-layout-mode=\"grid\"><article class=\"eael-grid-post  eael-post-grid-column eael-pg-post-5699 category-destaque-edital-edital-externo\" data-id=\"5699\">\n        <div class=\"eael-grid-post-holder\">\n            <div class=\"eael-grid-post-holder-inner\"><div class=\"eael-entry-media\"><div class=\"eael-entry-overlay fade-in\"><i class=\"fas fa-long-arrow-alt-right\" aria-hidden=\"true\"><\/i><a href=\"https:\/\/emcm.ufrn.br\/site\/2026\/04\/28\/edital-547-2026\/\"><\/a><\/div><div class=\"eael-entry-thumbnail \">\n                <img fetchpriority=\"high\" decoding=\"async\" width=\"300\" height=\"300\" src=\"https:\/\/emcm.ufrn.br\/site\/wp-content\/uploads\/2026\/04\/Edital-547-2026-300x300.png\" class=\"attachment-medium size-medium wp-image-5698\" alt=\"\" srcset=\"https:\/\/emcm.ufrn.br\/site\/wp-content\/uploads\/2026\/04\/Edital-547-2026-300x300.png 300w, https:\/\/emcm.ufrn.br\/site\/wp-content\/uploads\/2026\/04\/Edital-547-2026-150x150.png 150w, https:\/\/emcm.ufrn.br\/site\/wp-content\/uploads\/2026\/04\/Edital-547-2026-768x768.png 768w, https:\/\/emcm.ufrn.br\/site\/wp-content\/uploads\/2026\/04\/Edital-547-2026.png 1024w\" sizes=\"(max-width: 300px) 100vw, 300px\" \/>\n            <\/div>\n        <\/div><div class=\"eael-entry-wrapper\"><header class=\"eael-entry-header\"><h2 class=\"eael-entry-title\"><a class=\"eael-grid-post-link\" href=\"https:\/\/emcm.ufrn.br\/site\/2026\/04\/28\/edital-547-2026\/\" title=\"Edital 547\/2026\">Edital 547\/2026<\/a><\/h2><\/header><div class=\"eael-entry-content\">\n                        <div class=\"eael-grid-post-excerpt\"><p>Processo Seletivo para Bolsistas de Pesquisa \u2013 Projeto SER-T\u00c3O +...<\/p><a href=\"https:\/\/emcm.ufrn.br\/site\/2026\/04\/28\/edital-547-2026\/\" class=\"eael-post-elements-readmore-btn\">Leia mais<\/a><\/div>\n                    <\/div><div class=\"eael-entry-footer\"><div class=\"eael-author-avatar\"><a href=\"https:\/\/emcm.ufrn.br\/site\/author\/dti\/\"><img alt='dti' src='https:\/\/secure.gravatar.com\/avatar\/d5365731fba6112fa441cff4ce23ecabbceff030d20ce45ce0dd0b42d6782782?s=96&#038;d=mm&#038;r=g' srcset='https:\/\/secure.gravatar.com\/avatar\/d5365731fba6112fa441cff4ce23ecabbceff030d20ce45ce0dd0b42d6782782?s=192&#038;d=mm&#038;r=g 2x' class='avatar avatar-96 photo' height='96' width='96' \/><\/a><\/div><div class=\"eael-entry-meta\"><span class=\"eael-posted-by\"><a href=\"https:\/\/emcm.ufrn.br\/site\/author\/dti\/\" title=\"Posts de dti\" rel=\"author\">dti<\/a><\/span><span class=\"eael-posted-on\"><time datetime=\"\"><\/time><\/span><\/div><\/div><\/div><\/div>\n        <\/div>\n    <\/article><article class=\"eael-grid-post  eael-post-grid-column eael-pg-post-5689 category-destaque-edital-edital-externo\" data-id=\"5689\">\n        <div class=\"eael-grid-post-holder\">\n            <div class=\"eael-grid-post-holder-inner\"><div class=\"eael-entry-media\"><div class=\"eael-entry-overlay fade-in\"><i class=\"fas fa-long-arrow-alt-right\" aria-hidden=\"true\"><\/i><a href=\"https:\/\/emcm.ufrn.br\/site\/2026\/04\/24\/edital-057-2026\/\"><\/a><\/div><div class=\"eael-entry-thumbnail \">\n                <img decoding=\"async\" width=\"300\" height=\"300\" src=\"https:\/\/emcm.ufrn.br\/site\/wp-content\/uploads\/2026\/04\/EDITAL-057-2026-300x300.png\" class=\"attachment-medium size-medium wp-image-5690\" alt=\"\" srcset=\"https:\/\/emcm.ufrn.br\/site\/wp-content\/uploads\/2026\/04\/EDITAL-057-2026-300x300.png 300w, https:\/\/emcm.ufrn.br\/site\/wp-content\/uploads\/2026\/04\/EDITAL-057-2026-1024x1024.png 1024w, https:\/\/emcm.ufrn.br\/site\/wp-content\/uploads\/2026\/04\/EDITAL-057-2026-150x150.png 150w, https:\/\/emcm.ufrn.br\/site\/wp-content\/uploads\/2026\/04\/EDITAL-057-2026-768x768.png 768w, https:\/\/emcm.ufrn.br\/site\/wp-content\/uploads\/2026\/04\/EDITAL-057-2026.png 1152w\" sizes=\"(max-width: 300px) 100vw, 300px\" \/>\n            <\/div>\n        <\/div><div class=\"eael-entry-wrapper\"><header class=\"eael-entry-header\"><h2 class=\"eael-entry-title\"><a class=\"eael-grid-post-link\" href=\"https:\/\/emcm.ufrn.br\/site\/2026\/04\/24\/edital-057-2026\/\" title=\"Edital 057\/2026\">Edital 057\/2026<\/a><\/h2><\/header><div class=\"eael-entry-content\">\n                        <div class=\"eael-grid-post-excerpt\"><p>Processo Seletivo Simplificado para Professor Substituto\/Tempor\u00e1rio \u2013 UFRN A Escola...<\/p><a href=\"https:\/\/emcm.ufrn.br\/site\/2026\/04\/24\/edital-057-2026\/\" class=\"eael-post-elements-readmore-btn\">Leia mais<\/a><\/div>\n                    <\/div><div class=\"eael-entry-footer\"><div class=\"eael-author-avatar\"><a href=\"https:\/\/emcm.ufrn.br\/site\/author\/dti\/\"><img alt='dti' src='https:\/\/secure.gravatar.com\/avatar\/d5365731fba6112fa441cff4ce23ecabbceff030d20ce45ce0dd0b42d6782782?s=96&#038;d=mm&#038;r=g' srcset='https:\/\/secure.gravatar.com\/avatar\/d5365731fba6112fa441cff4ce23ecabbceff030d20ce45ce0dd0b42d6782782?s=192&#038;d=mm&#038;r=g 2x' class='avatar avatar-96 photo' height='96' width='96' \/><\/a><\/div><div class=\"eael-entry-meta\"><span class=\"eael-posted-by\"><a href=\"https:\/\/emcm.ufrn.br\/site\/author\/dti\/\" title=\"Posts de dti\" rel=\"author\">dti<\/a><\/span><span class=\"eael-posted-on\"><time datetime=\"\"><\/time><\/span><\/div><\/div><\/div><\/div>\n        <\/div>\n    <\/article><article class=\"eael-grid-post  eael-post-grid-column eael-pg-post-5680 category-destaque-edital-edital-externo\" data-id=\"5680\">\n        <div class=\"eael-grid-post-holder\">\n            <div class=\"eael-grid-post-holder-inner\"><div class=\"eael-entry-media\"><div class=\"eael-entry-overlay fade-in\"><i class=\"fas fa-long-arrow-alt-right\" aria-hidden=\"true\"><\/i><a href=\"https:\/\/emcm.ufrn.br\/site\/2026\/03\/26\/edital-046-2026\/\"><\/a><\/div><div class=\"eael-entry-thumbnail \">\n                <img decoding=\"async\" width=\"300\" height=\"300\" src=\"https:\/\/emcm.ufrn.br\/site\/wp-content\/uploads\/2026\/03\/EDITAL-046-2026-1-300x300.png\" class=\"attachment-medium size-medium wp-image-5687\" alt=\"\" srcset=\"https:\/\/emcm.ufrn.br\/site\/wp-content\/uploads\/2026\/03\/EDITAL-046-2026-1-300x300.png 300w, https:\/\/emcm.ufrn.br\/site\/wp-content\/uploads\/2026\/03\/EDITAL-046-2026-1-150x150.png 150w, https:\/\/emcm.ufrn.br\/site\/wp-content\/uploads\/2026\/03\/EDITAL-046-2026-1-768x768.png 768w, https:\/\/emcm.ufrn.br\/site\/wp-content\/uploads\/2026\/03\/EDITAL-046-2026-1.png 1024w\" sizes=\"(max-width: 300px) 100vw, 300px\" \/>\n            <\/div>\n        <\/div><div class=\"eael-entry-wrapper\"><header class=\"eael-entry-header\"><h2 class=\"eael-entry-title\"><a class=\"eael-grid-post-link\" href=\"https:\/\/emcm.ufrn.br\/site\/2026\/03\/26\/edital-046-2026\/\" title=\"Edital 046\/2026\">Edital 046\/2026<\/a><\/h2><\/header><div class=\"eael-entry-content\">\n                        <div class=\"eael-grid-post-excerpt\"><p>UFRN publica edital para processo seletivo de professor substituto com...<\/p><a href=\"https:\/\/emcm.ufrn.br\/site\/2026\/03\/26\/edital-046-2026\/\" class=\"eael-post-elements-readmore-btn\">Leia mais<\/a><\/div>\n                    <\/div><div class=\"eael-entry-footer\"><div class=\"eael-author-avatar\"><a href=\"https:\/\/emcm.ufrn.br\/site\/author\/dti\/\"><img alt='dti' src='https:\/\/secure.gravatar.com\/avatar\/d5365731fba6112fa441cff4ce23ecabbceff030d20ce45ce0dd0b42d6782782?s=96&#038;d=mm&#038;r=g' srcset='https:\/\/secure.gravatar.com\/avatar\/d5365731fba6112fa441cff4ce23ecabbceff030d20ce45ce0dd0b42d6782782?s=192&#038;d=mm&#038;r=g 2x' class='avatar avatar-96 photo' height='96' width='96' \/><\/a><\/div><div class=\"eael-entry-meta\"><span class=\"eael-posted-by\"><a href=\"https:\/\/emcm.ufrn.br\/site\/author\/dti\/\" title=\"Posts de dti\" rel=\"author\">dti<\/a><\/span><span class=\"eael-posted-on\"><time datetime=\"\"><\/time><\/span><\/div><\/div><\/div><\/div>\n        <\/div>\n    <\/article><article class=\"eael-grid-post  eael-post-grid-column eael-pg-post-5661 category-destaque tags-bancovermelho-emcmufrn-naoaviolenciacontraamulher-respeito\" data-id=\"5661\">\n        <div class=\"eael-grid-post-holder\">\n            <div class=\"eael-grid-post-holder-inner\"><div class=\"eael-entry-media\"><div class=\"eael-entry-overlay fade-in\"><i class=\"fas fa-long-arrow-alt-right\" aria-hidden=\"true\"><\/i><a href=\"https:\/\/emcm.ufrn.br\/site\/2026\/03\/10\/inauguracao-do-banco-vermelho-na-emcm-ufrn\/\"><\/a><\/div><div class=\"eael-entry-thumbnail \">\n                <img loading=\"lazy\" decoding=\"async\" width=\"212\" height=\"300\" src=\"https:\/\/emcm.ufrn.br\/site\/wp-content\/uploads\/2026\/03\/WhatsApp-Image-2026-03-10-at-12.19.14-212x300.jpeg\" class=\"attachment-medium size-medium wp-image-5659\" alt=\"\" srcset=\"https:\/\/emcm.ufrn.br\/site\/wp-content\/uploads\/2026\/03\/WhatsApp-Image-2026-03-10-at-12.19.14-212x300.jpeg 212w, https:\/\/emcm.ufrn.br\/site\/wp-content\/uploads\/2026\/03\/WhatsApp-Image-2026-03-10-at-12.19.14.jpeg 574w\" sizes=\"(max-width: 212px) 100vw, 212px\" \/>\n            <\/div>\n        <\/div><div class=\"eael-entry-wrapper\"><header class=\"eael-entry-header\"><h2 class=\"eael-entry-title\"><a class=\"eael-grid-post-link\" href=\"https:\/\/emcm.ufrn.br\/site\/2026\/03\/10\/inauguracao-do-banco-vermelho-na-emcm-ufrn\/\" title=\"Inaugura\u00e7\u00e3o do Banco Vermelho na EMCM\/UFRN\">Inaugura\u00e7\u00e3o do Banco Vermelho na EMCM\/UFRN<\/a><\/h2><\/header><div class=\"eael-entry-content\">\n                        <div class=\"eael-grid-post-excerpt\"><p>Inaugura\u00e7\u00e3o do Banco Vermelho na EMCM\/UFRN refor\u00e7a compromisso com o...<\/p><a href=\"https:\/\/emcm.ufrn.br\/site\/2026\/03\/10\/inauguracao-do-banco-vermelho-na-emcm-ufrn\/\" class=\"eael-post-elements-readmore-btn\">Leia mais<\/a><\/div>\n                    <\/div><div class=\"eael-entry-footer\"><div class=\"eael-author-avatar\"><a href=\"https:\/\/emcm.ufrn.br\/site\/author\/dti\/\"><img alt='dti' src='https:\/\/secure.gravatar.com\/avatar\/d5365731fba6112fa441cff4ce23ecabbceff030d20ce45ce0dd0b42d6782782?s=96&#038;d=mm&#038;r=g' srcset='https:\/\/secure.gravatar.com\/avatar\/d5365731fba6112fa441cff4ce23ecabbceff030d20ce45ce0dd0b42d6782782?s=192&#038;d=mm&#038;r=g 2x' class='avatar avatar-96 photo' height='96' width='96' \/><\/a><\/div><div class=\"eael-entry-meta\"><span class=\"eael-posted-by\"><a href=\"https:\/\/emcm.ufrn.br\/site\/author\/dti\/\" title=\"Posts de dti\" rel=\"author\">dti<\/a><\/span><span class=\"eael-posted-on\"><time datetime=\"\"><\/time><\/span><\/div><\/div><\/div><\/div>\n        <\/div>\n    <\/article><article class=\"eael-grid-post  eael-post-grid-column eael-pg-post-5629 category-destaque\" data-id=\"5629\">\n        <div class=\"eael-grid-post-holder\">\n            <div class=\"eael-grid-post-holder-inner\"><div class=\"eael-entry-media\"><div class=\"eael-entry-overlay fade-in\"><i class=\"fas fa-long-arrow-alt-right\" aria-hidden=\"true\"><\/i><a href=\"https:\/\/emcm.ufrn.br\/site\/2026\/02\/06\/edital-008-2026\/\"><\/a><\/div><div class=\"eael-entry-thumbnail \">\n                <img loading=\"lazy\" decoding=\"async\" width=\"300\" height=\"300\" src=\"https:\/\/emcm.ufrn.br\/site\/wp-content\/uploads\/2026\/02\/EDITAL-008-2026-300x300.png\" class=\"attachment-medium size-medium wp-image-5628\" alt=\"\" srcset=\"https:\/\/emcm.ufrn.br\/site\/wp-content\/uploads\/2026\/02\/EDITAL-008-2026-300x300.png 300w, https:\/\/emcm.ufrn.br\/site\/wp-content\/uploads\/2026\/02\/EDITAL-008-2026-150x150.png 150w, https:\/\/emcm.ufrn.br\/site\/wp-content\/uploads\/2026\/02\/EDITAL-008-2026-768x768.png 768w, https:\/\/emcm.ufrn.br\/site\/wp-content\/uploads\/2026\/02\/EDITAL-008-2026.png 1024w\" sizes=\"(max-width: 300px) 100vw, 300px\" \/>\n            <\/div>\n        <\/div><div class=\"eael-entry-wrapper\"><header class=\"eael-entry-header\"><h2 class=\"eael-entry-title\"><a class=\"eael-grid-post-link\" href=\"https:\/\/emcm.ufrn.br\/site\/2026\/02\/06\/edital-008-2026\/\" title=\"Edital 008\/2026\">Edital 008\/2026<\/a><\/h2><\/header><div class=\"eael-entry-content\">\n                        <div class=\"eael-grid-post-excerpt\"><p>EMCM\/UFRN abre sele\u00e7\u00e3o para professor substituto nos campi Caic\u00f3 e...<\/p><a href=\"https:\/\/emcm.ufrn.br\/site\/2026\/02\/06\/edital-008-2026\/\" class=\"eael-post-elements-readmore-btn\">Leia mais<\/a><\/div>\n                    <\/div><div class=\"eael-entry-footer\"><div class=\"eael-author-avatar\"><a href=\"https:\/\/emcm.ufrn.br\/site\/author\/dti\/\"><img alt='dti' src='https:\/\/secure.gravatar.com\/avatar\/d5365731fba6112fa441cff4ce23ecabbceff030d20ce45ce0dd0b42d6782782?s=96&#038;d=mm&#038;r=g' srcset='https:\/\/secure.gravatar.com\/avatar\/d5365731fba6112fa441cff4ce23ecabbceff030d20ce45ce0dd0b42d6782782?s=192&#038;d=mm&#038;r=g 2x' class='avatar avatar-96 photo' height='96' width='96' \/><\/a><\/div><div class=\"eael-entry-meta\"><span class=\"eael-posted-by\"><a href=\"https:\/\/emcm.ufrn.br\/site\/author\/dti\/\" title=\"Posts de dti\" rel=\"author\">dti<\/a><\/span><span class=\"eael-posted-on\"><time datetime=\"\"><\/time><\/span><\/div><\/div><\/div><\/div>\n        <\/div>\n    <\/article><article class=\"eael-grid-post  eael-post-grid-column eael-pg-post-5577 category-destaque-edital-edital-externo-residencia\" data-id=\"5577\">\n        <div class=\"eael-grid-post-holder\">\n            <div class=\"eael-grid-post-holder-inner\"><div class=\"eael-entry-media\"><div class=\"eael-entry-overlay fade-in\"><i class=\"fas fa-long-arrow-alt-right\" aria-hidden=\"true\"><\/i><a href=\"https:\/\/emcm.ufrn.br\/site\/2026\/01\/19\/programa-de-residencia-medica-em-medicina-de-familia-e-comunidade-r3\/\"><\/a><\/div><div class=\"eael-entry-thumbnail \">\n                <img loading=\"lazy\" decoding=\"async\" width=\"240\" height=\"300\" src=\"https:\/\/emcm.ufrn.br\/site\/wp-content\/uploads\/2026\/01\/Informe-Programa-de-Residencia-Medica-em-Medicina-de-Familia-e-Comunidade-R3-240x300.jpeg\" class=\"attachment-medium size-medium wp-image-5579\" alt=\"\" srcset=\"https:\/\/emcm.ufrn.br\/site\/wp-content\/uploads\/2026\/01\/Informe-Programa-de-Residencia-Medica-em-Medicina-de-Familia-e-Comunidade-R3-240x300.jpeg 240w, https:\/\/emcm.ufrn.br\/site\/wp-content\/uploads\/2026\/01\/Informe-Programa-de-Residencia-Medica-em-Medicina-de-Familia-e-Comunidade-R3-819x1024.jpeg 819w, https:\/\/emcm.ufrn.br\/site\/wp-content\/uploads\/2026\/01\/Informe-Programa-de-Residencia-Medica-em-Medicina-de-Familia-e-Comunidade-R3-768x960.jpeg 768w, https:\/\/emcm.ufrn.br\/site\/wp-content\/uploads\/2026\/01\/Informe-Programa-de-Residencia-Medica-em-Medicina-de-Familia-e-Comunidade-R3.jpeg 1080w\" sizes=\"(max-width: 240px) 100vw, 240px\" \/>\n            <\/div>\n        <\/div><div class=\"eael-entry-wrapper\"><header class=\"eael-entry-header\"><h2 class=\"eael-entry-title\"><a class=\"eael-grid-post-link\" href=\"https:\/\/emcm.ufrn.br\/site\/2026\/01\/19\/programa-de-residencia-medica-em-medicina-de-familia-e-comunidade-r3\/\" title=\"Programa de Resid\u00eancia M\u00e9dica em Medicina de Fam\u00edlia e Comunidade (R3)\">Programa de Resid\u00eancia M\u00e9dica em Medicina de Fam\u00edlia e Comunidade (R3)<\/a><\/h2><\/header><div class=\"eael-entry-content\">\n                        <div class=\"eael-grid-post-excerpt\"><p>Prezados Candidatos, A Comiss\u00e3o do processo seletivo do R3 em...<\/p><a href=\"https:\/\/emcm.ufrn.br\/site\/2026\/01\/19\/programa-de-residencia-medica-em-medicina-de-familia-e-comunidade-r3\/\" class=\"eael-post-elements-readmore-btn\">Leia mais<\/a><\/div>\n                    <\/div><div class=\"eael-entry-footer\"><div class=\"eael-author-avatar\"><a href=\"https:\/\/emcm.ufrn.br\/site\/author\/dti\/\"><img alt='dti' src='https:\/\/secure.gravatar.com\/avatar\/d5365731fba6112fa441cff4ce23ecabbceff030d20ce45ce0dd0b42d6782782?s=96&#038;d=mm&#038;r=g' srcset='https:\/\/secure.gravatar.com\/avatar\/d5365731fba6112fa441cff4ce23ecabbceff030d20ce45ce0dd0b42d6782782?s=192&#038;d=mm&#038;r=g 2x' class='avatar avatar-96 photo' height='96' width='96' \/><\/a><\/div><div class=\"eael-entry-meta\"><span class=\"eael-posted-by\"><a href=\"https:\/\/emcm.ufrn.br\/site\/author\/dti\/\" title=\"Posts de dti\" rel=\"author\">dti<\/a><\/span><span class=\"eael-posted-on\"><time datetime=\"\"><\/time><\/span><\/div><\/div><\/div><\/div>\n        <\/div>\n    <\/article><article class=\"eael-grid-post  eael-post-grid-column eael-pg-post-5488 category-destaque-edital-edital-externo-residencia\" data-id=\"5488\">\n        <div class=\"eael-grid-post-holder\">\n            <div class=\"eael-grid-post-holder-inner\"><div class=\"eael-entry-media\"><div class=\"eael-entry-overlay fade-in\"><i class=\"fas fa-long-arrow-alt-right\" aria-hidden=\"true\"><\/i><a href=\"https:\/\/emcm.ufrn.br\/site\/2026\/01\/06\/edital-01-2025\/\"><\/a><\/div><div class=\"eael-entry-thumbnail \">\n                <img loading=\"lazy\" decoding=\"async\" width=\"300\" height=\"300\" src=\"https:\/\/emcm.ufrn.br\/site\/wp-content\/uploads\/2026\/01\/Edital-01-2025-300x300.png\" class=\"attachment-medium size-medium wp-image-5489\" alt=\"\" srcset=\"https:\/\/emcm.ufrn.br\/site\/wp-content\/uploads\/2026\/01\/Edital-01-2025-300x300.png 300w, https:\/\/emcm.ufrn.br\/site\/wp-content\/uploads\/2026\/01\/Edital-01-2025-150x150.png 150w, https:\/\/emcm.ufrn.br\/site\/wp-content\/uploads\/2026\/01\/Edital-01-2025-768x768.png 768w, https:\/\/emcm.ufrn.br\/site\/wp-content\/uploads\/2026\/01\/Edital-01-2025.png 1024w\" sizes=\"(max-width: 300px) 100vw, 300px\" \/>\n            <\/div>\n        <\/div><div class=\"eael-entry-wrapper\"><header class=\"eael-entry-header\"><h2 class=\"eael-entry-title\"><a class=\"eael-grid-post-link\" href=\"https:\/\/emcm.ufrn.br\/site\/2026\/01\/06\/edital-01-2025\/\" title=\"EMCM abre inscri\u00e7\u00f5es para Resid\u00eancia M\u00e9dica (R3) em Medicina de Fam\u00edlia e Comunidade\">EMCM abre inscri\u00e7\u00f5es para Resid\u00eancia M\u00e9dica (R3) em Medicina de Fam\u00edlia e Comunidade<\/a><\/h2><\/header><div class=\"eael-entry-content\">\n                        <div class=\"eael-grid-post-excerpt\"><p>EMCM abre inscri\u00e7\u00f5es para Resid\u00eancia M\u00e9dica (R3) em Medicina de...<\/p><a href=\"https:\/\/emcm.ufrn.br\/site\/2026\/01\/06\/edital-01-2025\/\" class=\"eael-post-elements-readmore-btn\">Leia mais<\/a><\/div>\n                    <\/div><div class=\"eael-entry-footer\"><div class=\"eael-author-avatar\"><a href=\"https:\/\/emcm.ufrn.br\/site\/author\/dti\/\"><img alt='dti' src='https:\/\/secure.gravatar.com\/avatar\/d5365731fba6112fa441cff4ce23ecabbceff030d20ce45ce0dd0b42d6782782?s=96&#038;d=mm&#038;r=g' srcset='https:\/\/secure.gravatar.com\/avatar\/d5365731fba6112fa441cff4ce23ecabbceff030d20ce45ce0dd0b42d6782782?s=192&#038;d=mm&#038;r=g 2x' class='avatar avatar-96 photo' height='96' width='96' \/><\/a><\/div><div class=\"eael-entry-meta\"><span class=\"eael-posted-by\"><a href=\"https:\/\/emcm.ufrn.br\/site\/author\/dti\/\" title=\"Posts de dti\" rel=\"author\">dti<\/a><\/span><span class=\"eael-posted-on\"><time datetime=\"\"><\/time><\/span><\/div><\/div><\/div><\/div>\n        <\/div>\n    <\/article><article class=\"eael-grid-post  eael-post-grid-column eael-pg-post-5473 category-destaque\" data-id=\"5473\">\n        <div class=\"eael-grid-post-holder\">\n            <div class=\"eael-grid-post-holder-inner\"><div class=\"eael-entry-media\"><div class=\"eael-entry-overlay fade-in\"><i class=\"fas fa-long-arrow-alt-right\" aria-hidden=\"true\"><\/i><a href=\"https:\/\/emcm.ufrn.br\/site\/2025\/12\/23\/edital-160-2025\/\"><\/a><\/div><div class=\"eael-entry-thumbnail \">\n                <img loading=\"lazy\" decoding=\"async\" width=\"300\" height=\"300\" src=\"https:\/\/emcm.ufrn.br\/site\/wp-content\/uploads\/2025\/12\/edital-160-2025-300x300.png\" class=\"attachment-medium size-medium wp-image-5478\" alt=\"\" srcset=\"https:\/\/emcm.ufrn.br\/site\/wp-content\/uploads\/2025\/12\/edital-160-2025-300x300.png 300w, https:\/\/emcm.ufrn.br\/site\/wp-content\/uploads\/2025\/12\/edital-160-2025-150x150.png 150w, https:\/\/emcm.ufrn.br\/site\/wp-content\/uploads\/2025\/12\/edital-160-2025-768x768.png 768w, https:\/\/emcm.ufrn.br\/site\/wp-content\/uploads\/2025\/12\/edital-160-2025.png 1024w\" sizes=\"(max-width: 300px) 100vw, 300px\" \/>\n            <\/div>\n        <\/div><div class=\"eael-entry-wrapper\"><header class=\"eael-entry-header\"><h2 class=\"eael-entry-title\"><a class=\"eael-grid-post-link\" href=\"https:\/\/emcm.ufrn.br\/site\/2025\/12\/23\/edital-160-2025\/\" title=\"Edital 160\/2025\">Edital 160\/2025<\/a><\/h2><\/header><div class=\"eael-entry-content\">\n                        <div class=\"eael-grid-post-excerpt\"><p>EMCM\/UFRN publica novo edital para sele\u00e7\u00e3o de professores substitutos A...<\/p><a href=\"https:\/\/emcm.ufrn.br\/site\/2025\/12\/23\/edital-160-2025\/\" class=\"eael-post-elements-readmore-btn\">Leia mais<\/a><\/div>\n                    <\/div><div class=\"eael-entry-footer\"><div class=\"eael-author-avatar\"><a href=\"https:\/\/emcm.ufrn.br\/site\/author\/dti\/\"><img alt='dti' src='https:\/\/secure.gravatar.com\/avatar\/d5365731fba6112fa441cff4ce23ecabbceff030d20ce45ce0dd0b42d6782782?s=96&#038;d=mm&#038;r=g' srcset='https:\/\/secure.gravatar.com\/avatar\/d5365731fba6112fa441cff4ce23ecabbceff030d20ce45ce0dd0b42d6782782?s=192&#038;d=mm&#038;r=g 2x' class='avatar avatar-96 photo' height='96' width='96' \/><\/a><\/div><div class=\"eael-entry-meta\"><span class=\"eael-posted-by\"><a href=\"https:\/\/emcm.ufrn.br\/site\/author\/dti\/\" title=\"Posts de dti\" rel=\"author\">dti<\/a><\/span><span class=\"eael-posted-on\"><time datetime=\"\"><\/time><\/span><\/div><\/div><\/div><\/div>\n        <\/div>\n    <\/article><article class=\"eael-grid-post  eael-post-grid-column eael-pg-post-5453 category-destaque\" data-id=\"5453\">\n        <div class=\"eael-grid-post-holder\">\n            <div class=\"eael-grid-post-holder-inner\"><div class=\"eael-entry-media\"><div class=\"eael-entry-overlay fade-in\"><i class=\"fas fa-long-arrow-alt-right\" aria-hidden=\"true\"><\/i><a href=\"https:\/\/emcm.ufrn.br\/site\/2025\/12\/03\/5453\/\"><\/a><\/div><div class=\"eael-entry-thumbnail \">\n                <img loading=\"lazy\" decoding=\"async\" width=\"240\" height=\"300\" src=\"https:\/\/emcm.ufrn.br\/site\/wp-content\/uploads\/2026\/01\/emcm-logo-estendida-240x300.png\" class=\"attachment-medium size-medium wp-image-5483\" alt=\"\" srcset=\"https:\/\/emcm.ufrn.br\/site\/wp-content\/uploads\/2026\/01\/emcm-logo-estendida-240x300.png 240w, https:\/\/emcm.ufrn.br\/site\/wp-content\/uploads\/2026\/01\/emcm-logo-estendida-819x1024.png 819w, https:\/\/emcm.ufrn.br\/site\/wp-content\/uploads\/2026\/01\/emcm-logo-estendida-768x960.png 768w, https:\/\/emcm.ufrn.br\/site\/wp-content\/uploads\/2026\/01\/emcm-logo-estendida.png 1080w\" sizes=\"(max-width: 240px) 100vw, 240px\" \/>\n            <\/div>\n        <\/div><div class=\"eael-entry-wrapper\"><header class=\"eael-entry-header\"><h2 class=\"eael-entry-title\"><a class=\"eael-grid-post-link\" href=\"https:\/\/emcm.ufrn.br\/site\/2025\/12\/03\/5453\/\" title=\"Defesas P\u00fablicas de Trabalhos de Conclus\u00e3o de Resid\u00eancia (TCR)\">Defesas P\u00fablicas de Trabalhos de Conclus\u00e3o de Resid\u00eancia (TCR)<\/a><\/h2><\/header><div class=\"eael-entry-content\">\n                        <div class=\"eael-grid-post-excerpt\"><p>Programa\u00e7\u00e3o Completa: Contribui\u00e7\u00f5es e Inova\u00e7\u00f5es na Sa\u00fade P\u00fablica e Cl\u00ednica...<\/p><a href=\"https:\/\/emcm.ufrn.br\/site\/2025\/12\/03\/5453\/\" class=\"eael-post-elements-readmore-btn\">Leia mais<\/a><\/div>\n                    <\/div><div class=\"eael-entry-footer\"><div class=\"eael-author-avatar\"><a href=\"https:\/\/emcm.ufrn.br\/site\/author\/dti\/\"><img alt='dti' src='https:\/\/secure.gravatar.com\/avatar\/d5365731fba6112fa441cff4ce23ecabbceff030d20ce45ce0dd0b42d6782782?s=96&#038;d=mm&#038;r=g' srcset='https:\/\/secure.gravatar.com\/avatar\/d5365731fba6112fa441cff4ce23ecabbceff030d20ce45ce0dd0b42d6782782?s=192&#038;d=mm&#038;r=g 2x' class='avatar avatar-96 photo' height='96' width='96' \/><\/a><\/div><div class=\"eael-entry-meta\"><span class=\"eael-posted-by\"><a href=\"https:\/\/emcm.ufrn.br\/site\/author\/dti\/\" title=\"Posts de dti\" rel=\"author\">dti<\/a><\/span><span class=\"eael-posted-on\"><time datetime=\"\"><\/time><\/span><\/div><\/div><\/div><\/div>\n        <\/div>\n    <\/article><article class=\"eael-grid-post  eael-post-grid-column eael-pg-post-5424 category-destaque\" data-id=\"5424\">\n        <div class=\"eael-grid-post-holder\">\n            <div class=\"eael-grid-post-holder-inner\"><div class=\"eael-entry-media\"><div class=\"eael-entry-overlay fade-in\"><i class=\"fas fa-long-arrow-alt-right\" aria-hidden=\"true\"><\/i><a href=\"https:\/\/emcm.ufrn.br\/site\/2025\/11\/03\/bancas-de-qualificacao-tcr\/\"><\/a><\/div><div class=\"eael-entry-thumbnail \">\n                <img loading=\"lazy\" decoding=\"async\" width=\"220\" height=\"300\" src=\"https:\/\/emcm.ufrn.br\/site\/wp-content\/uploads\/2025\/11\/EMCM-UFRN-VERTICAL-220x300.png\" class=\"attachment-medium size-medium wp-image-5439\" alt=\"\" srcset=\"https:\/\/emcm.ufrn.br\/site\/wp-content\/uploads\/2025\/11\/EMCM-UFRN-VERTICAL-220x300.png 220w, https:\/\/emcm.ufrn.br\/site\/wp-content\/uploads\/2025\/11\/EMCM-UFRN-VERTICAL.png 684w\" sizes=\"(max-width: 220px) 100vw, 220px\" \/>\n            <\/div>\n        <\/div><div class=\"eael-entry-wrapper\"><header class=\"eael-entry-header\"><h2 class=\"eael-entry-title\"><a class=\"eael-grid-post-link\" href=\"https:\/\/emcm.ufrn.br\/site\/2025\/11\/03\/bancas-de-qualificacao-tcr\/\" title=\"Bancas de qualifica\u00e7\u00e3o TCR\">Bancas de qualifica\u00e7\u00e3o TCR<\/a><\/h2><\/header><div class=\"eael-entry-content\">\n                        <div class=\"eael-grid-post-excerpt\"><p>Bancas qualifica\u00e7\u00e3o TCR A Escola Multicampi de Ci\u00eancias M\u00e9dicas do...<\/p><a href=\"https:\/\/emcm.ufrn.br\/site\/2025\/11\/03\/bancas-de-qualificacao-tcr\/\" class=\"eael-post-elements-readmore-btn\">Leia mais<\/a><\/div>\n                    <\/div><div class=\"eael-entry-footer\"><div class=\"eael-author-avatar\"><a href=\"https:\/\/emcm.ufrn.br\/site\/author\/dti\/\"><img alt='dti' src='https:\/\/secure.gravatar.com\/avatar\/d5365731fba6112fa441cff4ce23ecabbceff030d20ce45ce0dd0b42d6782782?s=96&#038;d=mm&#038;r=g' srcset='https:\/\/secure.gravatar.com\/avatar\/d5365731fba6112fa441cff4ce23ecabbceff030d20ce45ce0dd0b42d6782782?s=192&#038;d=mm&#038;r=g 2x' class='avatar avatar-96 photo' height='96' width='96' \/><\/a><\/div><div class=\"eael-entry-meta\"><span class=\"eael-posted-by\"><a href=\"https:\/\/emcm.ufrn.br\/site\/author\/dti\/\" title=\"Posts de dti\" rel=\"author\">dti<\/a><\/span><span class=\"eael-posted-on\"><time datetime=\"\"><\/time><\/span><\/div><\/div><\/div><\/div>\n        <\/div>\n    <\/article><article class=\"eael-grid-post  eael-post-grid-column eael-pg-post-5401 category-destaque\" data-id=\"5401\">\n        <div class=\"eael-grid-post-holder\">\n            <div class=\"eael-grid-post-holder-inner\"><div class=\"eael-entry-media\"><div class=\"eael-entry-overlay fade-in\"><i class=\"fas fa-long-arrow-alt-right\" aria-hidden=\"true\"><\/i><a href=\"https:\/\/emcm.ufrn.br\/site\/2025\/10\/06\/convite-cerimonia-projeto-sertao-cuidado\/\"><\/a><\/div><div class=\"eael-entry-thumbnail \">\n                <img loading=\"lazy\" decoding=\"async\" width=\"300\" height=\"300\" src=\"https:\/\/emcm.ufrn.br\/site\/wp-content\/uploads\/2025\/10\/Convite-sertaocuidado-300x300.png\" class=\"attachment-medium size-medium wp-image-5407\" alt=\"\" srcset=\"https:\/\/emcm.ufrn.br\/site\/wp-content\/uploads\/2025\/10\/Convite-sertaocuidado-300x300.png 300w, https:\/\/emcm.ufrn.br\/site\/wp-content\/uploads\/2025\/10\/Convite-sertaocuidado-150x150.png 150w, https:\/\/emcm.ufrn.br\/site\/wp-content\/uploads\/2025\/10\/Convite-sertaocuidado-768x768.png 768w, https:\/\/emcm.ufrn.br\/site\/wp-content\/uploads\/2025\/10\/Convite-sertaocuidado.png 1024w\" sizes=\"(max-width: 300px) 100vw, 300px\" \/>\n            <\/div>\n        <\/div><div class=\"eael-entry-wrapper\"><header class=\"eael-entry-header\"><h2 class=\"eael-entry-title\"><a class=\"eael-grid-post-link\" href=\"https:\/\/emcm.ufrn.br\/site\/2025\/10\/06\/convite-cerimonia-projeto-sertao-cuidado\/\" title=\"Convite Cerim\u00f4nia Projeto Sert\u00e3o + Cuidado\">Convite Cerim\u00f4nia Projeto Sert\u00e3o + Cuidado<\/a><\/h2><\/header><div class=\"eael-entry-content\">\n                        <div class=\"eael-grid-post-excerpt\"><p>EMCM realiza Cerim\u00f4nia de Ades\u00e3o Municipal ao Projeto Sert\u00e3o +...<\/p><a href=\"https:\/\/emcm.ufrn.br\/site\/2025\/10\/06\/convite-cerimonia-projeto-sertao-cuidado\/\" class=\"eael-post-elements-readmore-btn\">Leia mais<\/a><\/div>\n                    <\/div><div class=\"eael-entry-footer\"><div class=\"eael-author-avatar\"><a href=\"https:\/\/emcm.ufrn.br\/site\/author\/dti\/\"><img alt='dti' src='https:\/\/secure.gravatar.com\/avatar\/d5365731fba6112fa441cff4ce23ecabbceff030d20ce45ce0dd0b42d6782782?s=96&#038;d=mm&#038;r=g' srcset='https:\/\/secure.gravatar.com\/avatar\/d5365731fba6112fa441cff4ce23ecabbceff030d20ce45ce0dd0b42d6782782?s=192&#038;d=mm&#038;r=g 2x' class='avatar avatar-96 photo' height='96' width='96' \/><\/a><\/div><div class=\"eael-entry-meta\"><span class=\"eael-posted-by\"><a href=\"https:\/\/emcm.ufrn.br\/site\/author\/dti\/\" title=\"Posts de dti\" rel=\"author\">dti<\/a><\/span><span class=\"eael-posted-on\"><time datetime=\"\"><\/time><\/span><\/div><\/div><\/div><\/div>\n        <\/div>\n    <\/article><article class=\"eael-grid-post  eael-post-grid-column eael-pg-post-5381 category-destaque\" data-id=\"5381\">\n        <div class=\"eael-grid-post-holder\">\n            <div class=\"eael-grid-post-holder-inner\"><div class=\"eael-entry-media\"><div class=\"eael-entry-overlay fade-in\"><i class=\"fas fa-long-arrow-alt-right\" aria-hidden=\"true\"><\/i><a href=\"https:\/\/emcm.ufrn.br\/site\/2025\/09\/18\/edital-10-2025\/\"><\/a><\/div><div class=\"eael-entry-thumbnail \">\n                <img loading=\"lazy\" decoding=\"async\" width=\"300\" height=\"300\" src=\"https:\/\/emcm.ufrn.br\/site\/wp-content\/uploads\/2025\/09\/Eleicao-300x300.png\" class=\"attachment-medium size-medium wp-image-5386\" alt=\"\" srcset=\"https:\/\/emcm.ufrn.br\/site\/wp-content\/uploads\/2025\/09\/Eleicao-300x300.png 300w, https:\/\/emcm.ufrn.br\/site\/wp-content\/uploads\/2025\/09\/Eleicao-150x150.png 150w, https:\/\/emcm.ufrn.br\/site\/wp-content\/uploads\/2025\/09\/Eleicao-768x768.png 768w, https:\/\/emcm.ufrn.br\/site\/wp-content\/uploads\/2025\/09\/Eleicao.png 1024w\" sizes=\"(max-width: 300px) 100vw, 300px\" \/>\n            <\/div>\n        <\/div><div class=\"eael-entry-wrapper\"><header class=\"eael-entry-header\"><h2 class=\"eael-entry-title\"><a class=\"eael-grid-post-link\" href=\"https:\/\/emcm.ufrn.br\/site\/2025\/09\/18\/edital-10-2025\/\" title=\"Edital 10\/2025\">Edital 10\/2025<\/a><\/h2><\/header><div class=\"eael-entry-content\">\n                        <div class=\"eael-grid-post-excerpt\"><p>EMCM divulga Edital para Elei\u00e7\u00e3o da Coordena\u00e7\u00e3o do PPGETIM A...<\/p><a href=\"https:\/\/emcm.ufrn.br\/site\/2025\/09\/18\/edital-10-2025\/\" class=\"eael-post-elements-readmore-btn\">Leia mais<\/a><\/div>\n                    <\/div><div class=\"eael-entry-footer\"><div class=\"eael-author-avatar\"><a href=\"https:\/\/emcm.ufrn.br\/site\/author\/dti\/\"><img alt='dti' src='https:\/\/secure.gravatar.com\/avatar\/d5365731fba6112fa441cff4ce23ecabbceff030d20ce45ce0dd0b42d6782782?s=96&#038;d=mm&#038;r=g' srcset='https:\/\/secure.gravatar.com\/avatar\/d5365731fba6112fa441cff4ce23ecabbceff030d20ce45ce0dd0b42d6782782?s=192&#038;d=mm&#038;r=g 2x' class='avatar avatar-96 photo' height='96' width='96' \/><\/a><\/div><div class=\"eael-entry-meta\"><span class=\"eael-posted-by\"><a href=\"https:\/\/emcm.ufrn.br\/site\/author\/dti\/\" title=\"Posts de dti\" rel=\"author\">dti<\/a><\/span><span class=\"eael-posted-on\"><time datetime=\"\"><\/time><\/span><\/div><\/div><\/div><\/div>\n        <\/div>\n    <\/article><article class=\"eael-grid-post  eael-post-grid-column eael-pg-post-5329 category-sem-categoria\" data-id=\"5329\">\n        <div class=\"eael-grid-post-holder\">\n            <div class=\"eael-grid-post-holder-inner\"><div class=\"eael-entry-media\"><div class=\"eael-entry-overlay fade-in\"><i class=\"fas fa-long-arrow-alt-right\" aria-hidden=\"true\"><\/i><a href=\"https:\/\/emcm.ufrn.br\/site\/2025\/09\/03\/doacao-de-frascos-para-o-banco-de-leite\/\"><\/a><\/div><div class=\"eael-entry-thumbnail \">\n                <img loading=\"lazy\" decoding=\"async\" width=\"300\" height=\"300\" src=\"https:\/\/emcm.ufrn.br\/site\/wp-content\/uploads\/2025\/09\/Edital-0912024-300x300.png\" class=\"attachment-medium size-medium wp-image-5333\" alt=\"\" srcset=\"https:\/\/emcm.ufrn.br\/site\/wp-content\/uploads\/2025\/09\/Edital-0912024-300x300.png 300w, https:\/\/emcm.ufrn.br\/site\/wp-content\/uploads\/2025\/09\/Edital-0912024-150x150.png 150w, https:\/\/emcm.ufrn.br\/site\/wp-content\/uploads\/2025\/09\/Edital-0912024-768x768.png 768w, https:\/\/emcm.ufrn.br\/site\/wp-content\/uploads\/2025\/09\/Edital-0912024.png 1024w\" sizes=\"(max-width: 300px) 100vw, 300px\" \/>\n            <\/div>\n        <\/div><div class=\"eael-entry-wrapper\"><header class=\"eael-entry-header\"><h2 class=\"eael-entry-title\"><a class=\"eael-grid-post-link\" href=\"https:\/\/emcm.ufrn.br\/site\/2025\/09\/03\/doacao-de-frascos-para-o-banco-de-leite\/\" title=\"Doa\u00e7\u00e3o de frascos para o Banco de Leite\">Doa\u00e7\u00e3o de frascos para o Banco de Leite<\/a><\/h2><\/header><div class=\"eael-entry-content\">\n                        <div class=\"eael-grid-post-excerpt\"><p>Campanha de doa\u00e7\u00e3o de frascos para o Banco de Leite...<\/p><a href=\"https:\/\/emcm.ufrn.br\/site\/2025\/09\/03\/doacao-de-frascos-para-o-banco-de-leite\/\" class=\"eael-post-elements-readmore-btn\">Leia mais<\/a><\/div>\n                    <\/div><div class=\"eael-entry-footer\"><div class=\"eael-author-avatar\"><a href=\"https:\/\/emcm.ufrn.br\/site\/author\/dti\/\"><img alt='dti' src='https:\/\/secure.gravatar.com\/avatar\/d5365731fba6112fa441cff4ce23ecabbceff030d20ce45ce0dd0b42d6782782?s=96&#038;d=mm&#038;r=g' srcset='https:\/\/secure.gravatar.com\/avatar\/d5365731fba6112fa441cff4ce23ecabbceff030d20ce45ce0dd0b42d6782782?s=192&#038;d=mm&#038;r=g 2x' class='avatar avatar-96 photo' height='96' width='96' \/><\/a><\/div><div class=\"eael-entry-meta\"><span class=\"eael-posted-by\"><a href=\"https:\/\/emcm.ufrn.br\/site\/author\/dti\/\" title=\"Posts de dti\" rel=\"author\">dti<\/a><\/span><span class=\"eael-posted-on\"><time datetime=\"\"><\/time><\/span><\/div><\/div><\/div><\/div>\n        <\/div>\n    <\/article><article class=\"eael-grid-post  eael-post-grid-column eael-pg-post-5241 category-sem-categoria\" data-id=\"5241\">\n        <div class=\"eael-grid-post-holder\">\n            <div class=\"eael-grid-post-holder-inner\"><div class=\"eael-entry-media\"><div class=\"eael-entry-overlay fade-in\"><i class=\"fas fa-long-arrow-alt-right\" aria-hidden=\"true\"><\/i><a href=\"https:\/\/emcm.ufrn.br\/site\/2025\/08\/25\/selecao-para-bolsista-pibic\/\"><\/a><\/div><div class=\"eael-entry-thumbnail \">\n                <img loading=\"lazy\" decoding=\"async\" width=\"300\" height=\"300\" src=\"https:\/\/emcm.ufrn.br\/site\/wp-content\/uploads\/2025\/08\/Selecao-de-Bolsista-PIBIC-300x300.png\" class=\"attachment-medium size-medium wp-image-5246\" alt=\"\" srcset=\"https:\/\/emcm.ufrn.br\/site\/wp-content\/uploads\/2025\/08\/Selecao-de-Bolsista-PIBIC-300x300.png 300w, https:\/\/emcm.ufrn.br\/site\/wp-content\/uploads\/2025\/08\/Selecao-de-Bolsista-PIBIC-1024x1024.png 1024w, https:\/\/emcm.ufrn.br\/site\/wp-content\/uploads\/2025\/08\/Selecao-de-Bolsista-PIBIC-150x150.png 150w, https:\/\/emcm.ufrn.br\/site\/wp-content\/uploads\/2025\/08\/Selecao-de-Bolsista-PIBIC-768x768.png 768w, https:\/\/emcm.ufrn.br\/site\/wp-content\/uploads\/2025\/08\/Selecao-de-Bolsista-PIBIC.png 1080w\" sizes=\"(max-width: 300px) 100vw, 300px\" \/>\n            <\/div>\n        <\/div><div class=\"eael-entry-wrapper\"><header class=\"eael-entry-header\"><h2 class=\"eael-entry-title\"><a class=\"eael-grid-post-link\" href=\"https:\/\/emcm.ufrn.br\/site\/2025\/08\/25\/selecao-para-bolsista-pibic\/\" title=\"Sele\u00e7\u00e3o para bolsista PIBIC\">Sele\u00e7\u00e3o para bolsista PIBIC<\/a><\/h2><\/header><div class=\"eael-entry-content\">\n                        <div class=\"eael-grid-post-excerpt\"><p>EMCM abre sele\u00e7\u00e3o para bolsista PIBIC em projeto sobre sa\u00fade...<\/p><a href=\"https:\/\/emcm.ufrn.br\/site\/2025\/08\/25\/selecao-para-bolsista-pibic\/\" class=\"eael-post-elements-readmore-btn\">Leia mais<\/a><\/div>\n                    <\/div><div class=\"eael-entry-footer\"><div class=\"eael-author-avatar\"><a href=\"https:\/\/emcm.ufrn.br\/site\/author\/dti\/\"><img alt='dti' src='https:\/\/secure.gravatar.com\/avatar\/d5365731fba6112fa441cff4ce23ecabbceff030d20ce45ce0dd0b42d6782782?s=96&#038;d=mm&#038;r=g' srcset='https:\/\/secure.gravatar.com\/avatar\/d5365731fba6112fa441cff4ce23ecabbceff030d20ce45ce0dd0b42d6782782?s=192&#038;d=mm&#038;r=g 2x' class='avatar avatar-96 photo' height='96' width='96' \/><\/a><\/div><div class=\"eael-entry-meta\"><span class=\"eael-posted-by\"><a href=\"https:\/\/emcm.ufrn.br\/site\/author\/dti\/\" title=\"Posts de dti\" rel=\"author\">dti<\/a><\/span><span class=\"eael-posted-on\"><time datetime=\"\"><\/time><\/span><\/div><\/div><\/div><\/div>\n        <\/div>\n    <\/article><article class=\"eael-grid-post  eael-post-grid-column eael-pg-post-5222 category-sem-categoria\" data-id=\"5222\">\n        <div class=\"eael-grid-post-holder\">\n            <div class=\"eael-grid-post-holder-inner\"><div class=\"eael-entry-media\"><div class=\"eael-entry-overlay fade-in\"><i class=\"fas fa-long-arrow-alt-right\" aria-hidden=\"true\"><\/i><a href=\"https:\/\/emcm.ufrn.br\/site\/2025\/08\/15\/projeto-ser-tao-cuidado\/\"><\/a><\/div><div class=\"eael-entry-thumbnail \">\n                <img loading=\"lazy\" decoding=\"async\" width=\"300\" height=\"300\" src=\"https:\/\/emcm.ufrn.br\/site\/wp-content\/uploads\/2025\/08\/Projeto-edital-01_2025-300x300.png\" class=\"attachment-medium size-medium wp-image-5228\" alt=\"\" srcset=\"https:\/\/emcm.ufrn.br\/site\/wp-content\/uploads\/2025\/08\/Projeto-edital-01_2025-300x300.png 300w, https:\/\/emcm.ufrn.br\/site\/wp-content\/uploads\/2025\/08\/Projeto-edital-01_2025-150x150.png 150w, https:\/\/emcm.ufrn.br\/site\/wp-content\/uploads\/2025\/08\/Projeto-edital-01_2025-768x768.png 768w, https:\/\/emcm.ufrn.br\/site\/wp-content\/uploads\/2025\/08\/Projeto-edital-01_2025.png 1024w\" sizes=\"(max-width: 300px) 100vw, 300px\" \/>\n            <\/div>\n        <\/div><div class=\"eael-entry-wrapper\"><header class=\"eael-entry-header\"><h2 class=\"eael-entry-title\"><a class=\"eael-grid-post-link\" href=\"https:\/\/emcm.ufrn.br\/site\/2025\/08\/15\/projeto-ser-tao-cuidado\/\" title=\"Projeto: SER-T\u00c3O + CUIDADO\">Projeto: SER-T\u00c3O + CUIDADO<\/a><\/h2><\/header><div class=\"eael-entry-content\">\n                        <div class=\"eael-grid-post-excerpt\"><p>EMCM\/UFRN abre sele\u00e7\u00e3o para bolsistas de inicia\u00e7\u00e3o cient\u00edfica no projeto...<\/p><a href=\"https:\/\/emcm.ufrn.br\/site\/2025\/08\/15\/projeto-ser-tao-cuidado\/\" class=\"eael-post-elements-readmore-btn\">Leia mais<\/a><\/div>\n                    <\/div><div class=\"eael-entry-footer\"><div class=\"eael-author-avatar\"><a href=\"https:\/\/emcm.ufrn.br\/site\/author\/dti\/\"><img alt='dti' src='https:\/\/secure.gravatar.com\/avatar\/d5365731fba6112fa441cff4ce23ecabbceff030d20ce45ce0dd0b42d6782782?s=96&#038;d=mm&#038;r=g' srcset='https:\/\/secure.gravatar.com\/avatar\/d5365731fba6112fa441cff4ce23ecabbceff030d20ce45ce0dd0b42d6782782?s=192&#038;d=mm&#038;r=g 2x' class='avatar avatar-96 photo' height='96' width='96' \/><\/a><\/div><div class=\"eael-entry-meta\"><span class=\"eael-posted-by\"><a href=\"https:\/\/emcm.ufrn.br\/site\/author\/dti\/\" title=\"Posts de dti\" rel=\"author\">dti<\/a><\/span><span class=\"eael-posted-on\"><time datetime=\"\"><\/time><\/span><\/div><\/div><\/div><\/div>\n        <\/div>\n    <\/article><article class=\"eael-grid-post  eael-post-grid-column eael-pg-post-5209 category-sem-categoria\" data-id=\"5209\">\n        <div class=\"eael-grid-post-holder\">\n            <div class=\"eael-grid-post-holder-inner\"><div class=\"eael-entry-media\"><div class=\"eael-entry-overlay fade-in\"><i class=\"fas fa-long-arrow-alt-right\" aria-hidden=\"true\"><\/i><a href=\"https:\/\/emcm.ufrn.br\/site\/2025\/08\/07\/edital-110-2025\/\"><\/a><\/div><div class=\"eael-entry-thumbnail \">\n                <img loading=\"lazy\" decoding=\"async\" width=\"300\" height=\"300\" src=\"https:\/\/emcm.ufrn.br\/site\/wp-content\/uploads\/2025\/08\/Edital_110_2025-300x300.png\" class=\"attachment-medium size-medium wp-image-5217\" alt=\"\" srcset=\"https:\/\/emcm.ufrn.br\/site\/wp-content\/uploads\/2025\/08\/Edital_110_2025-300x300.png 300w, https:\/\/emcm.ufrn.br\/site\/wp-content\/uploads\/2025\/08\/Edital_110_2025-150x150.png 150w, https:\/\/emcm.ufrn.br\/site\/wp-content\/uploads\/2025\/08\/Edital_110_2025-768x768.png 768w, https:\/\/emcm.ufrn.br\/site\/wp-content\/uploads\/2025\/08\/Edital_110_2025.png 1024w\" sizes=\"(max-width: 300px) 100vw, 300px\" \/>\n            <\/div>\n        <\/div><div class=\"eael-entry-wrapper\"><header class=\"eael-entry-header\"><h2 class=\"eael-entry-title\"><a class=\"eael-grid-post-link\" href=\"https:\/\/emcm.ufrn.br\/site\/2025\/08\/07\/edital-110-2025\/\" title=\"Edital 110\/2025\">Edital 110\/2025<\/a><\/h2><\/header><div class=\"eael-entry-content\">\n                        <div class=\"eael-grid-post-excerpt\"><p>EMCM\/UFRN publica novo edital para sele\u00e7\u00e3o de professores substitutos A...<\/p><a href=\"https:\/\/emcm.ufrn.br\/site\/2025\/08\/07\/edital-110-2025\/\" class=\"eael-post-elements-readmore-btn\">Leia mais<\/a><\/div>\n                    <\/div><div class=\"eael-entry-footer\"><div class=\"eael-author-avatar\"><a href=\"https:\/\/emcm.ufrn.br\/site\/author\/dti\/\"><img alt='dti' src='https:\/\/secure.gravatar.com\/avatar\/d5365731fba6112fa441cff4ce23ecabbceff030d20ce45ce0dd0b42d6782782?s=96&#038;d=mm&#038;r=g' srcset='https:\/\/secure.gravatar.com\/avatar\/d5365731fba6112fa441cff4ce23ecabbceff030d20ce45ce0dd0b42d6782782?s=192&#038;d=mm&#038;r=g 2x' class='avatar avatar-96 photo' height='96' width='96' \/><\/a><\/div><div class=\"eael-entry-meta\"><span class=\"eael-posted-by\"><a href=\"https:\/\/emcm.ufrn.br\/site\/author\/dti\/\" title=\"Posts de dti\" rel=\"author\">dti<\/a><\/span><span class=\"eael-posted-on\"><time datetime=\"\"><\/time><\/span><\/div><\/div><\/div><\/div>\n        <\/div>\n    <\/article><article class=\"eael-grid-post  eael-post-grid-column eael-pg-post-4967 category-sem-categoria\" data-id=\"4967\">\n        <div class=\"eael-grid-post-holder\">\n            <div class=\"eael-grid-post-holder-inner\"><div class=\"eael-entry-media\"><div class=\"eael-entry-overlay fade-in\"><i class=\"fas fa-long-arrow-alt-right\" aria-hidden=\"true\"><\/i><a href=\"https:\/\/emcm.ufrn.br\/site\/2025\/07\/09\/edital-001-2025\/\"><\/a><\/div><div class=\"eael-entry-thumbnail \">\n                <img loading=\"lazy\" decoding=\"async\" width=\"300\" height=\"300\" src=\"https:\/\/emcm.ufrn.br\/site\/wp-content\/uploads\/2025\/07\/Edital-0012025-300x300.png\" class=\"attachment-medium size-medium wp-image-4972\" alt=\"\" srcset=\"https:\/\/emcm.ufrn.br\/site\/wp-content\/uploads\/2025\/07\/Edital-0012025-300x300.png 300w, https:\/\/emcm.ufrn.br\/site\/wp-content\/uploads\/2025\/07\/Edital-0012025-150x150.png 150w, https:\/\/emcm.ufrn.br\/site\/wp-content\/uploads\/2025\/07\/Edital-0012025-768x768.png 768w, https:\/\/emcm.ufrn.br\/site\/wp-content\/uploads\/2025\/07\/Edital-0012025.png 1024w\" sizes=\"(max-width: 300px) 100vw, 300px\" \/>\n            <\/div>\n        <\/div><div class=\"eael-entry-wrapper\"><header class=\"eael-entry-header\"><h2 class=\"eael-entry-title\"><a class=\"eael-grid-post-link\" href=\"https:\/\/emcm.ufrn.br\/site\/2025\/07\/09\/edital-001-2025\/\" title=\"Edital 001\/2025\">Edital 001\/2025<\/a><\/h2><\/header><div class=\"eael-entry-content\">\n                        <div class=\"eael-grid-post-excerpt\"><p>EMCM\/UFRN abre inscri\u00e7\u00f5es para Mestrado Profissional em Educa\u00e7\u00e3o, Trabalho e...<\/p><a href=\"https:\/\/emcm.ufrn.br\/site\/2025\/07\/09\/edital-001-2025\/\" class=\"eael-post-elements-readmore-btn\">Leia mais<\/a><\/div>\n                    <\/div><div class=\"eael-entry-footer\"><div class=\"eael-author-avatar\"><a href=\"https:\/\/emcm.ufrn.br\/site\/author\/dti\/\"><img alt='dti' src='https:\/\/secure.gravatar.com\/avatar\/d5365731fba6112fa441cff4ce23ecabbceff030d20ce45ce0dd0b42d6782782?s=96&#038;d=mm&#038;r=g' srcset='https:\/\/secure.gravatar.com\/avatar\/d5365731fba6112fa441cff4ce23ecabbceff030d20ce45ce0dd0b42d6782782?s=192&#038;d=mm&#038;r=g 2x' class='avatar avatar-96 photo' height='96' width='96' \/><\/a><\/div><div class=\"eael-entry-meta\"><span class=\"eael-posted-by\"><a href=\"https:\/\/emcm.ufrn.br\/site\/author\/dti\/\" title=\"Posts de dti\" rel=\"author\">dti<\/a><\/span><span class=\"eael-posted-on\"><time datetime=\"\"><\/time><\/span><\/div><\/div><\/div><\/div>\n        <\/div>\n    <\/article><article class=\"eael-grid-post  eael-post-grid-column eael-pg-post-4951 category-sem-categoria\" data-id=\"4951\">\n        <div class=\"eael-grid-post-holder\">\n            <div class=\"eael-grid-post-holder-inner\"><div class=\"eael-entry-media\"><div class=\"eael-entry-overlay fade-in\"><i class=\"fas fa-long-arrow-alt-right\" aria-hidden=\"true\"><\/i><a href=\"https:\/\/emcm.ufrn.br\/site\/2025\/06\/30\/edital-pet-saude\/\"><\/a><\/div><div class=\"eael-entry-thumbnail \">\n                <img loading=\"lazy\" decoding=\"async\" width=\"300\" height=\"300\" src=\"https:\/\/emcm.ufrn.br\/site\/wp-content\/uploads\/2025\/06\/Edital-Pet-saude-300x300.png\" class=\"attachment-medium size-medium wp-image-4956\" alt=\"\" srcset=\"https:\/\/emcm.ufrn.br\/site\/wp-content\/uploads\/2025\/06\/Edital-Pet-saude-300x300.png 300w, https:\/\/emcm.ufrn.br\/site\/wp-content\/uploads\/2025\/06\/Edital-Pet-saude-1024x1024.png 1024w, https:\/\/emcm.ufrn.br\/site\/wp-content\/uploads\/2025\/06\/Edital-Pet-saude-150x150.png 150w, https:\/\/emcm.ufrn.br\/site\/wp-content\/uploads\/2025\/06\/Edital-Pet-saude-768x768.png 768w, https:\/\/emcm.ufrn.br\/site\/wp-content\/uploads\/2025\/06\/Edital-Pet-saude.png 1080w\" sizes=\"(max-width: 300px) 100vw, 300px\" \/>\n            <\/div>\n        <\/div><div class=\"eael-entry-wrapper\"><header class=\"eael-entry-header\"><h2 class=\"eael-entry-title\"><a class=\"eael-grid-post-link\" href=\"https:\/\/emcm.ufrn.br\/site\/2025\/06\/30\/edital-pet-saude\/\" title=\"Edital PET-Sa\u00fade\">Edital PET-Sa\u00fade<\/a><\/h2><\/header><div class=\"eael-entry-content\">\n                        <div class=\"eael-grid-post-excerpt\"><p>Inscri\u00e7\u00f5es abertas para o programa PET-sa\u00fade 2025\/2027 A Universidade Federal...<\/p><a href=\"https:\/\/emcm.ufrn.br\/site\/2025\/06\/30\/edital-pet-saude\/\" class=\"eael-post-elements-readmore-btn\">Leia mais<\/a><\/div>\n                    <\/div><div class=\"eael-entry-footer\"><div class=\"eael-author-avatar\"><a href=\"https:\/\/emcm.ufrn.br\/site\/author\/dti\/\"><img alt='dti' src='https:\/\/secure.gravatar.com\/avatar\/d5365731fba6112fa441cff4ce23ecabbceff030d20ce45ce0dd0b42d6782782?s=96&#038;d=mm&#038;r=g' srcset='https:\/\/secure.gravatar.com\/avatar\/d5365731fba6112fa441cff4ce23ecabbceff030d20ce45ce0dd0b42d6782782?s=192&#038;d=mm&#038;r=g 2x' class='avatar avatar-96 photo' height='96' width='96' \/><\/a><\/div><div class=\"eael-entry-meta\"><span class=\"eael-posted-by\"><a href=\"https:\/\/emcm.ufrn.br\/site\/author\/dti\/\" title=\"Posts de dti\" rel=\"author\">dti<\/a><\/span><span class=\"eael-posted-on\"><time datetime=\"\"><\/time><\/span><\/div><\/div><\/div><\/div>\n        <\/div>\n    <\/article><article class=\"eael-grid-post  eael-post-grid-column eael-pg-post-4943 category-sem-categoria\" data-id=\"4943\">\n        <div class=\"eael-grid-post-holder\">\n            <div class=\"eael-grid-post-holder-inner\"><div class=\"eael-entry-media\"><div class=\"eael-entry-overlay fade-in\"><i class=\"fas fa-long-arrow-alt-right\" aria-hidden=\"true\"><\/i><a href=\"https:\/\/emcm.ufrn.br\/site\/2025\/05\/30\/edital-77-2025\/\"><\/a><\/div><div class=\"eael-entry-thumbnail \">\n                <img loading=\"lazy\" decoding=\"async\" width=\"300\" height=\"300\" src=\"https:\/\/emcm.ufrn.br\/site\/wp-content\/uploads\/2025\/05\/Edital-77_2025-300x300.jpg\" class=\"attachment-medium size-medium wp-image-4948\" alt=\"\" srcset=\"https:\/\/emcm.ufrn.br\/site\/wp-content\/uploads\/2025\/05\/Edital-77_2025-300x300.jpg 300w, https:\/\/emcm.ufrn.br\/site\/wp-content\/uploads\/2025\/05\/Edital-77_2025-150x150.jpg 150w, https:\/\/emcm.ufrn.br\/site\/wp-content\/uploads\/2025\/05\/Edital-77_2025-768x768.jpg 768w, https:\/\/emcm.ufrn.br\/site\/wp-content\/uploads\/2025\/05\/Edital-77_2025.jpg 1024w\" sizes=\"(max-width: 300px) 100vw, 300px\" \/>\n            <\/div>\n        <\/div><div class=\"eael-entry-wrapper\"><header class=\"eael-entry-header\"><h2 class=\"eael-entry-title\"><a class=\"eael-grid-post-link\" href=\"https:\/\/emcm.ufrn.br\/site\/2025\/05\/30\/edital-77-2025\/\" title=\"Edital 77\/2025\">Edital 77\/2025<\/a><\/h2><\/header><div class=\"eael-entry-content\">\n                        <div class=\"eael-grid-post-excerpt\"><p>Processo Seletivo Simplificado para Professor Substituto\/tempor\u00e1rio Emcm abre processo seletivo...<\/p><a href=\"https:\/\/emcm.ufrn.br\/site\/2025\/05\/30\/edital-77-2025\/\" class=\"eael-post-elements-readmore-btn\">Leia mais<\/a><\/div>\n                    <\/div><div class=\"eael-entry-footer\"><div class=\"eael-author-avatar\"><a href=\"https:\/\/emcm.ufrn.br\/site\/author\/dti\/\"><img alt='dti' src='https:\/\/secure.gravatar.com\/avatar\/d5365731fba6112fa441cff4ce23ecabbceff030d20ce45ce0dd0b42d6782782?s=96&#038;d=mm&#038;r=g' srcset='https:\/\/secure.gravatar.com\/avatar\/d5365731fba6112fa441cff4ce23ecabbceff030d20ce45ce0dd0b42d6782782?s=192&#038;d=mm&#038;r=g 2x' class='avatar avatar-96 photo' height='96' width='96' \/><\/a><\/div><div class=\"eael-entry-meta\"><span class=\"eael-posted-by\"><a href=\"https:\/\/emcm.ufrn.br\/site\/author\/dti\/\" title=\"Posts de dti\" rel=\"author\">dti<\/a><\/span><span class=\"eael-posted-on\"><time datetime=\"\"><\/time><\/span><\/div><\/div><\/div><\/div>\n        <\/div>\n    <\/article><article class=\"eael-grid-post  eael-post-grid-column eael-pg-post-4868 category-sem-categoria\" data-id=\"4868\">\n        <div class=\"eael-grid-post-holder\">\n            <div class=\"eael-grid-post-holder-inner\"><div class=\"eael-entry-media\"><div class=\"eael-entry-overlay fade-in\"><i class=\"fas fa-long-arrow-alt-right\" aria-hidden=\"true\"><\/i><a href=\"https:\/\/emcm.ufrn.br\/site\/2025\/05\/19\/alunos-do-iern-visitam-a-emcm\/\"><\/a><\/div><div class=\"eael-entry-thumbnail \">\n                <img loading=\"lazy\" decoding=\"async\" width=\"300\" height=\"300\" src=\"https:\/\/emcm.ufrn.br\/site\/wp-content\/uploads\/2025\/05\/Edital-0912024-1-300x300.jpg\" class=\"attachment-medium size-medium wp-image-4896\" alt=\"\" srcset=\"https:\/\/emcm.ufrn.br\/site\/wp-content\/uploads\/2025\/05\/Edital-0912024-1-300x300.jpg 300w, https:\/\/emcm.ufrn.br\/site\/wp-content\/uploads\/2025\/05\/Edital-0912024-1-150x150.jpg 150w, https:\/\/emcm.ufrn.br\/site\/wp-content\/uploads\/2025\/05\/Edital-0912024-1-768x768.jpg 768w, https:\/\/emcm.ufrn.br\/site\/wp-content\/uploads\/2025\/05\/Edital-0912024-1.jpg 1024w\" sizes=\"(max-width: 300px) 100vw, 300px\" \/>\n            <\/div>\n        <\/div><div class=\"eael-entry-wrapper\"><header class=\"eael-entry-header\"><h2 class=\"eael-entry-title\"><a class=\"eael-grid-post-link\" href=\"https:\/\/emcm.ufrn.br\/site\/2025\/05\/19\/alunos-do-iern-visitam-a-emcm\/\" title=\"Alunos do IERN visitam a EMCM\">Alunos do IERN visitam a EMCM<\/a><\/h2><\/header><div class=\"eael-entry-content\">\n                        <div class=\"eael-grid-post-excerpt\"><p>Estudantes do IERN de Jardim de Piranhas, visitam instala\u00e7\u00f5es da...<\/p><a href=\"https:\/\/emcm.ufrn.br\/site\/2025\/05\/19\/alunos-do-iern-visitam-a-emcm\/\" class=\"eael-post-elements-readmore-btn\">Leia mais<\/a><\/div>\n                    <\/div><div class=\"eael-entry-footer\"><div class=\"eael-author-avatar\"><a href=\"https:\/\/emcm.ufrn.br\/site\/author\/dti\/\"><img alt='dti' src='https:\/\/secure.gravatar.com\/avatar\/d5365731fba6112fa441cff4ce23ecabbceff030d20ce45ce0dd0b42d6782782?s=96&#038;d=mm&#038;r=g' srcset='https:\/\/secure.gravatar.com\/avatar\/d5365731fba6112fa441cff4ce23ecabbceff030d20ce45ce0dd0b42d6782782?s=192&#038;d=mm&#038;r=g 2x' class='avatar avatar-96 photo' height='96' width='96' \/><\/a><\/div><div class=\"eael-entry-meta\"><span class=\"eael-posted-by\"><a href=\"https:\/\/emcm.ufrn.br\/site\/author\/dti\/\" title=\"Posts de dti\" rel=\"author\">dti<\/a><\/span><span class=\"eael-posted-on\"><time datetime=\"\"><\/time><\/span><\/div><\/div><\/div><\/div>\n        <\/div>\n    <\/article><article class=\"eael-grid-post  eael-post-grid-column eael-pg-post-4756 category-sem-categoria\" data-id=\"4756\">\n        <div class=\"eael-grid-post-holder\">\n            <div class=\"eael-grid-post-holder-inner\"><div class=\"eael-entry-media\"><div class=\"eael-entry-overlay fade-in\"><i class=\"fas fa-long-arrow-alt-right\" aria-hidden=\"true\"><\/i><a href=\"https:\/\/emcm.ufrn.br\/site\/2025\/05\/14\/edital-070-2025\/\"><\/a><\/div><div class=\"eael-entry-thumbnail \">\n                <img loading=\"lazy\" decoding=\"async\" width=\"300\" height=\"300\" src=\"https:\/\/emcm.ufrn.br\/site\/wp-content\/uploads\/2025\/05\/Edital-070_2025-300x300.jpg\" class=\"attachment-medium size-medium wp-image-4761\" alt=\"\" srcset=\"https:\/\/emcm.ufrn.br\/site\/wp-content\/uploads\/2025\/05\/Edital-070_2025-300x300.jpg 300w, https:\/\/emcm.ufrn.br\/site\/wp-content\/uploads\/2025\/05\/Edital-070_2025-150x150.jpg 150w, https:\/\/emcm.ufrn.br\/site\/wp-content\/uploads\/2025\/05\/Edital-070_2025-768x768.jpg 768w, https:\/\/emcm.ufrn.br\/site\/wp-content\/uploads\/2025\/05\/Edital-070_2025.jpg 1024w\" sizes=\"(max-width: 300px) 100vw, 300px\" \/>\n            <\/div>\n        <\/div><div class=\"eael-entry-wrapper\"><header class=\"eael-entry-header\"><h2 class=\"eael-entry-title\"><a class=\"eael-grid-post-link\" href=\"https:\/\/emcm.ufrn.br\/site\/2025\/05\/14\/edital-070-2025\/\" title=\"Edital 070\/2025\">Edital 070\/2025<\/a><\/h2><\/header><div class=\"eael-entry-content\">\n                        <div class=\"eael-grid-post-excerpt\"><p>Concurso p\u00fablico de provas e t\u00edtulos para o provimento de...<\/p><a href=\"https:\/\/emcm.ufrn.br\/site\/2025\/05\/14\/edital-070-2025\/\" class=\"eael-post-elements-readmore-btn\">Leia mais<\/a><\/div>\n                    <\/div><div class=\"eael-entry-footer\"><div class=\"eael-author-avatar\"><a href=\"https:\/\/emcm.ufrn.br\/site\/author\/dti\/\"><img alt='dti' src='https:\/\/secure.gravatar.com\/avatar\/d5365731fba6112fa441cff4ce23ecabbceff030d20ce45ce0dd0b42d6782782?s=96&#038;d=mm&#038;r=g' srcset='https:\/\/secure.gravatar.com\/avatar\/d5365731fba6112fa441cff4ce23ecabbceff030d20ce45ce0dd0b42d6782782?s=192&#038;d=mm&#038;r=g 2x' class='avatar avatar-96 photo' height='96' width='96' \/><\/a><\/div><div class=\"eael-entry-meta\"><span class=\"eael-posted-by\"><a href=\"https:\/\/emcm.ufrn.br\/site\/author\/dti\/\" title=\"Posts de dti\" rel=\"author\">dti<\/a><\/span><span class=\"eael-posted-on\"><time datetime=\"\"><\/time><\/span><\/div><\/div><\/div><\/div>\n        <\/div>\n    <\/article><article class=\"eael-grid-post  eael-post-grid-column eael-pg-post-4749 category-sem-categoria\" data-id=\"4749\">\n        <div class=\"eael-grid-post-holder\">\n            <div class=\"eael-grid-post-holder-inner\"><div class=\"eael-entry-media\"><div class=\"eael-entry-overlay fade-in\"><i class=\"fas fa-long-arrow-alt-right\" aria-hidden=\"true\"><\/i><a href=\"https:\/\/emcm.ufrn.br\/site\/2025\/05\/14\/mural-na-emcm\/\"><\/a><\/div><div class=\"eael-entry-thumbnail \">\n                <img loading=\"lazy\" decoding=\"async\" width=\"300\" height=\"300\" src=\"https:\/\/emcm.ufrn.br\/site\/wp-content\/uploads\/2025\/05\/imagem-mural-emcm-300x300.png\" class=\"attachment-medium size-medium wp-image-4755\" alt=\"\" srcset=\"https:\/\/emcm.ufrn.br\/site\/wp-content\/uploads\/2025\/05\/imagem-mural-emcm-300x300.png 300w, https:\/\/emcm.ufrn.br\/site\/wp-content\/uploads\/2025\/05\/imagem-mural-emcm-150x150.png 150w, https:\/\/emcm.ufrn.br\/site\/wp-content\/uploads\/2025\/05\/imagem-mural-emcm-768x768.png 768w, https:\/\/emcm.ufrn.br\/site\/wp-content\/uploads\/2025\/05\/imagem-mural-emcm.png 1024w\" sizes=\"(max-width: 300px) 100vw, 300px\" \/>\n            <\/div>\n        <\/div><div class=\"eael-entry-wrapper\"><header class=\"eael-entry-header\"><h2 class=\"eael-entry-title\"><a class=\"eael-grid-post-link\" href=\"https:\/\/emcm.ufrn.br\/site\/2025\/05\/14\/mural-na-emcm\/\" title=\"Mural na EMCM\">Mural na EMCM<\/a><\/h2><\/header><div class=\"eael-entry-content\">\n                        <div class=\"eael-grid-post-excerpt\"><p>Mural na Escola Multicampi de Ci\u00eancias M\u00e9dicas relembra a Pandemia...<\/p><a href=\"https:\/\/emcm.ufrn.br\/site\/2025\/05\/14\/mural-na-emcm\/\" class=\"eael-post-elements-readmore-btn\">Leia mais<\/a><\/div>\n                    <\/div><div class=\"eael-entry-footer\"><div class=\"eael-author-avatar\"><a href=\"https:\/\/emcm.ufrn.br\/site\/author\/dti\/\"><img alt='dti' src='https:\/\/secure.gravatar.com\/avatar\/d5365731fba6112fa441cff4ce23ecabbceff030d20ce45ce0dd0b42d6782782?s=96&#038;d=mm&#038;r=g' srcset='https:\/\/secure.gravatar.com\/avatar\/d5365731fba6112fa441cff4ce23ecabbceff030d20ce45ce0dd0b42d6782782?s=192&#038;d=mm&#038;r=g 2x' class='avatar avatar-96 photo' height='96' width='96' \/><\/a><\/div><div class=\"eael-entry-meta\"><span class=\"eael-posted-by\"><a href=\"https:\/\/emcm.ufrn.br\/site\/author\/dti\/\" title=\"Posts de dti\" rel=\"author\">dti<\/a><\/span><span class=\"eael-posted-on\"><time datetime=\"\"><\/time><\/span><\/div><\/div><\/div><\/div>\n        <\/div>\n    <\/article><article class=\"eael-grid-post  eael-post-grid-column eael-pg-post-4724 category-sem-categoria\" data-id=\"4724\">\n        <div class=\"eael-grid-post-holder\">\n            <div class=\"eael-grid-post-holder-inner\"><div class=\"eael-entry-media\"><div class=\"eael-entry-overlay fade-in\"><i class=\"fas fa-long-arrow-alt-right\" aria-hidden=\"true\"><\/i><a href=\"https:\/\/emcm.ufrn.br\/site\/2025\/04\/07\/mural-artistico-emcm\/\"><\/a><\/div><div class=\"eael-entry-thumbnail \">\n                <img loading=\"lazy\" decoding=\"async\" width=\"300\" height=\"300\" src=\"https:\/\/emcm.ufrn.br\/site\/wp-content\/uploads\/2025\/04\/Selecao-de-Bolsista-TI-2-300x300.png\" class=\"attachment-medium size-medium wp-image-4729\" alt=\"\" srcset=\"https:\/\/emcm.ufrn.br\/site\/wp-content\/uploads\/2025\/04\/Selecao-de-Bolsista-TI-2-300x300.png 300w, https:\/\/emcm.ufrn.br\/site\/wp-content\/uploads\/2025\/04\/Selecao-de-Bolsista-TI-2-1024x1024.png 1024w, https:\/\/emcm.ufrn.br\/site\/wp-content\/uploads\/2025\/04\/Selecao-de-Bolsista-TI-2-150x150.png 150w, https:\/\/emcm.ufrn.br\/site\/wp-content\/uploads\/2025\/04\/Selecao-de-Bolsista-TI-2-768x768.png 768w, https:\/\/emcm.ufrn.br\/site\/wp-content\/uploads\/2025\/04\/Selecao-de-Bolsista-TI-2.png 1080w\" sizes=\"(max-width: 300px) 100vw, 300px\" \/>\n            <\/div>\n        <\/div><div class=\"eael-entry-wrapper\"><header class=\"eael-entry-header\"><h2 class=\"eael-entry-title\"><a class=\"eael-grid-post-link\" href=\"https:\/\/emcm.ufrn.br\/site\/2025\/04\/07\/mural-artistico-emcm\/\" title=\"Mural Art\u00edstico EMCM\">Mural Art\u00edstico EMCM<\/a><\/h2><\/header><div class=\"eael-entry-content\">\n                        <div class=\"eael-grid-post-excerpt\"><p>Participe da cria\u00e7\u00e3o do mural art\u00edstico na EMCM! Convidamos voc\u00ea...<\/p><a href=\"https:\/\/emcm.ufrn.br\/site\/2025\/04\/07\/mural-artistico-emcm\/\" class=\"eael-post-elements-readmore-btn\">Leia mais<\/a><\/div>\n                    <\/div><div class=\"eael-entry-footer\"><div class=\"eael-author-avatar\"><a href=\"https:\/\/emcm.ufrn.br\/site\/author\/dti\/\"><img alt='dti' src='https:\/\/secure.gravatar.com\/avatar\/d5365731fba6112fa441cff4ce23ecabbceff030d20ce45ce0dd0b42d6782782?s=96&#038;d=mm&#038;r=g' srcset='https:\/\/secure.gravatar.com\/avatar\/d5365731fba6112fa441cff4ce23ecabbceff030d20ce45ce0dd0b42d6782782?s=192&#038;d=mm&#038;r=g 2x' class='avatar avatar-96 photo' height='96' width='96' \/><\/a><\/div><div class=\"eael-entry-meta\"><span class=\"eael-posted-by\"><a href=\"https:\/\/emcm.ufrn.br\/site\/author\/dti\/\" title=\"Posts de dti\" rel=\"author\">dti<\/a><\/span><span class=\"eael-posted-on\"><time datetime=\"\"><\/time><\/span><\/div><\/div><\/div><\/div>\n        <\/div>\n    <\/article><article class=\"eael-grid-post  eael-post-grid-column eael-pg-post-4712 category-sem-categoria\" data-id=\"4712\">\n        <div class=\"eael-grid-post-holder\">\n            <div class=\"eael-grid-post-holder-inner\"><div class=\"eael-entry-media\"><div class=\"eael-entry-overlay fade-in\"><i class=\"fas fa-long-arrow-alt-right\" aria-hidden=\"true\"><\/i><a href=\"https:\/\/emcm.ufrn.br\/site\/2025\/04\/02\/curso-de-capacitacao\/\"><\/a><\/div><div class=\"eael-entry-thumbnail \">\n                <img loading=\"lazy\" decoding=\"async\" width=\"300\" height=\"300\" src=\"https:\/\/emcm.ufrn.br\/site\/wp-content\/uploads\/2025\/04\/1.png\" class=\"attachment-medium size-medium wp-image-4720\" alt=\"\" \/>\n            <\/div>\n        <\/div><div class=\"eael-entry-wrapper\"><header class=\"eael-entry-header\"><h2 class=\"eael-entry-title\"><a class=\"eael-grid-post-link\" href=\"https:\/\/emcm.ufrn.br\/site\/2025\/04\/02\/curso-de-capacitacao\/\" title=\"Curso de Capacita\u00e7\u00e3o\">Curso de Capacita\u00e7\u00e3o<\/a><\/h2><\/header><div class=\"eael-entry-content\">\n                        <div class=\"eael-grid-post-excerpt\"><p>Curso de Capacita\u00e7\u00e3o em Metodologias Ativas de Ensino-Aprendizagem Aplicadas \u00e0...<\/p><a href=\"https:\/\/emcm.ufrn.br\/site\/2025\/04\/02\/curso-de-capacitacao\/\" class=\"eael-post-elements-readmore-btn\">Leia mais<\/a><\/div>\n                    <\/div><div class=\"eael-entry-footer\"><div class=\"eael-author-avatar\"><a href=\"https:\/\/emcm.ufrn.br\/site\/author\/dti\/\"><img alt='dti' src='https:\/\/secure.gravatar.com\/avatar\/d5365731fba6112fa441cff4ce23ecabbceff030d20ce45ce0dd0b42d6782782?s=96&#038;d=mm&#038;r=g' srcset='https:\/\/secure.gravatar.com\/avatar\/d5365731fba6112fa441cff4ce23ecabbceff030d20ce45ce0dd0b42d6782782?s=192&#038;d=mm&#038;r=g 2x' class='avatar avatar-96 photo' height='96' width='96' \/><\/a><\/div><div class=\"eael-entry-meta\"><span class=\"eael-posted-by\"><a href=\"https:\/\/emcm.ufrn.br\/site\/author\/dti\/\" title=\"Posts de dti\" rel=\"author\">dti<\/a><\/span><span class=\"eael-posted-on\"><time datetime=\"\"><\/time><\/span><\/div><\/div><\/div><\/div>\n        <\/div>\n    <\/article><article class=\"eael-grid-post  eael-post-grid-column eael-pg-post-4676 category-sem-categoria\" data-id=\"4676\">\n        <div class=\"eael-grid-post-holder\">\n            <div class=\"eael-grid-post-holder-inner\"><div class=\"eael-entry-media\"><div class=\"eael-entry-overlay fade-in\"><i class=\"fas fa-long-arrow-alt-right\" aria-hidden=\"true\"><\/i><a href=\"https:\/\/emcm.ufrn.br\/site\/2025\/03\/19\/aventureiros-da-saude\/\"><\/a><\/div><div class=\"eael-entry-thumbnail \">\n                <img loading=\"lazy\" decoding=\"async\" width=\"300\" height=\"300\" src=\"https:\/\/emcm.ufrn.br\/site\/wp-content\/uploads\/2025\/03\/Aventureiros.jpg\" class=\"attachment-medium size-medium wp-image-4689\" alt=\"\" \/>\n            <\/div>\n        <\/div><div class=\"eael-entry-wrapper\"><header class=\"eael-entry-header\"><h2 class=\"eael-entry-title\"><a class=\"eael-grid-post-link\" href=\"https:\/\/emcm.ufrn.br\/site\/2025\/03\/19\/aventureiros-da-saude\/\" title=\"Aventureiros da Sa\u00fade\">Aventureiros da Sa\u00fade<\/a><\/h2><\/header><div class=\"eael-entry-content\">\n                        <div class=\"eael-grid-post-excerpt\"><p>Aventureiros da Sa\u00fade O projeto de extens\u00e3o &#8220;Aventureiros da Sa\u00fade:...<\/p><a href=\"https:\/\/emcm.ufrn.br\/site\/2025\/03\/19\/aventureiros-da-saude\/\" class=\"eael-post-elements-readmore-btn\">Leia mais<\/a><\/div>\n                    <\/div><div class=\"eael-entry-footer\"><div class=\"eael-author-avatar\"><a href=\"https:\/\/emcm.ufrn.br\/site\/author\/dti\/\"><img alt='dti' src='https:\/\/secure.gravatar.com\/avatar\/d5365731fba6112fa441cff4ce23ecabbceff030d20ce45ce0dd0b42d6782782?s=96&#038;d=mm&#038;r=g' srcset='https:\/\/secure.gravatar.com\/avatar\/d5365731fba6112fa441cff4ce23ecabbceff030d20ce45ce0dd0b42d6782782?s=192&#038;d=mm&#038;r=g 2x' class='avatar avatar-96 photo' height='96' width='96' \/><\/a><\/div><div class=\"eael-entry-meta\"><span class=\"eael-posted-by\"><a href=\"https:\/\/emcm.ufrn.br\/site\/author\/dti\/\" title=\"Posts de dti\" rel=\"author\">dti<\/a><\/span><span class=\"eael-posted-on\"><time datetime=\"\"><\/time><\/span><\/div><\/div><\/div><\/div>\n        <\/div>\n    <\/article><article class=\"eael-grid-post  eael-post-grid-column eael-pg-post-4670 category-sem-categoria\" data-id=\"4670\">\n        <div class=\"eael-grid-post-holder\">\n            <div class=\"eael-grid-post-holder-inner\"><div class=\"eael-entry-media\"><div class=\"eael-entry-overlay fade-in\"><i class=\"fas fa-long-arrow-alt-right\" aria-hidden=\"true\"><\/i><a href=\"https:\/\/emcm.ufrn.br\/site\/2025\/03\/07\/edital-30-2025\/\"><\/a><\/div><div class=\"eael-entry-thumbnail \">\n                <img loading=\"lazy\" decoding=\"async\" width=\"300\" height=\"300\" src=\"https:\/\/emcm.ufrn.br\/site\/wp-content\/uploads\/2025\/03\/Edital-30_2025.png\" class=\"attachment-medium size-medium wp-image-4675\" alt=\"\" \/>\n            <\/div>\n        <\/div><div class=\"eael-entry-wrapper\"><header class=\"eael-entry-header\"><h2 class=\"eael-entry-title\"><a class=\"eael-grid-post-link\" href=\"https:\/\/emcm.ufrn.br\/site\/2025\/03\/07\/edital-30-2025\/\" title=\"Edital 30\/2025\">Edital 30\/2025<\/a><\/h2><\/header><div class=\"eael-entry-content\">\n                        <div class=\"eael-grid-post-excerpt\"><p>Processo Seletivo Simplificado para Professor Substituto\/tempor\u00e1rio Emcm abre processo seletivo...<\/p><a href=\"https:\/\/emcm.ufrn.br\/site\/2025\/03\/07\/edital-30-2025\/\" class=\"eael-post-elements-readmore-btn\">Leia mais<\/a><\/div>\n                    <\/div><div class=\"eael-entry-footer\"><div class=\"eael-author-avatar\"><a href=\"https:\/\/emcm.ufrn.br\/site\/author\/dti\/\"><img alt='dti' src='https:\/\/secure.gravatar.com\/avatar\/d5365731fba6112fa441cff4ce23ecabbceff030d20ce45ce0dd0b42d6782782?s=96&#038;d=mm&#038;r=g' srcset='https:\/\/secure.gravatar.com\/avatar\/d5365731fba6112fa441cff4ce23ecabbceff030d20ce45ce0dd0b42d6782782?s=192&#038;d=mm&#038;r=g 2x' class='avatar avatar-96 photo' height='96' width='96' \/><\/a><\/div><div class=\"eael-entry-meta\"><span class=\"eael-posted-by\"><a href=\"https:\/\/emcm.ufrn.br\/site\/author\/dti\/\" title=\"Posts de dti\" rel=\"author\">dti<\/a><\/span><span class=\"eael-posted-on\"><time datetime=\"\"><\/time><\/span><\/div><\/div><\/div><\/div>\n        <\/div>\n    <\/article><article class=\"eael-grid-post  eael-post-grid-column eael-pg-post-4645 category-sem-categoria\" data-id=\"4645\">\n        <div class=\"eael-grid-post-holder\">\n            <div class=\"eael-grid-post-holder-inner\"><div class=\"eael-entry-media\"><div class=\"eael-entry-overlay fade-in\"><i class=\"fas fa-long-arrow-alt-right\" aria-hidden=\"true\"><\/i><a href=\"https:\/\/emcm.ufrn.br\/site\/2025\/01\/28\/edital-006-2025\/\"><\/a><\/div><div class=\"eael-entry-thumbnail \">\n                <img loading=\"lazy\" decoding=\"async\" width=\"300\" height=\"300\" src=\"https:\/\/emcm.ufrn.br\/site\/wp-content\/uploads\/2025\/01\/edital-006_2025.png\" class=\"attachment-medium size-medium wp-image-4650\" alt=\"\" \/>\n            <\/div>\n        <\/div><div class=\"eael-entry-wrapper\"><header class=\"eael-entry-header\"><h2 class=\"eael-entry-title\"><a class=\"eael-grid-post-link\" href=\"https:\/\/emcm.ufrn.br\/site\/2025\/01\/28\/edital-006-2025\/\" title=\"Edital 006\/2025\">Edital 006\/2025<\/a><\/h2><\/header><div class=\"eael-entry-content\">\n                        <div class=\"eael-grid-post-excerpt\"><p>Processo Seletivo Simplificado para Professor Substituto\/tempor\u00e1rio Emcm abre processo seletivo...<\/p><a href=\"https:\/\/emcm.ufrn.br\/site\/2025\/01\/28\/edital-006-2025\/\" class=\"eael-post-elements-readmore-btn\">Leia mais<\/a><\/div>\n                    <\/div><div class=\"eael-entry-footer\"><div class=\"eael-author-avatar\"><a href=\"https:\/\/emcm.ufrn.br\/site\/author\/dti\/\"><img alt='dti' src='https:\/\/secure.gravatar.com\/avatar\/d5365731fba6112fa441cff4ce23ecabbceff030d20ce45ce0dd0b42d6782782?s=96&#038;d=mm&#038;r=g' srcset='https:\/\/secure.gravatar.com\/avatar\/d5365731fba6112fa441cff4ce23ecabbceff030d20ce45ce0dd0b42d6782782?s=192&#038;d=mm&#038;r=g 2x' class='avatar avatar-96 photo' height='96' width='96' \/><\/a><\/div><div class=\"eael-entry-meta\"><span class=\"eael-posted-by\"><a href=\"https:\/\/emcm.ufrn.br\/site\/author\/dti\/\" title=\"Posts de dti\" rel=\"author\">dti<\/a><\/span><span class=\"eael-posted-on\"><time datetime=\"\"><\/time><\/span><\/div><\/div><\/div><\/div>\n        <\/div>\n    <\/article><article class=\"eael-grid-post  eael-post-grid-column eael-pg-post-4631 category-sem-categoria\" data-id=\"4631\">\n        <div class=\"eael-grid-post-holder\">\n            <div class=\"eael-grid-post-holder-inner\"><div class=\"eael-entry-media\"><div class=\"eael-entry-overlay fade-in\"><i class=\"fas fa-long-arrow-alt-right\" aria-hidden=\"true\"><\/i><a href=\"https:\/\/emcm.ufrn.br\/site\/2025\/01\/13\/cronograma-de-defesas-de-tcr\/\"><\/a><\/div><div class=\"eael-entry-thumbnail \">\n                <img loading=\"lazy\" decoding=\"async\" width=\"300\" height=\"300\" src=\"https:\/\/emcm.ufrn.br\/site\/wp-content\/uploads\/2025\/01\/cronograma-de-defesa-dos-TCR_2025.png\" class=\"attachment-medium size-medium wp-image-4636\" alt=\"\" \/>\n            <\/div>\n        <\/div><div class=\"eael-entry-wrapper\"><header class=\"eael-entry-header\"><h2 class=\"eael-entry-title\"><a class=\"eael-grid-post-link\" href=\"https:\/\/emcm.ufrn.br\/site\/2025\/01\/13\/cronograma-de-defesas-de-tcr\/\" title=\"Cronograma de defesas de TCR\">Cronograma de defesas de TCR<\/a><\/h2><\/header><div class=\"eael-entry-content\">\n                        <div class=\"eael-grid-post-excerpt\"><p>Divulga\u00e7\u00e3o do Cronograma de Defesas de TCR &#8211; Programas de...<\/p><a href=\"https:\/\/emcm.ufrn.br\/site\/2025\/01\/13\/cronograma-de-defesas-de-tcr\/\" class=\"eael-post-elements-readmore-btn\">Leia mais<\/a><\/div>\n                    <\/div><div class=\"eael-entry-footer\"><div class=\"eael-author-avatar\"><a href=\"https:\/\/emcm.ufrn.br\/site\/author\/dti\/\"><img alt='dti' src='https:\/\/secure.gravatar.com\/avatar\/d5365731fba6112fa441cff4ce23ecabbceff030d20ce45ce0dd0b42d6782782?s=96&#038;d=mm&#038;r=g' srcset='https:\/\/secure.gravatar.com\/avatar\/d5365731fba6112fa441cff4ce23ecabbceff030d20ce45ce0dd0b42d6782782?s=192&#038;d=mm&#038;r=g 2x' class='avatar avatar-96 photo' height='96' width='96' \/><\/a><\/div><div class=\"eael-entry-meta\"><span class=\"eael-posted-by\"><a href=\"https:\/\/emcm.ufrn.br\/site\/author\/dti\/\" title=\"Posts de dti\" rel=\"author\">dti<\/a><\/span><span class=\"eael-posted-on\"><time datetime=\"\"><\/time><\/span><\/div><\/div><\/div><\/div>\n        <\/div>\n    <\/article><article class=\"eael-grid-post  eael-post-grid-column eael-pg-post-4624 category-sem-categoria\" data-id=\"4624\">\n        <div class=\"eael-grid-post-holder\">\n            <div class=\"eael-grid-post-holder-inner\"><div class=\"eael-entry-media\"><div class=\"eael-entry-overlay fade-in\"><i class=\"fas fa-long-arrow-alt-right\" aria-hidden=\"true\"><\/i><a href=\"https:\/\/emcm.ufrn.br\/site\/2024\/12\/09\/cronogramas-de-qualificacoes-dos-projetos-de-tcr\/\"><\/a><\/div><div class=\"eael-entry-thumbnail \">\n                <img loading=\"lazy\" decoding=\"async\" width=\"300\" height=\"300\" src=\"https:\/\/emcm.ufrn.br\/site\/wp-content\/uploads\/2024\/12\/2.png\" class=\"attachment-medium size-medium wp-image-4629\" alt=\"\" \/>\n            <\/div>\n        <\/div><div class=\"eael-entry-wrapper\"><header class=\"eael-entry-header\"><h2 class=\"eael-entry-title\"><a class=\"eael-grid-post-link\" href=\"https:\/\/emcm.ufrn.br\/site\/2024\/12\/09\/cronogramas-de-qualificacoes-dos-projetos-de-tcr\/\" title=\"Cronogramas de qualifica\u00e7\u00f5es dos Projetos de TCR\">Cronogramas de qualifica\u00e7\u00f5es dos Projetos de TCR<\/a><\/h2><\/header><div class=\"eael-entry-content\">\n                        <div class=\"eael-grid-post-excerpt\"><p>Comiss\u00e3o de TCR Divulga Cronograma de Qualifica\u00e7\u00f5es dos Projetos A...<\/p><a href=\"https:\/\/emcm.ufrn.br\/site\/2024\/12\/09\/cronogramas-de-qualificacoes-dos-projetos-de-tcr\/\" class=\"eael-post-elements-readmore-btn\">Leia mais<\/a><\/div>\n                    <\/div><div class=\"eael-entry-footer\"><div class=\"eael-author-avatar\"><a href=\"https:\/\/emcm.ufrn.br\/site\/author\/dti\/\"><img alt='dti' src='https:\/\/secure.gravatar.com\/avatar\/d5365731fba6112fa441cff4ce23ecabbceff030d20ce45ce0dd0b42d6782782?s=96&#038;d=mm&#038;r=g' srcset='https:\/\/secure.gravatar.com\/avatar\/d5365731fba6112fa441cff4ce23ecabbceff030d20ce45ce0dd0b42d6782782?s=192&#038;d=mm&#038;r=g 2x' class='avatar avatar-96 photo' height='96' width='96' \/><\/a><\/div><div class=\"eael-entry-meta\"><span class=\"eael-posted-by\"><a href=\"https:\/\/emcm.ufrn.br\/site\/author\/dti\/\" title=\"Posts de dti\" rel=\"author\">dti<\/a><\/span><span class=\"eael-posted-on\"><time datetime=\"\"><\/time><\/span><\/div><\/div><\/div><\/div>\n        <\/div>\n    <\/article><article class=\"eael-grid-post  eael-post-grid-column eael-pg-post-4587 category-sem-categoria\" data-id=\"4587\">\n        <div class=\"eael-grid-post-holder\">\n            <div class=\"eael-grid-post-holder-inner\"><div class=\"eael-entry-media\"><div class=\"eael-entry-overlay fade-in\"><i class=\"fas fa-long-arrow-alt-right\" aria-hidden=\"true\"><\/i><a href=\"https:\/\/emcm.ufrn.br\/site\/2024\/11\/13\/edital-091-2024\/\"><\/a><\/div><div class=\"eael-entry-thumbnail \">\n                <img loading=\"lazy\" decoding=\"async\" width=\"300\" height=\"300\" src=\"https:\/\/emcm.ufrn.br\/site\/wp-content\/uploads\/2024\/11\/Edital-0912024.png\" class=\"attachment-medium size-medium wp-image-4592\" alt=\"\" \/>\n            <\/div>\n        <\/div><div class=\"eael-entry-wrapper\"><header class=\"eael-entry-header\"><h2 class=\"eael-entry-title\"><a class=\"eael-grid-post-link\" href=\"https:\/\/emcm.ufrn.br\/site\/2024\/11\/13\/edital-091-2024\/\" title=\"Edital 091\/2024\">Edital 091\/2024<\/a><\/h2><\/header><div class=\"eael-entry-content\">\n                        <div class=\"eael-grid-post-excerpt\"><p>Processo Seletivo Simplificado para Professor Substituto\/tempor\u00e1rio Emcm abre processo seletivo...<\/p><a href=\"https:\/\/emcm.ufrn.br\/site\/2024\/11\/13\/edital-091-2024\/\" class=\"eael-post-elements-readmore-btn\">Leia mais<\/a><\/div>\n                    <\/div><div class=\"eael-entry-footer\"><div class=\"eael-author-avatar\"><a href=\"https:\/\/emcm.ufrn.br\/site\/author\/dti\/\"><img alt='dti' src='https:\/\/secure.gravatar.com\/avatar\/d5365731fba6112fa441cff4ce23ecabbceff030d20ce45ce0dd0b42d6782782?s=96&#038;d=mm&#038;r=g' srcset='https:\/\/secure.gravatar.com\/avatar\/d5365731fba6112fa441cff4ce23ecabbceff030d20ce45ce0dd0b42d6782782?s=192&#038;d=mm&#038;r=g 2x' class='avatar avatar-96 photo' height='96' width='96' \/><\/a><\/div><div class=\"eael-entry-meta\"><span class=\"eael-posted-by\"><a href=\"https:\/\/emcm.ufrn.br\/site\/author\/dti\/\" title=\"Posts de dti\" rel=\"author\">dti<\/a><\/span><span class=\"eael-posted-on\"><time datetime=\"\"><\/time><\/span><\/div><\/div><\/div><\/div>\n        <\/div>\n    <\/article><article class=\"eael-grid-post  eael-post-grid-column eael-pg-post-4419 category-sem-categoria\" data-id=\"4419\">\n        <div class=\"eael-grid-post-holder\">\n            <div class=\"eael-grid-post-holder-inner\"><div class=\"eael-entry-media\"><div class=\"eael-entry-overlay fade-in\"><i class=\"fas fa-long-arrow-alt-right\" aria-hidden=\"true\"><\/i><a href=\"https:\/\/emcm.ufrn.br\/site\/2024\/10\/17\/mostra-de-integracao-ensino-servico-comunidade\/\"><\/a><\/div><div class=\"eael-entry-thumbnail \">\n                <img loading=\"lazy\" decoding=\"async\" width=\"300\" height=\"300\" src=\"https:\/\/emcm.ufrn.br\/site\/wp-content\/uploads\/2024\/10\/aviso.png\" class=\"attachment-medium size-medium wp-image-4424\" alt=\"\" \/>\n            <\/div>\n        <\/div><div class=\"eael-entry-wrapper\"><header class=\"eael-entry-header\"><h2 class=\"eael-entry-title\"><a class=\"eael-grid-post-link\" href=\"https:\/\/emcm.ufrn.br\/site\/2024\/10\/17\/mostra-de-integracao-ensino-servico-comunidade\/\" title=\"Mostra de Integra\u00e7\u00e3o Ensino-Servi\u00e7o-Comunidade\">Mostra de Integra\u00e7\u00e3o Ensino-Servi\u00e7o-Comunidade<\/a><\/h2><\/header><div class=\"eael-entry-content\">\n                        <div class=\"eael-grid-post-excerpt\"><p>Evento Mostra de Integra\u00e7\u00e3o Ensino-Servi\u00e7o-Comunidade sobre Aleitamento Materno. A Mostra...<\/p><a href=\"https:\/\/emcm.ufrn.br\/site\/2024\/10\/17\/mostra-de-integracao-ensino-servico-comunidade\/\" class=\"eael-post-elements-readmore-btn\">Leia mais<\/a><\/div>\n                    <\/div><div class=\"eael-entry-footer\"><div class=\"eael-author-avatar\"><a href=\"https:\/\/emcm.ufrn.br\/site\/author\/dti\/\"><img alt='dti' src='https:\/\/secure.gravatar.com\/avatar\/d5365731fba6112fa441cff4ce23ecabbceff030d20ce45ce0dd0b42d6782782?s=96&#038;d=mm&#038;r=g' srcset='https:\/\/secure.gravatar.com\/avatar\/d5365731fba6112fa441cff4ce23ecabbceff030d20ce45ce0dd0b42d6782782?s=192&#038;d=mm&#038;r=g 2x' class='avatar avatar-96 photo' height='96' width='96' \/><\/a><\/div><div class=\"eael-entry-meta\"><span class=\"eael-posted-by\"><a href=\"https:\/\/emcm.ufrn.br\/site\/author\/dti\/\" title=\"Posts de dti\" rel=\"author\">dti<\/a><\/span><span class=\"eael-posted-on\"><time datetime=\"\"><\/time><\/span><\/div><\/div><\/div><\/div>\n        <\/div>\n    <\/article><article class=\"eael-grid-post  eael-post-grid-column eael-pg-post-4409 category-sem-categoria\" data-id=\"4409\">\n        <div class=\"eael-grid-post-holder\">\n            <div class=\"eael-grid-post-holder-inner\"><div class=\"eael-entry-media\"><div class=\"eael-entry-overlay fade-in\"><i class=\"fas fa-long-arrow-alt-right\" aria-hidden=\"true\"><\/i><a href=\"https:\/\/emcm.ufrn.br\/site\/2024\/09\/25\/edital-075-2024\/\"><\/a><\/div><div class=\"eael-entry-thumbnail \">\n                <img loading=\"lazy\" decoding=\"async\" width=\"300\" height=\"300\" src=\"https:\/\/emcm.ufrn.br\/site\/wp-content\/uploads\/2024\/09\/Edital-0752024.png\" class=\"attachment-medium size-medium wp-image-4414\" alt=\"\" \/>\n            <\/div>\n        <\/div><div class=\"eael-entry-wrapper\"><header class=\"eael-entry-header\"><h2 class=\"eael-entry-title\"><a class=\"eael-grid-post-link\" href=\"https:\/\/emcm.ufrn.br\/site\/2024\/09\/25\/edital-075-2024\/\" title=\"Edital 075\/2024\">Edital 075\/2024<\/a><\/h2><\/header><div class=\"eael-entry-content\">\n                        <div class=\"eael-grid-post-excerpt\"><p>Processo Seletivo Simplificado para Professor Substituto\/tempor\u00e1rio Emcm abre processo seletivo...<\/p><a href=\"https:\/\/emcm.ufrn.br\/site\/2024\/09\/25\/edital-075-2024\/\" class=\"eael-post-elements-readmore-btn\">Leia mais<\/a><\/div>\n                    <\/div><div class=\"eael-entry-footer\"><div class=\"eael-author-avatar\"><a href=\"https:\/\/emcm.ufrn.br\/site\/author\/dti\/\"><img alt='dti' src='https:\/\/secure.gravatar.com\/avatar\/d5365731fba6112fa441cff4ce23ecabbceff030d20ce45ce0dd0b42d6782782?s=96&#038;d=mm&#038;r=g' srcset='https:\/\/secure.gravatar.com\/avatar\/d5365731fba6112fa441cff4ce23ecabbceff030d20ce45ce0dd0b42d6782782?s=192&#038;d=mm&#038;r=g 2x' class='avatar avatar-96 photo' height='96' width='96' \/><\/a><\/div><div class=\"eael-entry-meta\"><span class=\"eael-posted-by\"><a href=\"https:\/\/emcm.ufrn.br\/site\/author\/dti\/\" title=\"Posts de dti\" rel=\"author\">dti<\/a><\/span><span class=\"eael-posted-on\"><time datetime=\"\"><\/time><\/span><\/div><\/div><\/div><\/div>\n        <\/div>\n    <\/article><article class=\"eael-grid-post  eael-post-grid-column eael-pg-post-4403 category-sem-categoria\" data-id=\"4403\">\n        <div class=\"eael-grid-post-holder\">\n            <div class=\"eael-grid-post-holder-inner\"><div class=\"eael-entry-media\"><div class=\"eael-entry-overlay fade-in\"><i class=\"fas fa-long-arrow-alt-right\" aria-hidden=\"true\"><\/i><a href=\"https:\/\/emcm.ufrn.br\/site\/2024\/09\/24\/inscricoes-para-a-mostra-de-integracao-ensino-servico-comunidade-2\/\"><\/a><\/div><div class=\"eael-entry-thumbnail \">\n                <img loading=\"lazy\" decoding=\"async\" width=\"300\" height=\"300\" src=\"https:\/\/emcm.ufrn.br\/site\/wp-content\/uploads\/2024\/09\/Panfleto-da-Mostra-de-integracao-ensino-servico-comunidade-sobre-Aleitamento-materno-do-serido-potiguar.png\" class=\"attachment-medium size-medium wp-image-4402\" alt=\"\" \/>\n            <\/div>\n        <\/div><div class=\"eael-entry-wrapper\"><header class=\"eael-entry-header\"><h2 class=\"eael-entry-title\"><a class=\"eael-grid-post-link\" href=\"https:\/\/emcm.ufrn.br\/site\/2024\/09\/24\/inscricoes-para-a-mostra-de-integracao-ensino-servico-comunidade-2\/\" title=\"Inscri\u00e7\u00f5es para a Mostra de Integra\u00e7\u00e3o Ensino-Servi\u00e7o-Comunidade\">Inscri\u00e7\u00f5es para a Mostra de Integra\u00e7\u00e3o Ensino-Servi\u00e7o-Comunidade<\/a><\/h2><\/header><div class=\"eael-entry-content\">\n                        <div class=\"eael-grid-post-excerpt\"><p>Mostra de Integra\u00e7\u00e3o Ensino-Servi\u00e7o-Comunidade sobre Aleitamento Materno do Serid\u00f3 Potiguar...<\/p><a href=\"https:\/\/emcm.ufrn.br\/site\/2024\/09\/24\/inscricoes-para-a-mostra-de-integracao-ensino-servico-comunidade-2\/\" class=\"eael-post-elements-readmore-btn\">Leia mais<\/a><\/div>\n                    <\/div><div class=\"eael-entry-footer\"><div class=\"eael-author-avatar\"><a href=\"https:\/\/emcm.ufrn.br\/site\/author\/dti\/\"><img alt='dti' src='https:\/\/secure.gravatar.com\/avatar\/d5365731fba6112fa441cff4ce23ecabbceff030d20ce45ce0dd0b42d6782782?s=96&#038;d=mm&#038;r=g' srcset='https:\/\/secure.gravatar.com\/avatar\/d5365731fba6112fa441cff4ce23ecabbceff030d20ce45ce0dd0b42d6782782?s=192&#038;d=mm&#038;r=g 2x' class='avatar avatar-96 photo' height='96' width='96' \/><\/a><\/div><div class=\"eael-entry-meta\"><span class=\"eael-posted-by\"><a href=\"https:\/\/emcm.ufrn.br\/site\/author\/dti\/\" title=\"Posts de dti\" rel=\"author\">dti<\/a><\/span><span class=\"eael-posted-on\"><time datetime=\"\"><\/time><\/span><\/div><\/div><\/div><\/div>\n        <\/div>\n    <\/article><article class=\"eael-grid-post  eael-post-grid-column eael-pg-post-4388 category-sem-categoria\" data-id=\"4388\">\n        <div class=\"eael-grid-post-holder\">\n            <div class=\"eael-grid-post-holder-inner\"><div class=\"eael-entry-media\"><div class=\"eael-entry-overlay fade-in\"><i class=\"fas fa-long-arrow-alt-right\" aria-hidden=\"true\"><\/i><a href=\"https:\/\/emcm.ufrn.br\/site\/2024\/09\/23\/usina-fotovoltaica\/\"><\/a><\/div><div class=\"eael-entry-thumbnail \">\n                <img loading=\"lazy\" decoding=\"async\" width=\"300\" height=\"225\" src=\"https:\/\/emcm.ufrn.br\/site\/wp-content\/uploads\/2024\/09\/WhatsApp-Image-2024-09-19-at-09.48.05.jpeg\" class=\"attachment-medium size-medium wp-image-4373\" alt=\"\" \/>\n            <\/div>\n        <\/div><div class=\"eael-entry-wrapper\"><header class=\"eael-entry-header\"><h2 class=\"eael-entry-title\"><a class=\"eael-grid-post-link\" href=\"https:\/\/emcm.ufrn.br\/site\/2024\/09\/23\/usina-fotovoltaica\/\" title=\"Usina Fotovoltaica\">Usina Fotovoltaica<\/a><\/h2><\/header><div class=\"eael-entry-content\">\n                        <div class=\"eael-grid-post-excerpt\"><p>Registros da Cerim\u00f4nia de Inaugura\u00e7\u00e3o da Usina Fotovoltaica da EMCM\/UFRN....<\/p><a href=\"https:\/\/emcm.ufrn.br\/site\/2024\/09\/23\/usina-fotovoltaica\/\" class=\"eael-post-elements-readmore-btn\">Leia mais<\/a><\/div>\n                    <\/div><div class=\"eael-entry-footer\"><div class=\"eael-author-avatar\"><a href=\"https:\/\/emcm.ufrn.br\/site\/author\/dti\/\"><img alt='dti' src='https:\/\/secure.gravatar.com\/avatar\/d5365731fba6112fa441cff4ce23ecabbceff030d20ce45ce0dd0b42d6782782?s=96&#038;d=mm&#038;r=g' srcset='https:\/\/secure.gravatar.com\/avatar\/d5365731fba6112fa441cff4ce23ecabbceff030d20ce45ce0dd0b42d6782782?s=192&#038;d=mm&#038;r=g 2x' class='avatar avatar-96 photo' height='96' width='96' \/><\/a><\/div><div class=\"eael-entry-meta\"><span class=\"eael-posted-by\"><a href=\"https:\/\/emcm.ufrn.br\/site\/author\/dti\/\" title=\"Posts de dti\" rel=\"author\">dti<\/a><\/span><span class=\"eael-posted-on\"><time datetime=\"\"><\/time><\/span><\/div><\/div><\/div><\/div>\n        <\/div>\n    <\/article><article class=\"eael-grid-post  eael-post-grid-column eael-pg-post-1887 category-sem-categoria\" data-id=\"1887\">\n        <div class=\"eael-grid-post-holder\">\n            <div class=\"eael-grid-post-holder-inner\"><div class=\"eael-entry-media\"><div class=\"eael-entry-overlay fade-in\"><i class=\"fas fa-long-arrow-alt-right\" aria-hidden=\"true\"><\/i><a href=\"https:\/\/emcm.ufrn.br\/site\/2024\/08\/02\/edital-055-2024\/\"><\/a><\/div><div class=\"eael-entry-thumbnail \">\n                <img loading=\"lazy\" decoding=\"async\" width=\"300\" height=\"300\" src=\"https:\/\/emcm.ufrn.br\/site\/wp-content\/uploads\/2024\/08\/Edital-055.2024.png\" class=\"attachment-medium size-medium wp-image-1892\" alt=\"\" \/>\n            <\/div>\n        <\/div><div class=\"eael-entry-wrapper\"><header class=\"eael-entry-header\"><h2 class=\"eael-entry-title\"><a class=\"eael-grid-post-link\" href=\"https:\/\/emcm.ufrn.br\/site\/2024\/08\/02\/edital-055-2024\/\" title=\"Edital 055\/2024\">Edital 055\/2024<\/a><\/h2><\/header><div class=\"eael-entry-content\">\n                        <div class=\"eael-grid-post-excerpt\"><p>Concurso P\u00fablico de Provas e T\u00edtulos Para professor do Magist\u00e9rio...<\/p><a href=\"https:\/\/emcm.ufrn.br\/site\/2024\/08\/02\/edital-055-2024\/\" class=\"eael-post-elements-readmore-btn\">Leia mais<\/a><\/div>\n                    <\/div><div class=\"eael-entry-footer\"><div class=\"eael-author-avatar\"><a href=\"https:\/\/emcm.ufrn.br\/site\/author\/dti\/\"><img alt='dti' src='https:\/\/secure.gravatar.com\/avatar\/d5365731fba6112fa441cff4ce23ecabbceff030d20ce45ce0dd0b42d6782782?s=96&#038;d=mm&#038;r=g' srcset='https:\/\/secure.gravatar.com\/avatar\/d5365731fba6112fa441cff4ce23ecabbceff030d20ce45ce0dd0b42d6782782?s=192&#038;d=mm&#038;r=g 2x' class='avatar avatar-96 photo' height='96' width='96' \/><\/a><\/div><div class=\"eael-entry-meta\"><span class=\"eael-posted-by\"><a href=\"https:\/\/emcm.ufrn.br\/site\/author\/dti\/\" title=\"Posts de dti\" rel=\"author\">dti<\/a><\/span><span class=\"eael-posted-on\"><time datetime=\"\"><\/time><\/span><\/div><\/div><\/div><\/div>\n        <\/div>\n    <\/article><article class=\"eael-grid-post  eael-post-grid-column eael-pg-post-1347 category-sem-categoria\" data-id=\"1347\">\n        <div class=\"eael-grid-post-holder\">\n            <div class=\"eael-grid-post-holder-inner\"><div class=\"eael-entry-media\"><div class=\"eael-entry-overlay fade-in\"><i class=\"fas fa-long-arrow-alt-right\" aria-hidden=\"true\"><\/i><a href=\"https:\/\/emcm.ufrn.br\/site\/2024\/07\/31\/mestrado-profissional\/\"><\/a><\/div><div class=\"eael-entry-thumbnail \">\n                <img loading=\"lazy\" decoding=\"async\" width=\"300\" height=\"300\" src=\"https:\/\/emcm.ufrn.br\/site\/wp-content\/uploads\/2024\/07\/Mestrado-Profissional.png\" class=\"attachment-medium size-medium wp-image-1355\" alt=\"\" \/>\n            <\/div>\n        <\/div><div class=\"eael-entry-wrapper\"><header class=\"eael-entry-header\"><h2 class=\"eael-entry-title\"><a class=\"eael-grid-post-link\" href=\"https:\/\/emcm.ufrn.br\/site\/2024\/07\/31\/mestrado-profissional\/\" title=\"Mestrado Profissional\">Mestrado Profissional<\/a><\/h2><\/header><div class=\"eael-entry-content\">\n                        <div class=\"eael-grid-post-excerpt\"><p>Abertura de solicita\u00e7\u00e3o de inscri\u00e7\u00f5es para o processo seletivo do...<\/p><a href=\"https:\/\/emcm.ufrn.br\/site\/2024\/07\/31\/mestrado-profissional\/\" class=\"eael-post-elements-readmore-btn\">Leia mais<\/a><\/div>\n                    <\/div><div class=\"eael-entry-footer\"><div class=\"eael-author-avatar\"><a href=\"https:\/\/emcm.ufrn.br\/site\/author\/dti\/\"><img alt='dti' src='https:\/\/secure.gravatar.com\/avatar\/d5365731fba6112fa441cff4ce23ecabbceff030d20ce45ce0dd0b42d6782782?s=96&#038;d=mm&#038;r=g' srcset='https:\/\/secure.gravatar.com\/avatar\/d5365731fba6112fa441cff4ce23ecabbceff030d20ce45ce0dd0b42d6782782?s=192&#038;d=mm&#038;r=g 2x' class='avatar avatar-96 photo' height='96' width='96' \/><\/a><\/div><div class=\"eael-entry-meta\"><span class=\"eael-posted-by\"><a href=\"https:\/\/emcm.ufrn.br\/site\/author\/dti\/\" title=\"Posts de dti\" rel=\"author\">dti<\/a><\/span><span class=\"eael-posted-on\"><time datetime=\"\"><\/time><\/span><\/div><\/div><\/div><\/div>\n        <\/div>\n    <\/article><article class=\"eael-grid-post  eael-post-grid-column eael-pg-post-1336 category-sem-categoria\" data-id=\"1336\">\n        <div class=\"eael-grid-post-holder\">\n            <div class=\"eael-grid-post-holder-inner\"><div class=\"eael-entry-media\"><div class=\"eael-entry-overlay fade-in\"><i class=\"fas fa-long-arrow-alt-right\" aria-hidden=\"true\"><\/i><a href=\"https:\/\/emcm.ufrn.br\/site\/2024\/07\/31\/edital-053-2024\/\"><\/a><\/div><div class=\"eael-entry-thumbnail \">\n                <img loading=\"lazy\" decoding=\"async\" width=\"300\" height=\"300\" src=\"https:\/\/emcm.ufrn.br\/site\/wp-content\/uploads\/2024\/07\/Edital-053.png\" class=\"attachment-medium size-medium wp-image-1344\" alt=\"\" \/>\n            <\/div>\n        <\/div><div class=\"eael-entry-wrapper\"><header class=\"eael-entry-header\"><h2 class=\"eael-entry-title\"><a class=\"eael-grid-post-link\" href=\"https:\/\/emcm.ufrn.br\/site\/2024\/07\/31\/edital-053-2024\/\" title=\"Edital 053\/2024\">Edital 053\/2024<\/a><\/h2><\/header><div class=\"eael-entry-content\">\n                        <div class=\"eael-grid-post-excerpt\"><p>Processo Seletivo Simplificado para Professor Substituto\/tempor\u00e1rio Emcm abre processo seletivo...<\/p><a href=\"https:\/\/emcm.ufrn.br\/site\/2024\/07\/31\/edital-053-2024\/\" class=\"eael-post-elements-readmore-btn\">Leia mais<\/a><\/div>\n                    <\/div><div class=\"eael-entry-footer\"><div class=\"eael-author-avatar\"><a href=\"https:\/\/emcm.ufrn.br\/site\/author\/dti\/\"><img alt='dti' src='https:\/\/secure.gravatar.com\/avatar\/d5365731fba6112fa441cff4ce23ecabbceff030d20ce45ce0dd0b42d6782782?s=96&#038;d=mm&#038;r=g' srcset='https:\/\/secure.gravatar.com\/avatar\/d5365731fba6112fa441cff4ce23ecabbceff030d20ce45ce0dd0b42d6782782?s=192&#038;d=mm&#038;r=g 2x' class='avatar avatar-96 photo' height='96' width='96' \/><\/a><\/div><div class=\"eael-entry-meta\"><span class=\"eael-posted-by\"><a href=\"https:\/\/emcm.ufrn.br\/site\/author\/dti\/\" title=\"Posts de dti\" rel=\"author\">dti<\/a><\/span><span class=\"eael-posted-on\"><time datetime=\"\"><\/time><\/span><\/div><\/div><\/div><\/div>\n        <\/div>\n    <\/article><article class=\"eael-grid-post  eael-post-grid-column eael-pg-post-1327 category-sem-categoria\" data-id=\"1327\">\n        <div class=\"eael-grid-post-holder\">\n            <div class=\"eael-grid-post-holder-inner\"><div class=\"eael-entry-media\"><div class=\"eael-entry-overlay fade-in\"><i class=\"fas fa-long-arrow-alt-right\" aria-hidden=\"true\"><\/i><a href=\"https:\/\/emcm.ufrn.br\/site\/2024\/07\/31\/minha-arte-na-capa\/\"><\/a><\/div><div class=\"eael-entry-thumbnail \">\n                <img loading=\"lazy\" decoding=\"async\" width=\"300\" height=\"300\" src=\"https:\/\/emcm.ufrn.br\/site\/wp-content\/uploads\/2024\/07\/vencedor-concursominhaartenacapa.jpeg\" class=\"attachment-medium size-medium wp-image-1335\" alt=\"\" \/>\n            <\/div>\n        <\/div><div class=\"eael-entry-wrapper\"><header class=\"eael-entry-header\"><h2 class=\"eael-entry-title\"><a class=\"eael-grid-post-link\" href=\"https:\/\/emcm.ufrn.br\/site\/2024\/07\/31\/minha-arte-na-capa\/\" title=\"Minha arte na capa\">Minha arte na capa<\/a><\/h2><\/header><div class=\"eael-entry-content\">\n                        <div class=\"eael-grid-post-excerpt\"><p>Vencedor do concurso &#8220;Minha arte na capa&#8221; A comiss\u00e3o organizadora...<\/p><a href=\"https:\/\/emcm.ufrn.br\/site\/2024\/07\/31\/minha-arte-na-capa\/\" class=\"eael-post-elements-readmore-btn\">Leia mais<\/a><\/div>\n                    <\/div><div class=\"eael-entry-footer\"><div class=\"eael-author-avatar\"><a href=\"https:\/\/emcm.ufrn.br\/site\/author\/dti\/\"><img alt='dti' src='https:\/\/secure.gravatar.com\/avatar\/d5365731fba6112fa441cff4ce23ecabbceff030d20ce45ce0dd0b42d6782782?s=96&#038;d=mm&#038;r=g' srcset='https:\/\/secure.gravatar.com\/avatar\/d5365731fba6112fa441cff4ce23ecabbceff030d20ce45ce0dd0b42d6782782?s=192&#038;d=mm&#038;r=g 2x' class='avatar avatar-96 photo' height='96' width='96' \/><\/a><\/div><div class=\"eael-entry-meta\"><span class=\"eael-posted-by\"><a href=\"https:\/\/emcm.ufrn.br\/site\/author\/dti\/\" title=\"Posts de dti\" rel=\"author\">dti<\/a><\/span><span class=\"eael-posted-on\"><time datetime=\"\"><\/time><\/span><\/div><\/div><\/div><\/div>\n        <\/div>\n    <\/article><article class=\"eael-grid-post  eael-post-grid-column eael-pg-post-1321 category-sem-categoria\" data-id=\"1321\">\n        <div class=\"eael-grid-post-holder\">\n            <div class=\"eael-grid-post-holder-inner\"><div class=\"eael-entry-media\"><div class=\"eael-entry-overlay fade-in\"><i class=\"fas fa-long-arrow-alt-right\" aria-hidden=\"true\"><\/i><a href=\"https:\/\/emcm.ufrn.br\/site\/2024\/07\/31\/dia-da-mulher\/\"><\/a><\/div><div class=\"eael-entry-thumbnail \">\n                <img loading=\"lazy\" decoding=\"async\" width=\"300\" height=\"300\" src=\"https:\/\/emcm.ufrn.br\/site\/wp-content\/uploads\/2024\/07\/Parabens-mulher.png\" class=\"attachment-medium size-medium wp-image-1326\" alt=\"\" \/>\n            <\/div>\n        <\/div><div class=\"eael-entry-wrapper\"><header class=\"eael-entry-header\"><h2 class=\"eael-entry-title\"><a class=\"eael-grid-post-link\" href=\"https:\/\/emcm.ufrn.br\/site\/2024\/07\/31\/dia-da-mulher\/\" title=\"Dia da Mulher\">Dia da Mulher<\/a><\/h2><\/header><div class=\"eael-entry-content\">\n                        <div class=\"eael-grid-post-excerpt\"><p>8 de Mar\u00e7o &#8211; dia internacional da Mulher A Escola...<\/p><a href=\"https:\/\/emcm.ufrn.br\/site\/2024\/07\/31\/dia-da-mulher\/\" class=\"eael-post-elements-readmore-btn\">Leia mais<\/a><\/div>\n                    <\/div><div class=\"eael-entry-footer\"><div class=\"eael-author-avatar\"><a href=\"https:\/\/emcm.ufrn.br\/site\/author\/dti\/\"><img alt='dti' src='https:\/\/secure.gravatar.com\/avatar\/d5365731fba6112fa441cff4ce23ecabbceff030d20ce45ce0dd0b42d6782782?s=96&#038;d=mm&#038;r=g' srcset='https:\/\/secure.gravatar.com\/avatar\/d5365731fba6112fa441cff4ce23ecabbceff030d20ce45ce0dd0b42d6782782?s=192&#038;d=mm&#038;r=g 2x' class='avatar avatar-96 photo' height='96' width='96' \/><\/a><\/div><div class=\"eael-entry-meta\"><span class=\"eael-posted-by\"><a href=\"https:\/\/emcm.ufrn.br\/site\/author\/dti\/\" title=\"Posts de dti\" rel=\"author\">dti<\/a><\/span><span class=\"eael-posted-on\"><time datetime=\"\"><\/time><\/span><\/div><\/div><\/div><\/div>\n        <\/div>\n    <\/article><article class=\"eael-grid-post  eael-post-grid-column eael-pg-post-1302 category-sem-categoria\" data-id=\"1302\">\n        <div class=\"eael-grid-post-holder\">\n            <div class=\"eael-grid-post-holder-inner\"><div class=\"eael-entry-media\"><div class=\"eael-entry-overlay fade-in\"><i class=\"fas fa-long-arrow-alt-right\" aria-hidden=\"true\"><\/i><a href=\"https:\/\/emcm.ufrn.br\/site\/2024\/07\/30\/edital-023-2024\/\"><\/a><\/div><div class=\"eael-entry-thumbnail \">\n                <img loading=\"lazy\" decoding=\"async\" width=\"300\" height=\"300\" src=\"https:\/\/emcm.ufrn.br\/site\/wp-content\/uploads\/2024\/07\/Edital-0232024.png\" class=\"attachment-medium size-medium wp-image-1310\" alt=\"\" \/>\n            <\/div>\n        <\/div><div class=\"eael-entry-wrapper\"><header class=\"eael-entry-header\"><h2 class=\"eael-entry-title\"><a class=\"eael-grid-post-link\" href=\"https:\/\/emcm.ufrn.br\/site\/2024\/07\/30\/edital-023-2024\/\" title=\"Edital 023\/2024\">Edital 023\/2024<\/a><\/h2><\/header><div class=\"eael-entry-content\">\n                        <div class=\"eael-grid-post-excerpt\"><p>Processo seletivo simplificado para professor substituto\/tempor\u00e1rio Emcm abre processo seletivo...<\/p><a href=\"https:\/\/emcm.ufrn.br\/site\/2024\/07\/30\/edital-023-2024\/\" class=\"eael-post-elements-readmore-btn\">Leia mais<\/a><\/div>\n                    <\/div><div class=\"eael-entry-footer\"><div class=\"eael-author-avatar\"><a href=\"https:\/\/emcm.ufrn.br\/site\/author\/dti\/\"><img alt='dti' src='https:\/\/secure.gravatar.com\/avatar\/d5365731fba6112fa441cff4ce23ecabbceff030d20ce45ce0dd0b42d6782782?s=96&#038;d=mm&#038;r=g' srcset='https:\/\/secure.gravatar.com\/avatar\/d5365731fba6112fa441cff4ce23ecabbceff030d20ce45ce0dd0b42d6782782?s=192&#038;d=mm&#038;r=g 2x' class='avatar avatar-96 photo' height='96' width='96' \/><\/a><\/div><div class=\"eael-entry-meta\"><span class=\"eael-posted-by\"><a href=\"https:\/\/emcm.ufrn.br\/site\/author\/dti\/\" title=\"Posts de dti\" rel=\"author\">dti<\/a><\/span><span class=\"eael-posted-on\"><time datetime=\"\"><\/time><\/span><\/div><\/div><\/div><\/div>\n        <\/div>\n    <\/article><article class=\"eael-grid-post  eael-post-grid-column eael-pg-post-1293 category-sem-categoria\" data-id=\"1293\">\n        <div class=\"eael-grid-post-holder\">\n            <div class=\"eael-grid-post-holder-inner\"><div class=\"eael-entry-media\"><div class=\"eael-entry-overlay fade-in\"><i class=\"fas fa-long-arrow-alt-right\" aria-hidden=\"true\"><\/i><a href=\"https:\/\/emcm.ufrn.br\/site\/2024\/07\/30\/projeto-de-extensao\/\"><\/a><\/div><div class=\"eael-entry-thumbnail \">\n                <img loading=\"lazy\" decoding=\"async\" width=\"300\" height=\"300\" src=\"https:\/\/emcm.ufrn.br\/site\/wp-content\/uploads\/2024\/07\/Projeto-de-Extensao.png\" class=\"attachment-medium size-medium wp-image-1301\" alt=\"\" \/>\n            <\/div>\n        <\/div><div class=\"eael-entry-wrapper\"><header class=\"eael-entry-header\"><h2 class=\"eael-entry-title\"><a class=\"eael-grid-post-link\" href=\"https:\/\/emcm.ufrn.br\/site\/2024\/07\/30\/projeto-de-extensao\/\" title=\"Projeto de Extens\u00e3o\">Projeto de Extens\u00e3o<\/a><\/h2><\/header><div class=\"eael-entry-content\">\n                        <div class=\"eael-grid-post-excerpt\"><p>Projeto de extens\u00e3o Ambulat\u00f3rio de Baixa Estatura e Dist\u00farbio Puberais...<\/p><a href=\"https:\/\/emcm.ufrn.br\/site\/2024\/07\/30\/projeto-de-extensao\/\" class=\"eael-post-elements-readmore-btn\">Leia mais<\/a><\/div>\n                    <\/div><div class=\"eael-entry-footer\"><div class=\"eael-author-avatar\"><a href=\"https:\/\/emcm.ufrn.br\/site\/author\/dti\/\"><img alt='dti' src='https:\/\/secure.gravatar.com\/avatar\/d5365731fba6112fa441cff4ce23ecabbceff030d20ce45ce0dd0b42d6782782?s=96&#038;d=mm&#038;r=g' srcset='https:\/\/secure.gravatar.com\/avatar\/d5365731fba6112fa441cff4ce23ecabbceff030d20ce45ce0dd0b42d6782782?s=192&#038;d=mm&#038;r=g 2x' class='avatar avatar-96 photo' height='96' width='96' \/><\/a><\/div><div class=\"eael-entry-meta\"><span class=\"eael-posted-by\"><a href=\"https:\/\/emcm.ufrn.br\/site\/author\/dti\/\" title=\"Posts de dti\" rel=\"author\">dti<\/a><\/span><span class=\"eael-posted-on\"><time datetime=\"\"><\/time><\/span><\/div><\/div><\/div><\/div>\n        <\/div>\n    <\/article><article class=\"eael-grid-post  eael-post-grid-column eael-pg-post-1284 category-sem-categoria\" data-id=\"1284\">\n        <div class=\"eael-grid-post-holder\">\n            <div class=\"eael-grid-post-holder-inner\"><div class=\"eael-entry-media\"><div class=\"eael-entry-overlay fade-in\"><i class=\"fas fa-long-arrow-alt-right\" aria-hidden=\"true\"><\/i><a href=\"https:\/\/emcm.ufrn.br\/site\/2024\/07\/30\/edital-10-2024\/\"><\/a><\/div><div class=\"eael-entry-thumbnail \">\n                <img loading=\"lazy\" decoding=\"async\" width=\"300\" height=\"300\" src=\"https:\/\/emcm.ufrn.br\/site\/wp-content\/uploads\/2024\/07\/edital-10.2024.png\" class=\"attachment-medium size-medium wp-image-1292\" alt=\"\" \/>\n            <\/div>\n        <\/div><div class=\"eael-entry-wrapper\"><header class=\"eael-entry-header\"><h2 class=\"eael-entry-title\"><a class=\"eael-grid-post-link\" href=\"https:\/\/emcm.ufrn.br\/site\/2024\/07\/30\/edital-10-2024\/\" title=\"Edital 10\/2024\">Edital 10\/2024<\/a><\/h2><\/header><div class=\"eael-entry-content\">\n                        <div class=\"eael-grid-post-excerpt\"><p>Concurso p\u00fablico de provas e t\u00edtulos para o provimento de...<\/p><a href=\"https:\/\/emcm.ufrn.br\/site\/2024\/07\/30\/edital-10-2024\/\" class=\"eael-post-elements-readmore-btn\">Leia mais<\/a><\/div>\n                    <\/div><div class=\"eael-entry-footer\"><div class=\"eael-author-avatar\"><a href=\"https:\/\/emcm.ufrn.br\/site\/author\/dti\/\"><img alt='dti' src='https:\/\/secure.gravatar.com\/avatar\/d5365731fba6112fa441cff4ce23ecabbceff030d20ce45ce0dd0b42d6782782?s=96&#038;d=mm&#038;r=g' srcset='https:\/\/secure.gravatar.com\/avatar\/d5365731fba6112fa441cff4ce23ecabbceff030d20ce45ce0dd0b42d6782782?s=192&#038;d=mm&#038;r=g 2x' class='avatar avatar-96 photo' height='96' width='96' \/><\/a><\/div><div class=\"eael-entry-meta\"><span class=\"eael-posted-by\"><a href=\"https:\/\/emcm.ufrn.br\/site\/author\/dti\/\" title=\"Posts de dti\" rel=\"author\">dti<\/a><\/span><span class=\"eael-posted-on\"><time datetime=\"\"><\/time><\/span><\/div><\/div><\/div><\/div>\n        <\/div>\n    <\/article><article class=\"eael-grid-post  eael-post-grid-column eael-pg-post-991 category-sem-categoria\" data-id=\"991\">\n        <div class=\"eael-grid-post-holder\">\n            <div class=\"eael-grid-post-holder-inner\"><div class=\"eael-entry-media\"><div class=\"eael-entry-overlay fade-in\"><i class=\"fas fa-long-arrow-alt-right\" aria-hidden=\"true\"><\/i><a href=\"https:\/\/emcm.ufrn.br\/site\/2024\/07\/30\/matricula-enare\/\"><\/a><\/div><div class=\"eael-entry-thumbnail \">\n                <img loading=\"lazy\" decoding=\"async\" width=\"300\" height=\"300\" src=\"https:\/\/emcm.ufrn.br\/site\/wp-content\/uploads\/2024\/07\/matriculaEnare-1.png\" class=\"attachment-medium size-medium wp-image-1283\" alt=\"\" \/>\n            <\/div>\n        <\/div><div class=\"eael-entry-wrapper\"><header class=\"eael-entry-header\"><h2 class=\"eael-entry-title\"><a class=\"eael-grid-post-link\" href=\"https:\/\/emcm.ufrn.br\/site\/2024\/07\/30\/matricula-enare\/\" title=\"Matr\u00edcula Enare\">Matr\u00edcula Enare<\/a><\/h2><\/header><div class=\"eael-entry-content\">\n                        <div class=\"eael-grid-post-excerpt\"><p>Matr\u00edcula Enare 2023-2024- Resid\u00eancia M\u00e9dica A Escola Multicampi de Ci\u00eancias...<\/p><a href=\"https:\/\/emcm.ufrn.br\/site\/2024\/07\/30\/matricula-enare\/\" class=\"eael-post-elements-readmore-btn\">Leia mais<\/a><\/div>\n                    <\/div><div class=\"eael-entry-footer\"><div class=\"eael-author-avatar\"><a href=\"https:\/\/emcm.ufrn.br\/site\/author\/dti\/\"><img alt='dti' src='https:\/\/secure.gravatar.com\/avatar\/d5365731fba6112fa441cff4ce23ecabbceff030d20ce45ce0dd0b42d6782782?s=96&#038;d=mm&#038;r=g' srcset='https:\/\/secure.gravatar.com\/avatar\/d5365731fba6112fa441cff4ce23ecabbceff030d20ce45ce0dd0b42d6782782?s=192&#038;d=mm&#038;r=g 2x' class='avatar avatar-96 photo' height='96' width='96' \/><\/a><\/div><div class=\"eael-entry-meta\"><span class=\"eael-posted-by\"><a href=\"https:\/\/emcm.ufrn.br\/site\/author\/dti\/\" title=\"Posts de dti\" rel=\"author\">dti<\/a><\/span><span class=\"eael-posted-on\"><time datetime=\"\"><\/time><\/span><\/div><\/div><\/div><\/div>\n        <\/div>\n    <\/article><article class=\"eael-grid-post  eael-post-grid-column eael-pg-post-982 category-sem-categoria\" data-id=\"982\">\n        <div class=\"eael-grid-post-holder\">\n            <div class=\"eael-grid-post-holder-inner\"><div class=\"eael-entry-media\"><div class=\"eael-entry-overlay fade-in\"><i class=\"fas fa-long-arrow-alt-right\" aria-hidden=\"true\"><\/i><a href=\"https:\/\/emcm.ufrn.br\/site\/2024\/07\/29\/edital-001-2024\/\"><\/a><\/div><div class=\"eael-entry-thumbnail \">\n                <img loading=\"lazy\" decoding=\"async\" width=\"300\" height=\"300\" src=\"https:\/\/emcm.ufrn.br\/site\/wp-content\/uploads\/2024\/07\/Edital-001-2024.png\" class=\"attachment-medium size-medium wp-image-990\" alt=\"\" \/>\n            <\/div>\n        <\/div><div class=\"eael-entry-wrapper\"><header class=\"eael-entry-header\"><h2 class=\"eael-entry-title\"><a class=\"eael-grid-post-link\" href=\"https:\/\/emcm.ufrn.br\/site\/2024\/07\/29\/edital-001-2024\/\" title=\"Edital 001\/2024\">Edital 001\/2024<\/a><\/h2><\/header><div class=\"eael-entry-content\">\n                        <div class=\"eael-grid-post-excerpt\"><p>Edital de cadastro de matr\u00edcula de remanejamento de vagas remanescentes...<\/p><a href=\"https:\/\/emcm.ufrn.br\/site\/2024\/07\/29\/edital-001-2024\/\" class=\"eael-post-elements-readmore-btn\">Leia mais<\/a><\/div>\n                    <\/div><div class=\"eael-entry-footer\"><div class=\"eael-author-avatar\"><a href=\"https:\/\/emcm.ufrn.br\/site\/author\/dti\/\"><img alt='dti' src='https:\/\/secure.gravatar.com\/avatar\/d5365731fba6112fa441cff4ce23ecabbceff030d20ce45ce0dd0b42d6782782?s=96&#038;d=mm&#038;r=g' srcset='https:\/\/secure.gravatar.com\/avatar\/d5365731fba6112fa441cff4ce23ecabbceff030d20ce45ce0dd0b42d6782782?s=192&#038;d=mm&#038;r=g 2x' class='avatar avatar-96 photo' height='96' width='96' \/><\/a><\/div><div class=\"eael-entry-meta\"><span class=\"eael-posted-by\"><a href=\"https:\/\/emcm.ufrn.br\/site\/author\/dti\/\" title=\"Posts de dti\" rel=\"author\">dti<\/a><\/span><span class=\"eael-posted-on\"><time datetime=\"\"><\/time><\/span><\/div><\/div><\/div><\/div>\n        <\/div>\n    <\/article><\/div>\n            <div class=\"clearfix\"><\/div>\n        <\/div>\t\t\t\t<\/div>\n\t\t\t\t<\/div>\n\t\t\t\t\t<\/div>\n\t\t\t\t<\/div>\n\t\t\t\t<\/div>\n\t\t","protected":false},"excerpt":{"rendered":"<p>Veja todas as not\u00edcias aqui Edital 001\/2025 EMCM\/UFRN abre inscri\u00e7\u00f5es para Mestrado Profissional em Educa\u00e7\u00e3o, Trabalho e&#8230; Leia mais dti9 de julho de 2025 Edital PET-Sa\u00fade Inscri\u00e7\u00f5es abertas para o programa PET-sa\u00fade 2025\/2027 A Universidade Federal&#8230; Leia mais dti30 de junho de 2025 Edital 77\/2025 Processo Seletivo Simplificado para Professor Substituto\/tempor\u00e1rio Emcm abre processo seletivo&#8230; [&hellip;]<\/p>\n","protected":false},"author":1,"featured_media":0,"parent":0,"menu_order":0,"comment_status":"closed","ping_status":"closed","template":"","meta":{"footnotes":""},"class_list":["post-533","page","type-page","status-publish","hentry"],"_links":{"self":[{"href":"https:\/\/emcm.ufrn.br\/site\/wp-json\/wp\/v2\/pages\/533","targetHints":{"allow":["GET"]}}],"collection":[{"href":"https:\/\/emcm.ufrn.br\/site\/wp-json\/wp\/v2\/pages"}],"about":[{"href":"https:\/\/emcm.ufrn.br\/site\/wp-json\/wp\/v2\/types\/page"}],"author":[{"embeddable":true,"href":"https:\/\/emcm.ufrn.br\/site\/wp-json\/wp\/v2\/users\/1"}],"replies":[{"embeddable":true,"href":"https:\/\/emcm.ufrn.br\/site\/wp-json\/wp\/v2\/comments?post=533"}],"version-history":[{"count":49,"href":"https:\/\/emcm.ufrn.br\/site\/wp-json\/wp\/v2\/pages\/533\/revisions"}],"predecessor-version":[{"id":5208,"href":"https:\/\/emcm.ufrn.br\/site\/wp-json\/wp\/v2\/pages\/533\/revisions\/5208"}],"wp:attachment":[{"href":"https:\/\/emcm.ufrn.br\/site\/wp-json\/wp\/v2\/media?parent=533"}],"curies":[{"name":"wp","href":"https:\/\/api.w.org\/{rel}","templated":true}]}}