{"id":342,"date":"2024-03-07T16:37:32","date_gmt":"2024-03-07T19:37:32","guid":{"rendered":"http:\/\/10.143.8.37\/site\/?page_id=342"},"modified":"2025-07-09T14:05:50","modified_gmt":"2025-07-09T17:05:50","slug":"pagina-inicial","status":"publish","type":"page","link":"https:\/\/emcm.ufrn.br\/site\/","title":{"rendered":"P\u00e1gina Inicial"},"content":{"rendered":"\t\t<div data-elementor-type=\"wp-page\" data-elementor-id=\"342\" class=\"elementor elementor-342\" data-elementor-settings=\"{&quot;ha_cmc_init_switcher&quot;:&quot;no&quot;}\">\n\t\t\t\t<div class=\"elementor-element elementor-element-f3031a9 e-con-full e-flex e-con e-parent\" data-id=\"f3031a9\" data-element_type=\"container\" data-e-type=\"container\" data-settings=\"{&quot;background_background&quot;:&quot;classic&quot;,&quot;_ha_eqh_enable&quot;:false}\">\n\t\t<div class=\"elementor-element elementor-element-1039f33 e-con-full e-flex e-con e-child\" data-id=\"1039f33\" data-element_type=\"container\" data-e-type=\"container\" data-settings=\"{&quot;_ha_eqh_enable&quot;:false}\">\n\t\t\t\t<div class=\"elementor-element elementor-element-59fddb1 elementor-view-default elementor-widget elementor-widget-icon\" data-id=\"59fddb1\" data-element_type=\"widget\" data-e-type=\"widget\" data-widget_type=\"icon.default\">\n\t\t\t\t<div class=\"elementor-widget-container\">\n\t\t\t\t\t\t\t<div class=\"elementor-icon-wrapper\">\n\t\t\t<a class=\"elementor-icon elementor-animation-shrink\" href=\"https:\/\/emcm.ufrn.br\/site\/editais\/\">\n\t\t\t<svg aria-hidden=\"true\" class=\"e-font-icon-svg e-far-file-alt\" viewBox=\"0 0 384 512\" xmlns=\"http:\/\/www.w3.org\/2000\/svg\"><path d=\"M288 248v28c0 6.6-5.4 12-12 12H108c-6.6 0-12-5.4-12-12v-28c0-6.6 5.4-12 12-12h168c6.6 0 12 5.4 12 12zm-12 72H108c-6.6 0-12 5.4-12 12v28c0 6.6 5.4 12 12 12h168c6.6 0 12-5.4 12-12v-28c0-6.6-5.4-12-12-12zm108-188.1V464c0 26.5-21.5 48-48 48H48c-26.5 0-48-21.5-48-48V48C0 21.5 21.5 0 48 0h204.1C264.8 0 277 5.1 286 14.1L369.9 98c9 8.9 14.1 21.2 14.1 33.9zm-128-80V128h76.1L256 51.9zM336 464V176H232c-13.3 0-24-10.7-24-24V48H48v416h288z\"><\/path><\/svg>\t\t\t<\/a>\n\t\t<\/div>\n\t\t\t\t\t\t<\/div>\n\t\t\t\t<\/div>\n\t\t\t\t<div class=\"elementor-element elementor-element-24bb406 elementor-widget elementor-widget-heading\" data-id=\"24bb406\" data-element_type=\"widget\" data-e-type=\"widget\" data-widget_type=\"heading.default\">\n\t\t\t\t<div class=\"elementor-widget-container\">\n\t\t\t\t\t<h5 class=\"elementor-heading-title elementor-size-default\"><a href=\"https:\/\/emcm.ufrn.br\/site\/editais\/\">Editais<\/a><\/h5>\t\t\t\t<\/div>\n\t\t\t\t<\/div>\n\t\t\t\t<\/div>\n\t\t<div class=\"elementor-element elementor-element-6e41171 e-con-full e-flex e-con e-child\" data-id=\"6e41171\" data-element_type=\"container\" data-e-type=\"container\" data-settings=\"{&quot;_ha_eqh_enable&quot;:false}\">\n\t\t\t\t<div class=\"elementor-element elementor-element-5f5c3be elementor-view-default elementor-widget elementor-widget-icon\" data-id=\"5f5c3be\" data-element_type=\"widget\" data-e-type=\"widget\" data-widget_type=\"icon.default\">\n\t\t\t\t<div class=\"elementor-widget-container\">\n\t\t\t\t\t\t\t<div class=\"elementor-icon-wrapper\">\n\t\t\t<a class=\"elementor-icon elementor-animation-shrink\" href=\"https:\/\/emcm.ufrn.br\/site\/contatos\/\">\n\t\t\t<svg aria-hidden=\"true\" class=\"e-font-icon-svg e-fas-phone-square-alt\" viewBox=\"0 0 448 512\" xmlns=\"http:\/\/www.w3.org\/2000\/svg\"><path d=\"M400 32H48A48 48 0 0 0 0 80v352a48 48 0 0 0 48 48h352a48 48 0 0 0 48-48V80a48 48 0 0 0-48-48zm-16.39 307.37l-15 65A15 15 0 0 1 354 416C194 416 64 286.29 64 126a15.7 15.7 0 0 1 11.63-14.61l65-15A18.23 18.23 0 0 1 144 96a16.27 16.27 0 0 1 13.79 9.09l30 70A17.9 17.9 0 0 1 189 181a17 17 0 0 1-5.5 11.61l-37.89 31a231.91 231.91 0 0 0 110.78 110.78l31-37.89A17 17 0 0 1 299 291a17.85 17.85 0 0 1 5.91 1.21l70 30A16.25 16.25 0 0 1 384 336a17.41 17.41 0 0 1-.39 3.37z\"><\/path><\/svg>\t\t\t<\/a>\n\t\t<\/div>\n\t\t\t\t\t\t<\/div>\n\t\t\t\t<\/div>\n\t\t\t\t<div class=\"elementor-element elementor-element-c012fa9 elementor-widget elementor-widget-heading\" data-id=\"c012fa9\" data-element_type=\"widget\" data-e-type=\"widget\" data-widget_type=\"heading.default\">\n\t\t\t\t<div class=\"elementor-widget-container\">\n\t\t\t\t\t<h5 class=\"elementor-heading-title elementor-size-default\"><a href=\"https:\/\/emcm.ufrn.br\/site\/contatos\/\">Telefones<\/a><\/h5>\t\t\t\t<\/div>\n\t\t\t\t<\/div>\n\t\t\t\t<\/div>\n\t\t<div class=\"elementor-element elementor-element-57fbb45 e-con-full e-flex e-con e-child\" data-id=\"57fbb45\" data-element_type=\"container\" data-e-type=\"container\" data-settings=\"{&quot;_ha_eqh_enable&quot;:false}\">\n\t\t\t\t<div class=\"elementor-element elementor-element-cd7ba6a elementor-view-default elementor-widget elementor-widget-icon\" data-id=\"cd7ba6a\" data-element_type=\"widget\" data-e-type=\"widget\" data-widget_type=\"icon.default\">\n\t\t\t\t<div class=\"elementor-widget-container\">\n\t\t\t\t\t\t\t<div class=\"elementor-icon-wrapper\">\n\t\t\t<a class=\"elementor-icon elementor-animation-shrink\" href=\"http:\/\/emcm.ufrn.br\/agenda\/Web\/view-schedule.php\">\n\t\t\t<svg aria-hidden=\"true\" class=\"e-font-icon-svg e-far-address-book\" viewBox=\"0 0 448 512\" xmlns=\"http:\/\/www.w3.org\/2000\/svg\"><path d=\"M436 160c6.6 0 12-5.4 12-12v-40c0-6.6-5.4-12-12-12h-20V48c0-26.5-21.5-48-48-48H48C21.5 0 0 21.5 0 48v416c0 26.5 21.5 48 48 48h320c26.5 0 48-21.5 48-48v-48h20c6.6 0 12-5.4 12-12v-40c0-6.6-5.4-12-12-12h-20v-64h20c6.6 0 12-5.4 12-12v-40c0-6.6-5.4-12-12-12h-20v-64h20zm-68 304H48V48h320v416zM208 256c35.3 0 64-28.7 64-64s-28.7-64-64-64-64 28.7-64 64 28.7 64 64 64zm-89.6 128h179.2c12.4 0 22.4-8.6 22.4-19.2v-19.2c0-31.8-30.1-57.6-67.2-57.6-10.8 0-18.7 8-44.8 8-26.9 0-33.4-8-44.8-8-37.1 0-67.2 25.8-67.2 57.6v19.2c0 10.6 10 19.2 22.4 19.2z\"><\/path><\/svg>\t\t\t<\/a>\n\t\t<\/div>\n\t\t\t\t\t\t<\/div>\n\t\t\t\t<\/div>\n\t\t\t\t<div class=\"elementor-element elementor-element-1a1321c elementor-widget elementor-widget-heading\" data-id=\"1a1321c\" data-element_type=\"widget\" data-e-type=\"widget\" data-widget_type=\"heading.default\">\n\t\t\t\t<div class=\"elementor-widget-container\">\n\t\t\t\t\t<h5 class=\"elementor-heading-title elementor-size-default\"><a href=\"http:\/\/emcm.ufrn.br\/agenda\/Web\/view-schedule.php\">Agenda<\/a><\/h5>\t\t\t\t<\/div>\n\t\t\t\t<\/div>\n\t\t\t\t<\/div>\n\t\t<div class=\"elementor-element elementor-element-ab25092 e-con-full e-flex e-con e-child\" data-id=\"ab25092\" data-element_type=\"container\" data-e-type=\"container\" data-settings=\"{&quot;_ha_eqh_enable&quot;:false}\">\n\t\t\t\t<div class=\"elementor-element elementor-element-74c8bed elementor-view-default elementor-widget elementor-widget-icon\" data-id=\"74c8bed\" data-element_type=\"widget\" data-e-type=\"widget\" data-widget_type=\"icon.default\">\n\t\t\t\t<div class=\"elementor-widget-container\">\n\t\t\t\t\t\t\t<div class=\"elementor-icon-wrapper\">\n\t\t\t<a class=\"elementor-icon elementor-animation-shrink\" href=\"https:\/\/emcm.ufrn.br\/site\/galerias\/\">\n\t\t\t<svg aria-hidden=\"true\" class=\"e-font-icon-svg e-far-images\" viewBox=\"0 0 576 512\" xmlns=\"http:\/\/www.w3.org\/2000\/svg\"><path d=\"M480 416v16c0 26.51-21.49 48-48 48H48c-26.51 0-48-21.49-48-48V176c0-26.51 21.49-48 48-48h16v48H54a6 6 0 0 0-6 6v244a6 6 0 0 0 6 6h372a6 6 0 0 0 6-6v-10h48zm42-336H150a6 6 0 0 0-6 6v244a6 6 0 0 0 6 6h372a6 6 0 0 0 6-6V86a6 6 0 0 0-6-6zm6-48c26.51 0 48 21.49 48 48v256c0 26.51-21.49 48-48 48H144c-26.51 0-48-21.49-48-48V80c0-26.51 21.49-48 48-48h384zM264 144c0 22.091-17.909 40-40 40s-40-17.909-40-40 17.909-40 40-40 40 17.909 40 40zm-72 96l39.515-39.515c4.686-4.686 12.284-4.686 16.971 0L288 240l103.515-103.515c4.686-4.686 12.284-4.686 16.971 0L480 208v80H192v-48z\"><\/path><\/svg>\t\t\t<\/a>\n\t\t<\/div>\n\t\t\t\t\t\t<\/div>\n\t\t\t\t<\/div>\n\t\t\t\t<div class=\"elementor-element elementor-element-5c32e51 elementor-widget elementor-widget-heading\" data-id=\"5c32e51\" data-element_type=\"widget\" data-e-type=\"widget\" data-widget_type=\"heading.default\">\n\t\t\t\t<div class=\"elementor-widget-container\">\n\t\t\t\t\t<h5 class=\"elementor-heading-title elementor-size-default\"><a href=\"https:\/\/emcm.ufrn.br\/site\/galerias\/\">Galeria<\/a><\/h5>\t\t\t\t<\/div>\n\t\t\t\t<\/div>\n\t\t\t\t<\/div>\n\t\t<div class=\"elementor-element elementor-element-0aeb3eb e-con-full e-flex e-con e-child\" data-id=\"0aeb3eb\" data-element_type=\"container\" data-e-type=\"container\" data-settings=\"{&quot;_ha_eqh_enable&quot;:false}\">\n\t\t\t\t<div class=\"elementor-element elementor-element-c853fd6 elementor-view-default elementor-widget elementor-widget-icon\" data-id=\"c853fd6\" data-element_type=\"widget\" data-e-type=\"widget\" data-widget_type=\"icon.default\">\n\t\t\t\t<div class=\"elementor-widget-container\">\n\t\t\t\t\t\t\t<div class=\"elementor-icon-wrapper\">\n\t\t\t<a class=\"elementor-icon elementor-animation-shrink\" href=\"https:\/\/emcm.ufrn.br\/site\/noticias\/\">\n\t\t\t<svg aria-hidden=\"true\" class=\"e-font-icon-svg e-far-newspaper\" viewBox=\"0 0 576 512\" xmlns=\"http:\/\/www.w3.org\/2000\/svg\"><path d=\"M552 64H112c-20.858 0-38.643 13.377-45.248 32H24c-13.255 0-24 10.745-24 24v272c0 30.928 25.072 56 56 56h496c13.255 0 24-10.745 24-24V88c0-13.255-10.745-24-24-24zM48 392V144h16v248c0 4.411-3.589 8-8 8s-8-3.589-8-8zm480 8H111.422c.374-2.614.578-5.283.578-8V112h416v288zM172 280h136c6.627 0 12-5.373 12-12v-96c0-6.627-5.373-12-12-12H172c-6.627 0-12 5.373-12 12v96c0 6.627 5.373 12 12 12zm28-80h80v40h-80v-40zm-40 140v-24c0-6.627 5.373-12 12-12h136c6.627 0 12 5.373 12 12v24c0 6.627-5.373 12-12 12H172c-6.627 0-12-5.373-12-12zm192 0v-24c0-6.627 5.373-12 12-12h104c6.627 0 12 5.373 12 12v24c0 6.627-5.373 12-12 12H364c-6.627 0-12-5.373-12-12zm0-144v-24c0-6.627 5.373-12 12-12h104c6.627 0 12 5.373 12 12v24c0 6.627-5.373 12-12 12H364c-6.627 0-12-5.373-12-12zm0 72v-24c0-6.627 5.373-12 12-12h104c6.627 0 12 5.373 12 12v24c0 6.627-5.373 12-12 12H364c-6.627 0-12-5.373-12-12z\"><\/path><\/svg>\t\t\t<\/a>\n\t\t<\/div>\n\t\t\t\t\t\t<\/div>\n\t\t\t\t<\/div>\n\t\t\t\t<div class=\"elementor-element elementor-element-b41ac0e elementor-widget elementor-widget-heading\" data-id=\"b41ac0e\" data-element_type=\"widget\" data-e-type=\"widget\" data-widget_type=\"heading.default\">\n\t\t\t\t<div class=\"elementor-widget-container\">\n\t\t\t\t\t<h5 class=\"elementor-heading-title elementor-size-default\"><a href=\"https:\/\/emcm.ufrn.br\/site\/noticias\/\">Not\u00edcias<\/a><\/h5>\t\t\t\t<\/div>\n\t\t\t\t<\/div>\n\t\t\t\t<\/div>\n\t\t\t\t<\/div>\n\t\t<div class=\"elementor-element elementor-element-90edf7a e-flex e-con-boxed e-con e-parent\" data-id=\"90edf7a\" data-element_type=\"container\" data-e-type=\"container\" data-settings=\"{&quot;_ha_eqh_enable&quot;:false}\">\n\t\t\t\t\t<div class=\"e-con-inner\">\n\t\t\t\t<div class=\"elementor-element elementor-element-7d26ac5 elementor-widget elementor-widget-spacer\" data-id=\"7d26ac5\" data-element_type=\"widget\" data-e-type=\"widget\" data-widget_type=\"spacer.default\">\n\t\t\t\t<div class=\"elementor-widget-container\">\n\t\t\t\t\t\t\t<div class=\"elementor-spacer\">\n\t\t\t<div class=\"elementor-spacer-inner\"><\/div>\n\t\t<\/div>\n\t\t\t\t\t\t<\/div>\n\t\t\t\t<\/div>\n\t\t\t\t\t<\/div>\n\t\t\t\t<\/div>\n\t\t<div class=\"elementor-element elementor-element-1bc2209 e-flex e-con-boxed e-con e-parent\" data-id=\"1bc2209\" data-element_type=\"container\" data-e-type=\"container\" data-settings=\"{&quot;_ha_eqh_enable&quot;:false}\">\n\t\t\t\t\t<div class=\"e-con-inner\">\n\t\t\t\t<div class=\"elementor-element elementor-element-72d094f elementor-widget elementor-widget-prime-slider-mercury\" data-id=\"72d094f\" data-element_type=\"widget\" data-e-type=\"widget\" data-widget_type=\"prime-slider-mercury.default\">\n\t\t\t\t<div class=\"elementor-widget-container\">\n\t\t\t\t\t\n                    <div class=\"bdt-prime-slider-mercury\">\n        <div id=\"bdt-prime-slider-72d094f\" class=\"bdt-mercury-slider elementor-swiper\" data-settings=\"{&quot;autoplay&quot;:{&quot;delay&quot;:5000},&quot;loop&quot;:true,&quot;speed&quot;:900,&quot;effect&quot;:&quot;slide&quot;,&quot;gl&quot;:{&quot;shader&quot;:&quot;random&quot;},&quot;fadeEffect&quot;:{&quot;crossFade&quot;:true},&quot;lazy&quot;:{&quot;loadPrevNext&quot;:&quot;true&quot;},&quot;parallax&quot;:true,&quot;watchSlidesProgress&quot;:true,&quot;slidesPerView&quot;:1,&quot;loopedSlides&quot;:4,&quot;navigation&quot;:{&quot;nextEl&quot;:&quot;#bdt-prime-slider-72d094f .bdt-button-next&quot;,&quot;prevEl&quot;:&quot;#bdt-prime-slider-72d094f .bdt-button-prev&quot;},&quot;pagination&quot;:{&quot;el&quot;:&quot;#bdt-prime-slider-72d094f .swiper-pagination&quot;,&quot;clickable&quot;:&quot;true&quot;}}\">\n            <div class=\"bdt-mercury-image-slider swiper\" role=\"region\" aria-roledescription=\"carousel\" aria-label=\"Mercury Slider\" dir=\"ltr\">\n                <div class=\"swiper-wrapper\">\n        \n        <div class=\"bdt-item  swiper-slide\">\n            <div class=\"bdt-img-wrap\" data-reveal=\"reveal-active\">\n                <img fetchpriority=\"high\" decoding=\"async\" width=\"1152\" height=\"1152\" src=\"https:\/\/emcm.ufrn.br\/site\/wp-content\/uploads\/2026\/04\/EDITAL-057-2026.png\" class=\"bdt-img swiper-lazy\" alt=\"Edital 057\/2026\" srcset=\"https:\/\/emcm.ufrn.br\/site\/wp-content\/uploads\/2026\/04\/EDITAL-057-2026.png 1152w, https:\/\/emcm.ufrn.br\/site\/wp-content\/uploads\/2026\/04\/EDITAL-057-2026-300x300.png 300w, https:\/\/emcm.ufrn.br\/site\/wp-content\/uploads\/2026\/04\/EDITAL-057-2026-1024x1024.png 1024w, https:\/\/emcm.ufrn.br\/site\/wp-content\/uploads\/2026\/04\/EDITAL-057-2026-150x150.png 150w, https:\/\/emcm.ufrn.br\/site\/wp-content\/uploads\/2026\/04\/EDITAL-057-2026-768x768.png 768w\" sizes=\"(max-width: 1152px) 100vw, 1152px\" \/>            <\/div>\n        <\/div>\n\n        \n        <div class=\"bdt-item  swiper-slide\">\n            <div class=\"bdt-img-wrap\" data-reveal=\"reveal-active\">\n                <img decoding=\"async\" width=\"1024\" height=\"1024\" src=\"https:\/\/emcm.ufrn.br\/site\/wp-content\/uploads\/2026\/03\/EDITAL-046-2026-1.png\" class=\"bdt-img swiper-lazy\" alt=\"Edital 046\/2026\" srcset=\"https:\/\/emcm.ufrn.br\/site\/wp-content\/uploads\/2026\/03\/EDITAL-046-2026-1.png 1024w, https:\/\/emcm.ufrn.br\/site\/wp-content\/uploads\/2026\/03\/EDITAL-046-2026-1-300x300.png 300w, https:\/\/emcm.ufrn.br\/site\/wp-content\/uploads\/2026\/03\/EDITAL-046-2026-1-150x150.png 150w, https:\/\/emcm.ufrn.br\/site\/wp-content\/uploads\/2026\/03\/EDITAL-046-2026-1-768x768.png 768w\" sizes=\"(max-width: 1024px) 100vw, 1024px\" \/>            <\/div>\n        <\/div>\n\n        \n        <div class=\"bdt-item  swiper-slide\">\n            <div class=\"bdt-img-wrap\" data-reveal=\"reveal-active\">\n                <img decoding=\"async\" width=\"574\" height=\"814\" src=\"https:\/\/emcm.ufrn.br\/site\/wp-content\/uploads\/2026\/03\/WhatsApp-Image-2026-03-10-at-12.19.14.jpeg\" class=\"bdt-img swiper-lazy\" alt=\"Inaugura\u00e7\u00e3o do Banco Vermelho na EMCM\/UFRN\" srcset=\"https:\/\/emcm.ufrn.br\/site\/wp-content\/uploads\/2026\/03\/WhatsApp-Image-2026-03-10-at-12.19.14.jpeg 574w, https:\/\/emcm.ufrn.br\/site\/wp-content\/uploads\/2026\/03\/WhatsApp-Image-2026-03-10-at-12.19.14-212x300.jpeg 212w\" sizes=\"(max-width: 574px) 100vw, 574px\" \/>            <\/div>\n        <\/div>\n\n        \n        <div class=\"bdt-item  swiper-slide\">\n            <div class=\"bdt-img-wrap\" data-reveal=\"reveal-active\">\n                <img loading=\"lazy\" decoding=\"async\" width=\"1024\" height=\"1024\" src=\"https:\/\/emcm.ufrn.br\/site\/wp-content\/uploads\/2026\/02\/EDITAL-008-2026.png\" class=\"bdt-img swiper-lazy\" alt=\"Edital 008\/2026\" srcset=\"https:\/\/emcm.ufrn.br\/site\/wp-content\/uploads\/2026\/02\/EDITAL-008-2026.png 1024w, https:\/\/emcm.ufrn.br\/site\/wp-content\/uploads\/2026\/02\/EDITAL-008-2026-300x300.png 300w, https:\/\/emcm.ufrn.br\/site\/wp-content\/uploads\/2026\/02\/EDITAL-008-2026-150x150.png 150w, https:\/\/emcm.ufrn.br\/site\/wp-content\/uploads\/2026\/02\/EDITAL-008-2026-768x768.png 768w\" sizes=\"(max-width: 1024px) 100vw, 1024px\" \/>            <\/div>\n        <\/div>\n\n        \n        <div class=\"bdt-item  swiper-slide\">\n            <div class=\"bdt-img-wrap\" data-reveal=\"reveal-active\">\n                <img loading=\"lazy\" decoding=\"async\" width=\"1080\" height=\"1350\" src=\"https:\/\/emcm.ufrn.br\/site\/wp-content\/uploads\/2026\/01\/Informe-Programa-de-Residencia-Medica-em-Medicina-de-Familia-e-Comunidade-R3.jpeg\" class=\"bdt-img swiper-lazy\" alt=\"Programa de Resid\u00eancia M\u00e9dica em Medicina de Fam\u00edlia e Comunidade (R3)\" srcset=\"https:\/\/emcm.ufrn.br\/site\/wp-content\/uploads\/2026\/01\/Informe-Programa-de-Residencia-Medica-em-Medicina-de-Familia-e-Comunidade-R3.jpeg 1080w, https:\/\/emcm.ufrn.br\/site\/wp-content\/uploads\/2026\/01\/Informe-Programa-de-Residencia-Medica-em-Medicina-de-Familia-e-Comunidade-R3-240x300.jpeg 240w, https:\/\/emcm.ufrn.br\/site\/wp-content\/uploads\/2026\/01\/Informe-Programa-de-Residencia-Medica-em-Medicina-de-Familia-e-Comunidade-R3-819x1024.jpeg 819w, https:\/\/emcm.ufrn.br\/site\/wp-content\/uploads\/2026\/01\/Informe-Programa-de-Residencia-Medica-em-Medicina-de-Familia-e-Comunidade-R3-768x960.jpeg 768w\" sizes=\"(max-width: 1080px) 100vw, 1080px\" \/>            <\/div>\n        <\/div>\n\n                        <\/div>\n                                <div class=\"bdt-navigation-wrap reveal-muted\">\n                    <div class=\"bdt-button-next\">\n                        <i class=\"ps-wi-arrow-right\"><\/i>\n                    <\/div>\n                    <div class=\"bdt-button-prev\">\n                        <i class=\"ps-wi-arrow-left\"><\/i>\n                    <\/div>\n                <\/div>\n                            <\/div>\n                    <div thumbsSlider=\"\" class=\"bdt-mercury-content-slider swiper\">\n                <div class=\"swiper-wrapper\">\n                    \n        <div class=\"bdt-item swiper-slide\">\n            <div class=\"bdt-content\">\n                        <div class=\"bdt-category\" data-reveal=\"reveal-active\" data-swiper-parallax=\"-300\" data-swiper-parallax-duration=\"600\">\n        <a href=\"https:\/\/emcm.ufrn.br\/site\/category\/destaque\/\" rel=\"tag\">Destaque<\/a> <a href=\"https:\/\/emcm.ufrn.br\/site\/category\/edital\/\" rel=\"tag\">Edital<\/a> <a href=\"https:\/\/emcm.ufrn.br\/site\/category\/edital\/edital-externo\/\" rel=\"tag\">Edital Externo<\/a>        <\/div>\n                                            <div data-swiper-parallax=\"-200\" data-swiper-parallax-duration=\"1000\">\n                        <h3 class=\"bdt-title\" data-reveal=\"reveal-active\">\n\t\t\t\t<a href=\"https:\/\/emcm.ufrn.br\/site\/2026\/04\/24\/edital-057-2026\/\" title=\"Edital 057\/2026\">Edital 057\/2026<\/a>\n\t\t\t<\/h3>                    <\/div>\n                \n                        <div class=\"bdt-desc\" data-reveal=\"reveal-active\" data-swiper-parallax=\"-150\" data-swiper-parallax-duration=\"1100\">\n            <p>Processo Seletivo Simplificado para Professor Substituto\/Tempor\u00e1rio \u2013 UFRN A Escola Multicampi de Ci\u00eancias M\u00e9dicas do Rio Grande do Norte (EMCM\/UFRN) informa que a Universidade Federal do Rio Grande do Norte<\/p>\n        <\/div>\n        \n                                    <div class=\"bdt-meta\" data-reveal=\"reveal-active\" data-swiper-parallax=\"-300\" data-swiper-parallax-duration=\"800\">\n                                <div class=\"bdt-author\">\n            <span class=\"bdt-by\">by<\/span>\n            <a class=\"bdt-author-name\" href=\"https:\/\/emcm.ufrn.br\/site\/author\/dti\/\">\n                            <\/a>\n        <\/div>\n                                                            <span class=\"bdt-separator\">\/\/<\/span>\n                                                        <div class=\"bdt-flex bdt-flex-middle\">\n            <div class=\"bdt-date\">\n                <i class=\"ps-wi-calendar\" aria-hidden=\"true\"><\/i>\n                <span>\n                                    <\/span>\n\n            <\/div>\n                    <\/div>\n\n                            <\/div>\n                \n            <\/div>\n        <\/div>\n        \n        <div class=\"bdt-item swiper-slide\">\n            <div class=\"bdt-content\">\n                        <div class=\"bdt-category\" data-reveal=\"reveal-active\" data-swiper-parallax=\"-300\" data-swiper-parallax-duration=\"600\">\n        <a href=\"https:\/\/emcm.ufrn.br\/site\/category\/destaque\/\" rel=\"tag\">Destaque<\/a> <a href=\"https:\/\/emcm.ufrn.br\/site\/category\/edital\/\" rel=\"tag\">Edital<\/a> <a href=\"https:\/\/emcm.ufrn.br\/site\/category\/edital\/edital-externo\/\" rel=\"tag\">Edital Externo<\/a>        <\/div>\n                                            <div data-swiper-parallax=\"-200\" data-swiper-parallax-duration=\"1000\">\n                        <h3 class=\"bdt-title\" data-reveal=\"reveal-active\">\n\t\t\t\t<a href=\"https:\/\/emcm.ufrn.br\/site\/2026\/03\/26\/edital-046-2026\/\" title=\"Edital 046\/2026\">Edital 046\/2026<\/a>\n\t\t\t<\/h3>                    <\/div>\n                \n                        <div class=\"bdt-desc\" data-reveal=\"reveal-active\" data-swiper-parallax=\"-150\" data-swiper-parallax-duration=\"1100\">\n            <p>UFRN publica edital para processo seletivo de professor substituto com vagas para a EMCM A Universidade Federal do Rio Grande do Norte (UFRN) publicou o Edital n\u00ba 046\/2026-PROGESP, que trata<\/p>\n        <\/div>\n        \n                                    <div class=\"bdt-meta\" data-reveal=\"reveal-active\" data-swiper-parallax=\"-300\" data-swiper-parallax-duration=\"800\">\n                                <div class=\"bdt-author\">\n            <span class=\"bdt-by\">by<\/span>\n            <a class=\"bdt-author-name\" href=\"https:\/\/emcm.ufrn.br\/site\/author\/dti\/\">\n                            <\/a>\n        <\/div>\n                                                            <span class=\"bdt-separator\">\/\/<\/span>\n                                                        <div class=\"bdt-flex bdt-flex-middle\">\n            <div class=\"bdt-date\">\n                <i class=\"ps-wi-calendar\" aria-hidden=\"true\"><\/i>\n                <span>\n                                    <\/span>\n\n            <\/div>\n                    <\/div>\n\n                            <\/div>\n                \n            <\/div>\n        <\/div>\n        \n        <div class=\"bdt-item swiper-slide\">\n            <div class=\"bdt-content\">\n                        <div class=\"bdt-category\" data-reveal=\"reveal-active\" data-swiper-parallax=\"-300\" data-swiper-parallax-duration=\"600\">\n        <a href=\"https:\/\/emcm.ufrn.br\/site\/category\/destaque\/\" rel=\"tag\">Destaque<\/a>        <\/div>\n                                            <div data-swiper-parallax=\"-200\" data-swiper-parallax-duration=\"1000\">\n                        <h3 class=\"bdt-title\" data-reveal=\"reveal-active\">\n\t\t\t\t<a href=\"https:\/\/emcm.ufrn.br\/site\/2026\/03\/10\/inauguracao-do-banco-vermelho-na-emcm-ufrn\/\" title=\"Inaugura\u00e7\u00e3o do Banco Vermelho na EMCM\/UFRN\">Inaugura\u00e7\u00e3o do Banco Vermelho na EMCM\/UFRN<\/a>\n\t\t\t<\/h3>                    <\/div>\n                \n                        <div class=\"bdt-desc\" data-reveal=\"reveal-active\" data-swiper-parallax=\"-150\" data-swiper-parallax-duration=\"1100\">\n            <p>Inaugura\u00e7\u00e3o do Banco Vermelho na EMCM\/UFRN refor\u00e7a compromisso com o enfrentamento \u00e0 viol\u00eancia contra a mulher Nesta segunda-feira, 09 de mar\u00e7o de 2026, \u00e0s 10h, a Escola Multicampi de Ci\u00eancias<\/p>\n        <\/div>\n        \n                                    <div class=\"bdt-meta\" data-reveal=\"reveal-active\" data-swiper-parallax=\"-300\" data-swiper-parallax-duration=\"800\">\n                                <div class=\"bdt-author\">\n            <span class=\"bdt-by\">by<\/span>\n            <a class=\"bdt-author-name\" href=\"https:\/\/emcm.ufrn.br\/site\/author\/dti\/\">\n                            <\/a>\n        <\/div>\n                                                            <span class=\"bdt-separator\">\/\/<\/span>\n                                                        <div class=\"bdt-flex bdt-flex-middle\">\n            <div class=\"bdt-date\">\n                <i class=\"ps-wi-calendar\" aria-hidden=\"true\"><\/i>\n                <span>\n                                    <\/span>\n\n            <\/div>\n                    <\/div>\n\n                            <\/div>\n                \n            <\/div>\n        <\/div>\n        \n        <div class=\"bdt-item swiper-slide\">\n            <div class=\"bdt-content\">\n                        <div class=\"bdt-category\" data-reveal=\"reveal-active\" data-swiper-parallax=\"-300\" data-swiper-parallax-duration=\"600\">\n        <a href=\"https:\/\/emcm.ufrn.br\/site\/category\/destaque\/\" rel=\"tag\">Destaque<\/a>        <\/div>\n                                            <div data-swiper-parallax=\"-200\" data-swiper-parallax-duration=\"1000\">\n                        <h3 class=\"bdt-title\" data-reveal=\"reveal-active\">\n\t\t\t\t<a href=\"https:\/\/emcm.ufrn.br\/site\/2026\/02\/06\/edital-008-2026\/\" title=\"Edital 008\/2026\">Edital 008\/2026<\/a>\n\t\t\t<\/h3>                    <\/div>\n                \n                        <div class=\"bdt-desc\" data-reveal=\"reveal-active\" data-swiper-parallax=\"-150\" data-swiper-parallax-duration=\"1100\">\n            <p>EMCM\/UFRN abre sele\u00e7\u00e3o para professor substituto nos campi Caic\u00f3 e Santa Cruz A Universidade Federal do Rio Grande do Norte (UFRN), por meio da Pr\u00f3-Reitoria de Gest\u00e3o de Pessoas (PROGESP),<\/p>\n        <\/div>\n        \n                                    <div class=\"bdt-meta\" data-reveal=\"reveal-active\" data-swiper-parallax=\"-300\" data-swiper-parallax-duration=\"800\">\n                                <div class=\"bdt-author\">\n            <span class=\"bdt-by\">by<\/span>\n            <a class=\"bdt-author-name\" href=\"https:\/\/emcm.ufrn.br\/site\/author\/dti\/\">\n                            <\/a>\n        <\/div>\n                                                            <span class=\"bdt-separator\">\/\/<\/span>\n                                                        <div class=\"bdt-flex bdt-flex-middle\">\n            <div class=\"bdt-date\">\n                <i class=\"ps-wi-calendar\" aria-hidden=\"true\"><\/i>\n                <span>\n                                    <\/span>\n\n            <\/div>\n                    <\/div>\n\n                            <\/div>\n                \n            <\/div>\n        <\/div>\n        \n        <div class=\"bdt-item swiper-slide\">\n            <div class=\"bdt-content\">\n                        <div class=\"bdt-category\" data-reveal=\"reveal-active\" data-swiper-parallax=\"-300\" data-swiper-parallax-duration=\"600\">\n        <a href=\"https:\/\/emcm.ufrn.br\/site\/category\/destaque\/\" rel=\"tag\">Destaque<\/a> <a href=\"https:\/\/emcm.ufrn.br\/site\/category\/edital\/\" rel=\"tag\">Edital<\/a> <a href=\"https:\/\/emcm.ufrn.br\/site\/category\/edital\/edital-externo\/\" rel=\"tag\">Edital Externo<\/a> <a href=\"https:\/\/emcm.ufrn.br\/site\/category\/residencia\/\" rel=\"tag\">Resid\u00eancia<\/a>        <\/div>\n                                            <div data-swiper-parallax=\"-200\" data-swiper-parallax-duration=\"1000\">\n                        <h3 class=\"bdt-title\" data-reveal=\"reveal-active\">\n\t\t\t\t<a href=\"https:\/\/emcm.ufrn.br\/site\/2026\/01\/19\/programa-de-residencia-medica-em-medicina-de-familia-e-comunidade-r3\/\" title=\"Programa de Resid\u00eancia M\u00e9dica em Medicina de Fam\u00edlia e Comunidade (R3)\">Programa de Resid\u00eancia M\u00e9dica em Medicina de Fam\u00edlia e Comunidade (R3)<\/a>\n\t\t\t<\/h3>                    <\/div>\n                \n                        <div class=\"bdt-desc\" data-reveal=\"reveal-active\" data-swiper-parallax=\"-150\" data-swiper-parallax-duration=\"1100\">\n            <p>Prezados Candidatos,A Comiss\u00e3o do processo seletivo do R3 em MFC da EMCM\/UFRN informa que, devido a instabilidades t\u00e9cnicas identificadas no sistema de acesso ao site de inscri\u00e7\u00e3o, o cronograma do<\/p>\n        <\/div>\n        \n                                    <div class=\"bdt-meta\" data-reveal=\"reveal-active\" data-swiper-parallax=\"-300\" data-swiper-parallax-duration=\"800\">\n                                <div class=\"bdt-author\">\n            <span class=\"bdt-by\">by<\/span>\n            <a class=\"bdt-author-name\" href=\"https:\/\/emcm.ufrn.br\/site\/author\/dti\/\">\n                            <\/a>\n        <\/div>\n                                                            <span class=\"bdt-separator\">\/\/<\/span>\n                                                        <div class=\"bdt-flex bdt-flex-middle\">\n            <div class=\"bdt-date\">\n                <i class=\"ps-wi-calendar\" aria-hidden=\"true\"><\/i>\n                <span>\n                                    <\/span>\n\n            <\/div>\n                    <\/div>\n\n                            <\/div>\n                \n            <\/div>\n        <\/div>\n                        <\/div>\n            <\/div>\n\n        <\/div>\n        <\/div>\n        \t\t\t\t<\/div>\n\t\t\t\t<\/div>\n\t\t\t\t\t<\/div>\n\t\t\t\t<\/div>\n\t\t<div class=\"elementor-element elementor-element-eec45d8 e-flex e-con-boxed e-con e-parent\" data-id=\"eec45d8\" data-element_type=\"container\" data-e-type=\"container\" data-settings=\"{&quot;_ha_eqh_enable&quot;:false}\">\n\t\t\t\t\t<div class=\"e-con-inner\">\n\t\t\t\t<div class=\"elementor-element elementor-element-1191c41 elementor-widget elementor-widget-spacer\" data-id=\"1191c41\" data-element_type=\"widget\" data-e-type=\"widget\" data-widget_type=\"spacer.default\">\n\t\t\t\t<div class=\"elementor-widget-container\">\n\t\t\t\t\t\t\t<div class=\"elementor-spacer\">\n\t\t\t<div class=\"elementor-spacer-inner\"><\/div>\n\t\t<\/div>\n\t\t\t\t\t\t<\/div>\n\t\t\t\t<\/div>\n\t\t\t\t\t<\/div>\n\t\t\t\t<\/div>\n\t\t<div class=\"elementor-element elementor-element-8c24a43 e-flex e-con-boxed e-con e-parent\" data-id=\"8c24a43\" data-element_type=\"container\" data-e-type=\"container\" data-settings=\"{&quot;_ha_eqh_enable&quot;:false}\">\n\t\t\t\t\t<div class=\"e-con-inner\">\n\t\t\t\t<div class=\"elementor-element elementor-element-db1cfec elementor-widget elementor-widget-heading\" data-id=\"db1cfec\" data-element_type=\"widget\" data-e-type=\"widget\" data-widget_type=\"heading.default\">\n\t\t\t\t<div class=\"elementor-widget-container\">\n\t\t\t\t\t<h2 class=\"elementor-heading-title elementor-size-default\">Not\u00edcias Recentes<\/h2>\t\t\t\t<\/div>\n\t\t\t\t<\/div>\n\t\t\t\t\t<\/div>\n\t\t\t\t<\/div>\n\t\t<div class=\"elementor-element elementor-element-c01762e e-flex e-con-boxed e-con e-parent\" data-id=\"c01762e\" data-element_type=\"container\" data-e-type=\"container\" data-settings=\"{&quot;_ha_eqh_enable&quot;:false}\">\n\t\t\t\t\t<div class=\"e-con-inner\">\n\t\t\t\t<div class=\"elementor-element elementor-element-637966c elementor-grid-eael-col-4 elementor-grid-tablet-eael-col-2 elementor-grid-mobile-eael-col-1 elementor-widget elementor-widget-eael-post-grid\" data-id=\"637966c\" data-element_type=\"widget\" data-e-type=\"widget\" data-settings=\"{&quot;eael_post_grid_columns&quot;:&quot;eael-col-4&quot;,&quot;eael_post_grid_columns_tablet&quot;:&quot;eael-col-2&quot;,&quot;eael_post_grid_columns_mobile&quot;:&quot;eael-col-1&quot;}\" data-widget_type=\"eael-post-grid.default\">\n\t\t\t\t<div class=\"elementor-widget-container\">\n\t\t\t\t\t<div id=\"eael-post-grid-637966c\" class=\"eael-post-grid-container\">\n            <div class=\"eael-post-grid eael-post-appender eael-post-appender-637966c eael-post-grid-style-one\" data-layout-mode=\"grid\"><article class=\"eael-grid-post  eael-post-grid-column eael-pg-post-5689 category-destaque-edital-edital-externo\" data-id=\"5689\">\n        <div class=\"eael-grid-post-holder\">\n            <div class=\"eael-grid-post-holder-inner\"><div class=\"eael-entry-media\"><div class=\"eael-entry-overlay fade-in\"><i class=\"fas fa-long-arrow-alt-right\" aria-hidden=\"true\"><\/i><a href=\"https:\/\/emcm.ufrn.br\/site\/2026\/04\/24\/edital-057-2026\/\"><\/a><\/div><div class=\"eael-entry-thumbnail \">\n                <img loading=\"lazy\" decoding=\"async\" width=\"300\" height=\"300\" src=\"https:\/\/emcm.ufrn.br\/site\/wp-content\/uploads\/2026\/04\/EDITAL-057-2026-300x300.png\" class=\"attachment-medium size-medium wp-image-5690\" alt=\"\" srcset=\"https:\/\/emcm.ufrn.br\/site\/wp-content\/uploads\/2026\/04\/EDITAL-057-2026-300x300.png 300w, https:\/\/emcm.ufrn.br\/site\/wp-content\/uploads\/2026\/04\/EDITAL-057-2026-1024x1024.png 1024w, https:\/\/emcm.ufrn.br\/site\/wp-content\/uploads\/2026\/04\/EDITAL-057-2026-150x150.png 150w, https:\/\/emcm.ufrn.br\/site\/wp-content\/uploads\/2026\/04\/EDITAL-057-2026-768x768.png 768w, https:\/\/emcm.ufrn.br\/site\/wp-content\/uploads\/2026\/04\/EDITAL-057-2026.png 1152w\" sizes=\"(max-width: 300px) 100vw, 300px\" \/>\n            <\/div>\n        <\/div><div class=\"eael-entry-wrapper\"><header class=\"eael-entry-header\"><h2 class=\"eael-entry-title\"><a class=\"eael-grid-post-link\" href=\"https:\/\/emcm.ufrn.br\/site\/2026\/04\/24\/edital-057-2026\/\" title=\"Edital 057\/2026\">Edital 057\/2026<\/a><\/h2><\/header><div class=\"eael-entry-content\">\n                        <div class=\"eael-grid-post-excerpt\"><p>Processo Seletivo Simplificado para Professor Substituto\/Tempor\u00e1rio \u2013 UFRN A Escola...<\/p><a href=\"https:\/\/emcm.ufrn.br\/site\/2026\/04\/24\/edital-057-2026\/\" class=\"eael-post-elements-readmore-btn\">Ler mais<\/a><\/div>\n                    <\/div><div class=\"eael-entry-footer\"><div class=\"eael-author-avatar\"><a href=\"https:\/\/emcm.ufrn.br\/site\/author\/dti\/\"><img alt='dti' src='https:\/\/secure.gravatar.com\/avatar\/d5365731fba6112fa441cff4ce23ecabbceff030d20ce45ce0dd0b42d6782782?s=96&#038;d=mm&#038;r=g' srcset='https:\/\/secure.gravatar.com\/avatar\/d5365731fba6112fa441cff4ce23ecabbceff030d20ce45ce0dd0b42d6782782?s=192&#038;d=mm&#038;r=g 2x' class='avatar avatar-96 photo' height='96' width='96' \/><\/a><\/div><div class=\"eael-entry-meta\"><span class=\"eael-posted-by\"><a href=\"https:\/\/emcm.ufrn.br\/site\/author\/dti\/\" title=\"Posts de dti\" rel=\"author\">dti<\/a><\/span><span class=\"eael-posted-on\"><time datetime=\"\"><\/time><\/span><\/div><\/div><\/div><\/div>\n        <\/div>\n    <\/article><article class=\"eael-grid-post  eael-post-grid-column eael-pg-post-5680 category-destaque-edital-edital-externo\" data-id=\"5680\">\n        <div class=\"eael-grid-post-holder\">\n            <div class=\"eael-grid-post-holder-inner\"><div class=\"eael-entry-media\"><div class=\"eael-entry-overlay fade-in\"><i class=\"fas fa-long-arrow-alt-right\" aria-hidden=\"true\"><\/i><a href=\"https:\/\/emcm.ufrn.br\/site\/2026\/03\/26\/edital-046-2026\/\"><\/a><\/div><div class=\"eael-entry-thumbnail \">\n                <img loading=\"lazy\" decoding=\"async\" width=\"300\" height=\"300\" src=\"https:\/\/emcm.ufrn.br\/site\/wp-content\/uploads\/2026\/03\/EDITAL-046-2026-1-300x300.png\" class=\"attachment-medium size-medium wp-image-5687\" alt=\"\" srcset=\"https:\/\/emcm.ufrn.br\/site\/wp-content\/uploads\/2026\/03\/EDITAL-046-2026-1-300x300.png 300w, https:\/\/emcm.ufrn.br\/site\/wp-content\/uploads\/2026\/03\/EDITAL-046-2026-1-150x150.png 150w, https:\/\/emcm.ufrn.br\/site\/wp-content\/uploads\/2026\/03\/EDITAL-046-2026-1-768x768.png 768w, https:\/\/emcm.ufrn.br\/site\/wp-content\/uploads\/2026\/03\/EDITAL-046-2026-1.png 1024w\" sizes=\"(max-width: 300px) 100vw, 300px\" \/>\n            <\/div>\n        <\/div><div class=\"eael-entry-wrapper\"><header class=\"eael-entry-header\"><h2 class=\"eael-entry-title\"><a class=\"eael-grid-post-link\" href=\"https:\/\/emcm.ufrn.br\/site\/2026\/03\/26\/edital-046-2026\/\" title=\"Edital 046\/2026\">Edital 046\/2026<\/a><\/h2><\/header><div class=\"eael-entry-content\">\n                        <div class=\"eael-grid-post-excerpt\"><p>UFRN publica edital para processo seletivo de professor substituto com...<\/p><a href=\"https:\/\/emcm.ufrn.br\/site\/2026\/03\/26\/edital-046-2026\/\" class=\"eael-post-elements-readmore-btn\">Ler mais<\/a><\/div>\n                    <\/div><div class=\"eael-entry-footer\"><div class=\"eael-author-avatar\"><a href=\"https:\/\/emcm.ufrn.br\/site\/author\/dti\/\"><img alt='dti' src='https:\/\/secure.gravatar.com\/avatar\/d5365731fba6112fa441cff4ce23ecabbceff030d20ce45ce0dd0b42d6782782?s=96&#038;d=mm&#038;r=g' srcset='https:\/\/secure.gravatar.com\/avatar\/d5365731fba6112fa441cff4ce23ecabbceff030d20ce45ce0dd0b42d6782782?s=192&#038;d=mm&#038;r=g 2x' class='avatar avatar-96 photo' height='96' width='96' \/><\/a><\/div><div class=\"eael-entry-meta\"><span class=\"eael-posted-by\"><a href=\"https:\/\/emcm.ufrn.br\/site\/author\/dti\/\" title=\"Posts de dti\" rel=\"author\">dti<\/a><\/span><span class=\"eael-posted-on\"><time datetime=\"\"><\/time><\/span><\/div><\/div><\/div><\/div>\n        <\/div>\n    <\/article><article class=\"eael-grid-post  eael-post-grid-column eael-pg-post-5661 category-destaque tags-bancovermelho-emcmufrn-naoaviolenciacontraamulher-respeito\" data-id=\"5661\">\n        <div class=\"eael-grid-post-holder\">\n            <div class=\"eael-grid-post-holder-inner\"><div class=\"eael-entry-media\"><div class=\"eael-entry-overlay fade-in\"><i class=\"fas fa-long-arrow-alt-right\" aria-hidden=\"true\"><\/i><a href=\"https:\/\/emcm.ufrn.br\/site\/2026\/03\/10\/inauguracao-do-banco-vermelho-na-emcm-ufrn\/\"><\/a><\/div><div class=\"eael-entry-thumbnail \">\n                <img loading=\"lazy\" decoding=\"async\" width=\"212\" height=\"300\" src=\"https:\/\/emcm.ufrn.br\/site\/wp-content\/uploads\/2026\/03\/WhatsApp-Image-2026-03-10-at-12.19.14-212x300.jpeg\" class=\"attachment-medium size-medium wp-image-5659\" alt=\"\" srcset=\"https:\/\/emcm.ufrn.br\/site\/wp-content\/uploads\/2026\/03\/WhatsApp-Image-2026-03-10-at-12.19.14-212x300.jpeg 212w, https:\/\/emcm.ufrn.br\/site\/wp-content\/uploads\/2026\/03\/WhatsApp-Image-2026-03-10-at-12.19.14.jpeg 574w\" sizes=\"(max-width: 212px) 100vw, 212px\" \/>\n            <\/div>\n        <\/div><div class=\"eael-entry-wrapper\"><header class=\"eael-entry-header\"><h2 class=\"eael-entry-title\"><a class=\"eael-grid-post-link\" href=\"https:\/\/emcm.ufrn.br\/site\/2026\/03\/10\/inauguracao-do-banco-vermelho-na-emcm-ufrn\/\" title=\"Inaugura\u00e7\u00e3o do Banco Vermelho na EMCM\/UFRN\">Inaugura\u00e7\u00e3o do Banco Vermelho na EMCM\/UFRN<\/a><\/h2><\/header><div class=\"eael-entry-content\">\n                        <div class=\"eael-grid-post-excerpt\"><p>Inaugura\u00e7\u00e3o do Banco Vermelho na EMCM\/UFRN refor\u00e7a compromisso com o...<\/p><a href=\"https:\/\/emcm.ufrn.br\/site\/2026\/03\/10\/inauguracao-do-banco-vermelho-na-emcm-ufrn\/\" class=\"eael-post-elements-readmore-btn\">Ler mais<\/a><\/div>\n                    <\/div><div class=\"eael-entry-footer\"><div class=\"eael-author-avatar\"><a href=\"https:\/\/emcm.ufrn.br\/site\/author\/dti\/\"><img alt='dti' src='https:\/\/secure.gravatar.com\/avatar\/d5365731fba6112fa441cff4ce23ecabbceff030d20ce45ce0dd0b42d6782782?s=96&#038;d=mm&#038;r=g' srcset='https:\/\/secure.gravatar.com\/avatar\/d5365731fba6112fa441cff4ce23ecabbceff030d20ce45ce0dd0b42d6782782?s=192&#038;d=mm&#038;r=g 2x' class='avatar avatar-96 photo' height='96' width='96' \/><\/a><\/div><div class=\"eael-entry-meta\"><span class=\"eael-posted-by\"><a href=\"https:\/\/emcm.ufrn.br\/site\/author\/dti\/\" title=\"Posts de dti\" rel=\"author\">dti<\/a><\/span><span class=\"eael-posted-on\"><time datetime=\"\"><\/time><\/span><\/div><\/div><\/div><\/div>\n        <\/div>\n    <\/article><article class=\"eael-grid-post  eael-post-grid-column eael-pg-post-5629 category-destaque\" data-id=\"5629\">\n        <div class=\"eael-grid-post-holder\">\n            <div class=\"eael-grid-post-holder-inner\"><div class=\"eael-entry-media\"><div class=\"eael-entry-overlay fade-in\"><i class=\"fas fa-long-arrow-alt-right\" aria-hidden=\"true\"><\/i><a href=\"https:\/\/emcm.ufrn.br\/site\/2026\/02\/06\/edital-008-2026\/\"><\/a><\/div><div class=\"eael-entry-thumbnail \">\n                <img loading=\"lazy\" decoding=\"async\" width=\"300\" height=\"300\" src=\"https:\/\/emcm.ufrn.br\/site\/wp-content\/uploads\/2026\/02\/EDITAL-008-2026-300x300.png\" class=\"attachment-medium size-medium wp-image-5628\" alt=\"\" srcset=\"https:\/\/emcm.ufrn.br\/site\/wp-content\/uploads\/2026\/02\/EDITAL-008-2026-300x300.png 300w, https:\/\/emcm.ufrn.br\/site\/wp-content\/uploads\/2026\/02\/EDITAL-008-2026-150x150.png 150w, https:\/\/emcm.ufrn.br\/site\/wp-content\/uploads\/2026\/02\/EDITAL-008-2026-768x768.png 768w, https:\/\/emcm.ufrn.br\/site\/wp-content\/uploads\/2026\/02\/EDITAL-008-2026.png 1024w\" sizes=\"(max-width: 300px) 100vw, 300px\" \/>\n            <\/div>\n        <\/div><div class=\"eael-entry-wrapper\"><header class=\"eael-entry-header\"><h2 class=\"eael-entry-title\"><a class=\"eael-grid-post-link\" href=\"https:\/\/emcm.ufrn.br\/site\/2026\/02\/06\/edital-008-2026\/\" title=\"Edital 008\/2026\">Edital 008\/2026<\/a><\/h2><\/header><div class=\"eael-entry-content\">\n                        <div class=\"eael-grid-post-excerpt\"><p>EMCM\/UFRN abre sele\u00e7\u00e3o para professor substituto nos campi Caic\u00f3 e...<\/p><a href=\"https:\/\/emcm.ufrn.br\/site\/2026\/02\/06\/edital-008-2026\/\" class=\"eael-post-elements-readmore-btn\">Ler mais<\/a><\/div>\n                    <\/div><div class=\"eael-entry-footer\"><div class=\"eael-author-avatar\"><a href=\"https:\/\/emcm.ufrn.br\/site\/author\/dti\/\"><img alt='dti' src='https:\/\/secure.gravatar.com\/avatar\/d5365731fba6112fa441cff4ce23ecabbceff030d20ce45ce0dd0b42d6782782?s=96&#038;d=mm&#038;r=g' srcset='https:\/\/secure.gravatar.com\/avatar\/d5365731fba6112fa441cff4ce23ecabbceff030d20ce45ce0dd0b42d6782782?s=192&#038;d=mm&#038;r=g 2x' class='avatar avatar-96 photo' height='96' width='96' \/><\/a><\/div><div class=\"eael-entry-meta\"><span class=\"eael-posted-by\"><a href=\"https:\/\/emcm.ufrn.br\/site\/author\/dti\/\" title=\"Posts de dti\" rel=\"author\">dti<\/a><\/span><span class=\"eael-posted-on\"><time datetime=\"\"><\/time><\/span><\/div><\/div><\/div><\/div>\n        <\/div>\n    <\/article><\/div>\n            <div class=\"clearfix\"><\/div>\n        <\/div>            <div class=\"eael-load-more-button-wrap\">\n                <button class=\"eael-load-more-button\" id=\"eael-load-more-btn-637966c\" data-widget-id=\"637966c\" data-widget=\"637966c\" data-page-id=\"342\" data-template=\"{&quot;dir&quot;:&quot;lite&quot;,&quot;file_name&quot;:&quot;one.php&quot;,&quot;name&quot;:&quot;Post-Grid&quot;}\" data-class=\"Essential_Addons_Elementor\\Elements\\Post_Grid\" data-layout=\"grid\" data-page=\"1\" data-args=\"orderby=date&amp;order=desc&amp;ignore_sticky_posts=1&amp;post_status=publish&amp;posts_per_page=4&amp;offset=0&amp;post_type=post\" data-max-page=\"11\">\n                    <span class=\"eael-btn-loader button__loader\"><\/span>\n                    <span class=\"eael_load_more_text\">Carregar mais<\/span>\n                <\/button>\n            <\/div>\n            \t\t\t\t<\/div>\n\t\t\t\t<\/div>\n\t\t\t\t\t<\/div>\n\t\t\t\t<\/div>\n\t\t<div class=\"elementor-element elementor-element-5ba8583 e-flex e-con-boxed e-con e-parent\" data-id=\"5ba8583\" data-element_type=\"container\" data-e-type=\"container\" data-settings=\"{&quot;_ha_eqh_enable&quot;:false}\">\n\t\t\t\t\t<div class=\"e-con-inner\">\n\t\t\t\t<div class=\"elementor-element elementor-element-4465b68 elementor-widget elementor-widget-spacer\" data-id=\"4465b68\" data-element_type=\"widget\" data-e-type=\"widget\" data-widget_type=\"spacer.default\">\n\t\t\t\t<div class=\"elementor-widget-container\">\n\t\t\t\t\t\t\t<div class=\"elementor-spacer\">\n\t\t\t<div class=\"elementor-spacer-inner\"><\/div>\n\t\t<\/div>\n\t\t\t\t\t\t<\/div>\n\t\t\t\t<\/div>\n\t\t\t\t\t<\/div>\n\t\t\t\t<\/div>\n\t\t<div class=\"elementor-element elementor-element-afe3878 e-flex e-con-boxed e-con e-parent\" data-id=\"afe3878\" data-element_type=\"container\" data-e-type=\"container\" data-settings=\"{&quot;_ha_eqh_enable&quot;:false}\">\n\t\t\t\t\t<div class=\"e-con-inner\">\n\t\t\t\t\t<\/div>\n\t\t\t\t<\/div>\n\t\t\t\t<\/div>\n\t\t","protected":false},"excerpt":{"rendered":"<p>Editais Telefones Agenda Galeria Not\u00edcias Destaque Edital 001\/2025 EMCM\/UFRN abre inscri\u00e7\u00f5es para Mestrado Profissional em Educa\u00e7\u00e3o, Trabalho e Inova\u00e7\u00e3o em Medicina Est\u00e3o abertas, de 7 de julho a 8 de agosto de 2025, as inscri\u00e7\u00f5es para o processo by dti \/\/ 9 de julho de 2025 Destaque Edital PET-Sa\u00fade Inscri\u00e7\u00f5es abertas para o programa PET-sa\u00fade [&hellip;]<\/p>\n","protected":false},"author":1,"featured_media":0,"parent":0,"menu_order":0,"comment_status":"closed","ping_status":"closed","template":"","meta":{"footnotes":""},"class_list":["post-342","page","type-page","status-publish","hentry"],"_links":{"self":[{"href":"https:\/\/emcm.ufrn.br\/site\/wp-json\/wp\/v2\/pages\/342","targetHints":{"allow":["GET"]}}],"collection":[{"href":"https:\/\/emcm.ufrn.br\/site\/wp-json\/wp\/v2\/pages"}],"about":[{"href":"https:\/\/emcm.ufrn.br\/site\/wp-json\/wp\/v2\/types\/page"}],"author":[{"embeddable":true,"href":"https:\/\/emcm.ufrn.br\/site\/wp-json\/wp\/v2\/users\/1"}],"replies":[{"embeddable":true,"href":"https:\/\/emcm.ufrn.br\/site\/wp-json\/wp\/v2\/comments?post=342"}],"version-history":[{"count":154,"href":"https:\/\/emcm.ufrn.br\/site\/wp-json\/wp\/v2\/pages\/342\/revisions"}],"predecessor-version":[{"id":4990,"href":"https:\/\/emcm.ufrn.br\/site\/wp-json\/wp\/v2\/pages\/342\/revisions\/4990"}],"wp:attachment":[{"href":"https:\/\/emcm.ufrn.br\/site\/wp-json\/wp\/v2\/media?parent=342"}],"curies":[{"name":"wp","href":"https:\/\/api.w.org\/{rel}","templated":true}]}}