{"id":1781,"date":"2024-08-01T10:59:55","date_gmt":"2024-08-01T13:59:55","guid":{"rendered":"http:\/\/10.143.8.37\/site\/?page_id=1781"},"modified":"2024-08-14T09:16:37","modified_gmt":"2024-08-14T12:16:37","slug":"cpia","status":"publish","type":"page","link":"https:\/\/emcm.ufrn.br\/site\/cpia\/","title":{"rendered":"CPIA"},"content":{"rendered":"\t\t<div data-elementor-type=\"wp-page\" data-elementor-id=\"1781\" class=\"elementor elementor-1781\" data-elementor-settings=\"{&quot;ha_cmc_init_switcher&quot;:&quot;no&quot;}\">\n\t\t\t\t<div class=\"elementor-element elementor-element-1f455a0 e-flex e-con-boxed e-con e-parent\" data-id=\"1f455a0\" data-element_type=\"container\" data-e-type=\"container\" data-settings=\"{&quot;_ha_eqh_enable&quot;:false}\">\n\t\t\t\t\t<div class=\"e-con-inner\">\n\t\t\t\t<div class=\"elementor-element elementor-element-8693dd8 elementor-widget elementor-widget-heading\" data-id=\"8693dd8\" data-element_type=\"widget\" data-e-type=\"widget\" data-widget_type=\"heading.default\">\n\t\t\t\t<div class=\"elementor-widget-container\">\n\t\t\t\t\t<h3 class=\"elementor-heading-title elementor-size-default\">CPIA<\/h3>\t\t\t\t<\/div>\n\t\t\t\t<\/div>\n\t\t\t\t\t<\/div>\n\t\t\t\t<\/div>\n\t\t<div class=\"elementor-element elementor-element-7edc63c e-flex e-con-boxed e-con e-parent\" data-id=\"7edc63c\" data-element_type=\"container\" data-e-type=\"container\" data-settings=\"{&quot;_ha_eqh_enable&quot;:false}\">\n\t\t\t\t\t<div class=\"e-con-inner\">\n\t\t\t\t<div class=\"elementor-element elementor-element-4e8e5ec elementor-widget elementor-widget-image\" data-id=\"4e8e5ec\" data-element_type=\"widget\" data-e-type=\"widget\" data-widget_type=\"image.default\">\n\t\t\t\t<div class=\"elementor-widget-container\">\n\t\t\t\t\t\t\t\t\t\t\t\t\t\t\t<img decoding=\"async\" src=\"https:\/\/emcm.ufrn.br\/site\/emcm\/Imagens%20Galeria%20Site\/NAPA%20E%20CPIA\/CPIA%20fundo%20Transparente.png\" title=\"\" alt=\"\" loading=\"lazy\" \/>\t\t\t\t\t\t\t\t\t\t\t\t\t\t\t<\/div>\n\t\t\t\t<\/div>\n\t\t\t\t\t<\/div>\n\t\t\t\t<\/div>\n\t\t<div class=\"elementor-element elementor-element-9c8c41b e-flex e-con-boxed e-con e-parent\" data-id=\"9c8c41b\" data-element_type=\"container\" data-e-type=\"container\" data-settings=\"{&quot;_ha_eqh_enable&quot;:false}\">\n\t\t\t\t\t<div class=\"e-con-inner\">\n\t\t\t\t<div class=\"elementor-element elementor-element-caba497 elementor-widget elementor-widget-heading\" data-id=\"caba497\" data-element_type=\"widget\" data-e-type=\"widget\" data-widget_type=\"heading.default\">\n\t\t\t\t<div class=\"elementor-widget-container\">\n\t\t\t\t\t<h3 class=\"elementor-heading-title elementor-size-default\"><b style=\"text-align: justify;font-family: var( --e-global-typography-primary-font-family ), Sans-serif;font-style: inherit;text-transform: inherit\"><span style=\"font-family: Calibri\">Conhe\u00e7a a CPIA da EMCM<\/span><\/b><\/h3>\t\t\t\t<\/div>\n\t\t\t\t<\/div>\n\t\t\t\t\t<\/div>\n\t\t\t\t<\/div>\n\t\t<div class=\"elementor-element elementor-element-15527e5 e-flex e-con-boxed e-con e-parent\" data-id=\"15527e5\" data-element_type=\"container\" data-e-type=\"container\" data-settings=\"{&quot;_ha_eqh_enable&quot;:false}\">\n\t\t\t\t\t<div class=\"e-con-inner\">\n\t\t\t\t<div class=\"elementor-element elementor-element-8fe6ec5 elementor-widget elementor-widget-text-editor\" data-id=\"8fe6ec5\" data-element_type=\"widget\" data-e-type=\"widget\" data-widget_type=\"text-editor.default\">\n\t\t\t\t<div class=\"elementor-widget-container\">\n\t\t\t\t\t\t\t\t\t<p class=\"MsoNormal\" align=\"justify\"><span style=\"mso-spacerun: 'yes'; font-family: Arial; mso-fareast-font-family: SimSun; font-size: 14,0000pt;\">A CPIA \u00e9 a Comiss\u00e3o Permanente de Inclus\u00e3o e Acessibilidade (CPIA) da EMCM. Ela \u00e9 formada por gestores, servidores t\u00e9cnicos, docentes e estudantes.<\/span><\/p><p class=\"MsoNormal\" align=\"justify\"><span style=\"font-family: Arial; letter-spacing: 0.4px; font-style: inherit; text-transform: inherit;\">O objetivo da CPIA \u00e9 discutir, planejar e executar a\u00e7\u00f5es e projetos relacionados \u00e0s necessidades de inclus\u00e3o e acessibilidade nos \u00e2mbitos de atua\u00e7\u00e3o da EMCM.<\/span><\/p><p class=\"MsoNormal\" align=\"justify\"><span style=\"mso-spacerun: 'yes'; font-family: Arial; mso-fareast-font-family: SimSun; font-size: 14,0000pt;\">Para isso nos reunimos mensalmente em encontros abertos \u00e0 participa\u00e7\u00e3o e colabora\u00e7\u00e3o de toda a comunidade EMCM.\u00a0<\/span><\/p><p class=\"MsoNormal\" align=\"justify\"><span style=\"mso-spacerun: 'yes'; font-family: Arial; mso-fareast-font-family: SimSun; font-size: 14,0000pt;\">Atendemos demandas relacionadas a diversos tipos de defici\u00eancias e Necessidades Educacionais Espec\u00edficas (NEE). Al\u00e9m disso, oferecemos atendimento e suporte a quem tem o Transtorno do Espectro Autista (TEA) e o Transtorno de D\u00e9ficit de Aten\u00e7\u00e3o\/Hiperatividade (TDA\/H).<\/span><\/p><p class=\"MsoNormal\" align=\"justify\"><span style=\"mso-spacerun: 'yes'; font-family: Arial; mso-fareast-font-family: SimSun; font-size: 14,0000pt;\">Os atendimentos ofertados s\u00e3o interdisciplinares e realizados por profissionais de uma equipe t\u00e9cnica da Secretaria de Inclus\u00e3o e Acessibilidade (SIA) da UFRN em parceria com profissionais do servi\u00e7o de apoio ao estudante da EMCM, o N\u00facleo de Apoio Psicopedag\u00f3gico e Acad\u00eamico (NAPA).<\/span><\/p><p class=\"MsoNormal\" align=\"justify\"><span style=\"mso-spacerun: 'yes'; font-family: Calibri; mso-fareast-font-family: SimSun; mso-bidi-font-family: 'Times New Roman'; font-size: 14,0000pt;\">\u00a0<\/span><\/p>\t\t\t\t\t\t\t\t<\/div>\n\t\t\t\t<\/div>\n\t\t\t\t\t<\/div>\n\t\t\t\t<\/div>\n\t\t<div class=\"elementor-element elementor-element-f102cf8 e-flex e-con-boxed e-con e-parent\" data-id=\"f102cf8\" data-element_type=\"container\" data-e-type=\"container\" data-settings=\"{&quot;_ha_eqh_enable&quot;:false}\">\n\t\t\t\t\t<div class=\"e-con-inner\">\n\t\t<div class=\"elementor-element elementor-element-0a8cc68 e-con-full e-flex e-con e-child\" data-id=\"0a8cc68\" data-element_type=\"container\" data-e-type=\"container\" data-settings=\"{&quot;_ha_eqh_enable&quot;:false}\">\n\t\t\t\t<div class=\"elementor-element elementor-element-a6a45c7 elementor-widget__width-initial elementor-widget elementor-widget-image\" data-id=\"a6a45c7\" data-element_type=\"widget\" data-e-type=\"widget\" data-widget_type=\"image.default\">\n\t\t\t\t<div class=\"elementor-widget-container\">\n\t\t\t\t\t\t\t\t\t\t\t\t\t\t\t<img decoding=\"async\" src=\"https:\/\/emcm.ufrn.br\/site\/emcm\/Imagens%20Galeria%20Site\/NAPA%20E%20CPIA\/d%C3%BAvidas%20sem%20fundo.png\" title=\"\" alt=\"\" loading=\"lazy\" \/>\t\t\t\t\t\t\t\t\t\t\t\t\t\t\t<\/div>\n\t\t\t\t<\/div>\n\t\t\t\t<\/div>\n\t\t<div class=\"elementor-element elementor-element-544eed5 e-con-full e-flex e-con e-child\" data-id=\"544eed5\" data-element_type=\"container\" data-e-type=\"container\" data-settings=\"{&quot;_ha_eqh_enable&quot;:false}\">\n\t\t\t\t<div class=\"elementor-element elementor-element-503b70a elementor-widget elementor-widget-heading\" data-id=\"503b70a\" data-element_type=\"widget\" data-e-type=\"widget\" data-widget_type=\"heading.default\">\n\t\t\t\t<div class=\"elementor-widget-container\">\n\t\t\t\t\t<h3 class=\"elementor-heading-title elementor-size-default\">D\u00favidas?<\/h3>\t\t\t\t<\/div>\n\t\t\t\t<\/div>\n\t\t\t\t<div class=\"elementor-element elementor-element-8e42fa7 elementor-widget elementor-widget-text-editor\" data-id=\"8e42fa7\" data-element_type=\"widget\" data-e-type=\"widget\" data-widget_type=\"text-editor.default\">\n\t\t\t\t<div class=\"elementor-widget-container\">\n\t\t\t\t\t\t\t\t\t<p align=\"justify\"><span style=\"mso-spacerun: 'yes'; font-family: Calibri; mso-fareast-font-family: SimSun; mso-bidi-font-family: 'Times New Roman'; font-size: 14,0000pt;\">Se voc\u00ea ficou com d\u00favidas, tem alguma sugest\u00e3o ou tem interesse em participar da CPIA da EMCM, basta entrar em contato conosco atrav\u00e9s do e-mail ou telefone seguintes ou falar diretamente com qualquer um de nossos integrantes:<\/span><\/p><p align=\"justify\"><span style=\"mso-spacerun: 'yes'; font-family: Calibri; mso-fareast-font-family: SimSun; mso-bidi-font-family: 'Times New Roman'; font-size: 14,0000pt;\"><b>Email:<\/b> raquelitterio@gmail.com<\/span><\/p><p align=\"justify\">\u00a0<\/p><p align=\"justify\">\u00a0<\/p>\t\t\t\t\t\t\t\t<\/div>\n\t\t\t\t<\/div>\n\t\t\t\t<\/div>\n\t\t\t\t\t<\/div>\n\t\t\t\t<\/div>\n\t\t<div class=\"elementor-element elementor-element-c3b92d4 e-flex e-con-boxed e-con e-parent\" data-id=\"c3b92d4\" data-element_type=\"container\" data-e-type=\"container\" data-settings=\"{&quot;_ha_eqh_enable&quot;:false}\">\n\t\t\t\t\t<div class=\"e-con-inner\">\n\t\t\t\t<div class=\"elementor-element elementor-element-50a0d24 elementor-widget elementor-widget-spacer\" data-id=\"50a0d24\" data-element_type=\"widget\" data-e-type=\"widget\" data-widget_type=\"spacer.default\">\n\t\t\t\t<div class=\"elementor-widget-container\">\n\t\t\t\t\t\t\t<div class=\"elementor-spacer\">\n\t\t\t<div class=\"elementor-spacer-inner\"><\/div>\n\t\t<\/div>\n\t\t\t\t\t\t<\/div>\n\t\t\t\t<\/div>\n\t\t\t\t\t<\/div>\n\t\t\t\t<\/div>\n\t\t<div class=\"elementor-element elementor-element-b5ccfab e-flex e-con-boxed e-con e-parent\" data-id=\"b5ccfab\" data-element_type=\"container\" data-e-type=\"container\" data-settings=\"{&quot;_ha_eqh_enable&quot;:false}\">\n\t\t\t\t\t<div class=\"e-con-inner\">\n\t\t\t\t<div class=\"elementor-element elementor-element-7bd9731 elementor-widget elementor-widget-heading\" data-id=\"7bd9731\" data-element_type=\"widget\" data-e-type=\"widget\" data-widget_type=\"heading.default\">\n\t\t\t\t<div class=\"elementor-widget-container\">\n\t\t\t\t\t<h3 class=\"elementor-heading-title elementor-size-default\"><b style=\"text-align: justify;font-family: var( --e-global-typography-primary-font-family ), Sans-serif;font-style: inherit;text-transform: inherit\"><span style=\"font-family: Calibri\">Atual Comiss\u00e3o<\/span><\/b><\/h3>\t\t\t\t<\/div>\n\t\t\t\t<\/div>\n\t\t\t\t\t<\/div>\n\t\t\t\t<\/div>\n\t\t<div class=\"elementor-element elementor-element-319e341 e-flex e-con-boxed e-con e-parent\" data-id=\"319e341\" data-element_type=\"container\" data-e-type=\"container\" data-settings=\"{&quot;_ha_eqh_enable&quot;:false}\">\n\t\t\t\t\t<div class=\"e-con-inner\">\n\t\t\t\t<div class=\"elementor-element elementor-element-da8b839 elementor-widget elementor-widget-text-editor\" data-id=\"da8b839\" data-element_type=\"widget\" data-e-type=\"widget\" data-widget_type=\"text-editor.default\">\n\t\t\t\t<div class=\"elementor-widget-container\">\n\t\t\t\t\t\t\t\t\t<p align=\"justify\" style=\"mso-para-margin-left:0,0000gd;text-align:justify;text-justify:inter-ideograph;\"><span style=\"mso-spacerun:'yes';font-family:Calibri;mso-fareast-font-family:SimSun;\nmso-bidi-font-family:'Times New Roman';font-size:14,0000pt;\"><b>RAQUEL LITTERIO DE BASTOS<\/b>, presidente da comiss\u00e3o e orientadora acad\u00eamica <\/span><span style=\"mso-spacerun:'yes';font-family:Calibri;mso-fareast-font-family:SimSun;\nmso-bidi-font-family:'Times New Roman';font-size:14,0000pt;\"><o:p><\/o:p><\/span><\/p><p align=\"justify\" style=\"mso-para-margin-left:0,0000gd;text-align:justify;text-justify:inter-ideograph;\"><span style=\"mso-spacerun:'yes';font-family:Calibri;mso-fareast-font-family:SimSun;\nmso-bidi-font-family:'Times New Roman';font-size:14,0000pt;\"><b>KARINA KARLA DE SOUZA BASTOS<\/b>, assistente social<\/span><span style=\"mso-spacerun:'yes';font-family:Calibri;mso-fareast-font-family:SimSun;\nmso-bidi-font-family:'Times New Roman';font-size:14,0000pt;\">\t<\/span><span style=\"mso-spacerun:'yes';font-family:Calibri;mso-fareast-font-family:SimSun;\nmso-bidi-font-family:'Times New Roman';font-size:14,0000pt;\"><o:p><\/o:p><\/span><\/p><p align=\"justify\" style=\"mso-para-margin-left:0,0000gd;text-align:justify;text-justify:inter-ideograph;\"><span style=\"mso-spacerun:'yes';font-family:Calibri;mso-fareast-font-family:SimSun;\nmso-bidi-font-family:'Times New Roman';font-size:14,0000pt;\"><b>GABRIELLA DAYANE DE SOUZA<\/b>, t\u00e9cnica em enfermagem<\/span><span style=\"mso-spacerun:'yes';font-family:Calibri;mso-fareast-font-family:SimSun;\nmso-bidi-font-family:'Times New Roman';font-size:14,0000pt;\"><o:p><\/o:p><\/span><\/p><p align=\"justify\" style=\"mso-para-margin-left:0,0000gd;text-align:justify;text-justify:inter-ideograph;\"><span style=\"mso-spacerun:'yes';font-family:Calibri;mso-fareast-font-family:SimSun;\nmso-bidi-font-family:'Times New Roman';font-size:14,0000pt;\"><b>MARCELO VIANA DA COSTA<\/b>, coordenador de curso de p\u00f3s-<\/span><span style=\"mso-spacerun:'yes';font-family:Calibri;mso-fareast-font-family:SimSun;\nmso-bidi-font-family:'Times New Roman';font-size:14,0000pt;\"><o:p><\/o:p><\/span><\/p><p align=\"justify\" style=\"mso-para-margin-left:0,0000gd;text-align:justify;text-justify:inter-ideograph;\"><span style=\"mso-spacerun:'yes';font-family:Calibri;mso-fareast-font-family:SimSun;\nmso-bidi-font-family:'Times New Roman';font-size:14,0000pt;\">gradua\u00e7\u00e3o<\/span><span style=\"mso-spacerun:'yes';font-family:Calibri;mso-fareast-font-family:SimSun;\nmso-bidi-font-family:'Times New Roman';font-size:14,0000pt;\"><o:p><\/o:p><\/span><\/p><p align=\"justify\" style=\"mso-para-margin-left:0,0000gd;text-align:justify;text-justify:inter-ideograph;\"><span style=\"mso-spacerun:'yes';font-family:Calibri;mso-fareast-font-family:SimSun;\nmso-bidi-font-family:'Times New Roman';font-size:14,0000pt;\"><b>FRANCISCO EMANUEL SOARES GOMES<\/b>, psic\u00f3logo<\/span><span style=\"mso-spacerun:'yes';font-family:Calibri;mso-fareast-font-family:SimSun;\nmso-bidi-font-family:'Times New Roman';font-size:14,0000pt;\">\t<\/span><span style=\"mso-spacerun:'yes';font-family:Calibri;mso-fareast-font-family:SimSun;\nmso-bidi-font-family:'Times New Roman';font-size:14,0000pt;\"><o:p><\/o:p><\/span><\/p><p align=\"justify\" style=\"mso-para-margin-left:0,0000gd;text-align:justify;text-justify:inter-ideograph;\"><span style=\"mso-spacerun:'yes';font-family:Calibri;mso-fareast-font-family:SimSun;\nmso-bidi-font-family:'Times New Roman';font-size:14,0000pt;\"><b>GEORGE DANTAS DE AZEVEDO<\/b>, diretor da EMCM<\/span><span style=\"mso-spacerun:'yes';font-family:Calibri;mso-fareast-font-family:SimSun;\nmso-bidi-font-family:'Times New Roman';font-size:14,0000pt;\"><o:p><\/o:p><\/span><\/p><p align=\"justify\" style=\"mso-para-margin-left:0,0000gd;text-align:justify;text-justify:inter-ideograph;\"><span style=\"mso-spacerun:'yes';font-family:Calibri;mso-fareast-font-family:SimSun;\nmso-bidi-font-family:'Times New Roman';font-size:14,0000pt;\"><b>ERICO&nbsp;GURGEL&nbsp;AMORIM<\/b>, coordenador do curso<\/span><span style=\"mso-spacerun:'yes';font-family:Calibri;mso-fareast-font-family:SimSun;\nmso-bidi-font-family:'Times New Roman';font-size:14,0000pt;\"><o:p><\/o:p><\/span><\/p><p align=\"justify\" style=\"mso-para-margin-left:0,0000gd;text-align:justify;text-justify:inter-ideograph;\"><span style=\"mso-spacerun:'yes';font-family:Calibri;mso-fareast-font-family:SimSun;\nmso-bidi-font-family:'Times New Roman';font-size:14,0000pt;\"><b>PAULA&nbsp;BATISTA&nbsp;DA TRINDADE<\/b>, profissional&nbsp;de refer\u00eancia na SIA<\/span><span style=\"mso-spacerun:'yes';font-family:Calibri;mso-fareast-font-family:SimSun;\nmso-bidi-font-family:'Times New Roman';font-size:14,0000pt;\"><o:p><\/o:p><\/span><\/p><p align=\"justify\" style=\"mso-para-margin-left:0,0000gd;text-align:justify;text-justify:inter-ideograph;\"><span style=\"mso-spacerun:'yes';font-family:Calibri;mso-fareast-font-family:SimSun;\nmso-bidi-font-family:'Times New Roman';font-size:14,0000pt;\"><b>MAR\u00cdLIA DO VALE G\u00d3IS PACHECO MEDEIROS<\/b>, profissional&nbsp;de refer\u00eancia na SIA<\/span><span style=\"mso-spacerun:'yes';font-family:Calibri;mso-fareast-font-family:SimSun;\nmso-bidi-font-family:'Times New Roman';font-size:14,0000pt;\">\t<\/span><span style=\"mso-spacerun:'yes';font-family:Calibri;mso-fareast-font-family:SimSun;\nmso-bidi-font-family:'Times New Roman';font-size:14,0000pt;\"><o:p><\/o:p><\/span><\/p><p align=\"justify\" style=\"mso-para-margin-left:0,0000gd;text-align:justify;text-justify:inter-ideograph;\"><span style=\"mso-spacerun:'yes';font-family:Calibri;mso-fareast-font-family:SimSun;\nmso-bidi-font-family:'Times New Roman';font-size:14,0000pt;\"><b>MARINNA MARIA DE ANDRADE&nbsp;COSTA<\/b>, enfermeira<\/span><span style=\"mso-spacerun:'yes';font-family:Calibri;mso-fareast-font-family:SimSun;\nmso-bidi-font-family:'Times New Roman';font-size:14,0000pt;\"><o:p><\/o:p><\/span><\/p><p align=\"justify\" style=\"mso-para-margin-left:0,0000gd;text-align:justify;text-justify:inter-ideograph;\"><span style=\"mso-spacerun:'yes';font-family:Calibri;mso-fareast-font-family:SimSun;\nmso-bidi-font-family:'Times New Roman';font-size:14,0000pt;\"><b>ALEXSANDER PEREIRA DANTAS<\/b>, pedagogo<\/span><span style=\"mso-spacerun:'yes';font-family:Calibri;mso-fareast-font-family:SimSun;\nmso-bidi-font-family:'Times New Roman';font-size:14,0000pt;\"><o:p><\/o:p><\/span><\/p><p align=\"justify\" style=\"mso-para-margin-left:0,0000gd;text-align:justify;text-justify:inter-ideograph;\"><span style=\"mso-spacerun:'yes';font-family:Calibri;mso-fareast-font-family:SimSun;\nmso-bidi-font-family:'Times New Roman';font-size:14,0000pt;\"><b>LUCAS MATHEUS DE OLIVEIRA MONTEIRO<\/b>, representante discente do curso de gradua\u00e7\u00e3o<\/span><span style=\"mso-spacerun:'yes';font-family:Calibri;mso-fareast-font-family:SimSun;\nmso-bidi-font-family:'Times New Roman';font-size:14,0000pt;\">\t<\/span><span style=\"mso-spacerun:'yes';font-family:Calibri;mso-fareast-font-family:SimSun;\nmso-bidi-font-family:'Times New Roman';font-size:14,0000pt;\"><o:p><\/o:p><\/span><\/p><p align=\"justify\" style=\"mso-para-margin-left:0,0000gd;text-align:justify;text-justify:inter-ideograph;\"><span style=\"mso-spacerun:'yes';font-family:Calibri;mso-fareast-font-family:SimSun;\nmso-bidi-font-family:'Times New Roman';font-size:14,0000pt;\"><b>TULIA FERNANDA MEIRA GARCIA<\/b>, representante docente<\/span><span style=\"mso-spacerun:'yes';font-family:Calibri;mso-fareast-font-family:SimSun;\nmso-bidi-font-family:'Times New Roman';font-size:14,0000pt;\"><o:p><\/o:p><\/span><\/p><p align=\"justify\" style=\"mso-para-margin-left:0,0000gd;text-align:justify;text-justify:inter-ideograph;\"><span style=\"mso-spacerun:'yes';font-family:Calibri;mso-fareast-font-family:SimSun;\nmso-bidi-font-family:'Times New Roman';font-size:14,0000pt;\"><b>FRANCISCO ISAIAS GOMES DA SILVA<\/b>, assistente em administra\u00e7\u00e3o<\/span><span style=\"mso-spacerun:'yes';font-family:Calibri;mso-fareast-font-family:SimSun;\nmso-bidi-font-family:'Times New Roman';font-size:14,0000pt;\"><o:p><\/o:p><\/span><\/p>\t\t\t\t\t\t\t\t<\/div>\n\t\t\t\t<\/div>\n\t\t\t\t\t<\/div>\n\t\t\t\t<\/div>\n\t\t\t\t<\/div>\n\t\t","protected":false},"excerpt":{"rendered":"<p>CPIA Conhe\u00e7a a CPIA da EMCM A CPIA \u00e9 a Comiss\u00e3o Permanente de Inclus\u00e3o e Acessibilidade (CPIA) da EMCM. Ela \u00e9 formada por gestores, servidores t\u00e9cnicos, docentes e estudantes. O objetivo da CPIA \u00e9 discutir, planejar e executar a\u00e7\u00f5es e projetos relacionados \u00e0s necessidades de inclus\u00e3o e acessibilidade nos \u00e2mbitos de atua\u00e7\u00e3o da EMCM. Para [&hellip;]<\/p>\n","protected":false},"author":1,"featured_media":0,"parent":0,"menu_order":0,"comment_status":"closed","ping_status":"closed","template":"","meta":{"footnotes":""},"class_list":["post-1781","page","type-page","status-publish","hentry"],"_links":{"self":[{"href":"https:\/\/emcm.ufrn.br\/site\/wp-json\/wp\/v2\/pages\/1781","targetHints":{"allow":["GET"]}}],"collection":[{"href":"https:\/\/emcm.ufrn.br\/site\/wp-json\/wp\/v2\/pages"}],"about":[{"href":"https:\/\/emcm.ufrn.br\/site\/wp-json\/wp\/v2\/types\/page"}],"author":[{"embeddable":true,"href":"https:\/\/emcm.ufrn.br\/site\/wp-json\/wp\/v2\/users\/1"}],"replies":[{"embeddable":true,"href":"https:\/\/emcm.ufrn.br\/site\/wp-json\/wp\/v2\/comments?post=1781"}],"version-history":[{"count":13,"href":"https:\/\/emcm.ufrn.br\/site\/wp-json\/wp\/v2\/pages\/1781\/revisions"}],"predecessor-version":[{"id":4337,"href":"https:\/\/emcm.ufrn.br\/site\/wp-json\/wp\/v2\/pages\/1781\/revisions\/4337"}],"wp:attachment":[{"href":"https:\/\/emcm.ufrn.br\/site\/wp-json\/wp\/v2\/media?parent=1781"}],"curies":[{"name":"wp","href":"https:\/\/api.w.org\/{rel}","templated":true}]}}