{"id":1776,"date":"2024-08-01T10:59:35","date_gmt":"2024-08-01T13:59:35","guid":{"rendered":"http:\/\/10.143.8.37\/site\/?page_id=1776"},"modified":"2024-08-14T09:18:44","modified_gmt":"2024-08-14T12:18:44","slug":"napa","status":"publish","type":"page","link":"https:\/\/emcm.ufrn.br\/site\/napa\/","title":{"rendered":"NAPA"},"content":{"rendered":"\t\t<div data-elementor-type=\"wp-page\" data-elementor-id=\"1776\" class=\"elementor elementor-1776\" data-elementor-settings=\"{&quot;ha_cmc_init_switcher&quot;:&quot;no&quot;}\">\n\t\t\t\t<div class=\"elementor-element elementor-element-04ef2b1 e-flex e-con-boxed e-con e-parent\" data-id=\"04ef2b1\" data-element_type=\"container\" data-e-type=\"container\" data-settings=\"{&quot;_ha_eqh_enable&quot;:false}\">\n\t\t\t\t\t<div class=\"e-con-inner\">\n\t\t\t\t<div class=\"elementor-element elementor-element-38073ec elementor-widget elementor-widget-heading\" data-id=\"38073ec\" data-element_type=\"widget\" data-e-type=\"widget\" data-widget_type=\"heading.default\">\n\t\t\t\t<div class=\"elementor-widget-container\">\n\t\t\t\t\t<h3 class=\"elementor-heading-title elementor-size-default\">NAPA<\/h3>\t\t\t\t<\/div>\n\t\t\t\t<\/div>\n\t\t\t\t\t<\/div>\n\t\t\t\t<\/div>\n\t\t<div class=\"elementor-element elementor-element-e15623d e-flex e-con-boxed e-con e-parent\" data-id=\"e15623d\" data-element_type=\"container\" data-e-type=\"container\" data-settings=\"{&quot;_ha_eqh_enable&quot;:false}\">\n\t\t\t\t\t<div class=\"e-con-inner\">\n\t\t\t\t<div class=\"elementor-element elementor-element-b1e79f7 elementor-widget elementor-widget-image\" data-id=\"b1e79f7\" data-element_type=\"widget\" data-e-type=\"widget\" data-widget_type=\"image.default\">\n\t\t\t\t<div class=\"elementor-widget-container\">\n\t\t\t\t\t\t\t\t\t\t\t\t\t\t\t<img decoding=\"async\" src=\"https:\/\/emcm.ufrn.br\/site\/emcm\/Imagens%20Galeria%20Site\/NAPA%20E%20CPIA\/Napa_fundo%20Transparente.png\" title=\"\" alt=\"\" loading=\"lazy\" \/>\t\t\t\t\t\t\t\t\t\t\t\t\t\t\t<\/div>\n\t\t\t\t<\/div>\n\t\t\t\t\t<\/div>\n\t\t\t\t<\/div>\n\t\t<div class=\"elementor-element elementor-element-cf8875e e-flex e-con-boxed e-con e-parent\" data-id=\"cf8875e\" data-element_type=\"container\" data-e-type=\"container\" data-settings=\"{&quot;_ha_eqh_enable&quot;:false}\">\n\t\t\t\t\t<div class=\"e-con-inner\">\n\t\t\t\t<div class=\"elementor-element elementor-element-9ac4aa1 elementor-widget elementor-widget-heading\" data-id=\"9ac4aa1\" data-element_type=\"widget\" data-e-type=\"widget\" data-widget_type=\"heading.default\">\n\t\t\t\t<div class=\"elementor-widget-container\">\n\t\t\t\t\t<h3 class=\"elementor-heading-title elementor-size-default\"><b style=\"text-align: justify;font-family: var( --e-global-typography-primary-font-family ), Sans-serif;font-style: inherit;text-transform: inherit\"><span style=\"font-family: Calibri\">O que \u00e9 o NAPA?<\/span><\/b><\/h3>\t\t\t\t<\/div>\n\t\t\t\t<\/div>\n\t\t\t\t\t<\/div>\n\t\t\t\t<\/div>\n\t\t<div class=\"elementor-element elementor-element-4ecb3b9 e-flex e-con-boxed e-con e-parent\" data-id=\"4ecb3b9\" data-element_type=\"container\" data-e-type=\"container\" data-settings=\"{&quot;_ha_eqh_enable&quot;:false}\">\n\t\t\t\t\t<div class=\"e-con-inner\">\n\t\t\t\t<div class=\"elementor-element elementor-element-b50027e elementor-widget elementor-widget-text-editor\" data-id=\"b50027e\" data-element_type=\"widget\" data-e-type=\"widget\" data-widget_type=\"text-editor.default\">\n\t\t\t\t<div class=\"elementor-widget-container\">\n\t\t\t\t\t\t\t\t\t<p class=\"MsoNormal\" style=\"text-align: justify; text-justify: inter-ideograph;\" align=\"justify\"><span style=\"mso-spacerun: 'yes'; font-family: Calibri; mso-fareast-font-family: SimSun; mso-bidi-font-family: 'Times New Roman'; font-size: 14,0000pt;\">\u00c9 o N\u00facleo de Apoio Psicopedag\u00f3gico e Acad\u00eamico (NAPA) da EMCM. Esse N\u00facleo \u00e9 formado por um psic\u00f3logo cl\u00ednico, um pedagogo e uma assistente social. Somos respons\u00e1veis pelo acompanhamento psicopedag\u00f3gico e socioassistencial dos estudantes e residentes da EMCM.<\/span><\/p>\t\t\t\t\t\t\t\t<\/div>\n\t\t\t\t<\/div>\n\t\t\t\t\t<\/div>\n\t\t\t\t<\/div>\n\t\t<div class=\"elementor-element elementor-element-e073f3f e-flex e-con-boxed e-con e-parent\" data-id=\"e073f3f\" data-element_type=\"container\" data-e-type=\"container\" data-settings=\"{&quot;_ha_eqh_enable&quot;:false}\">\n\t\t\t\t\t<div class=\"e-con-inner\">\n\t\t\t\t<div class=\"elementor-element elementor-element-18939db elementor-widget elementor-widget-heading\" data-id=\"18939db\" data-element_type=\"widget\" data-e-type=\"widget\" data-widget_type=\"heading.default\">\n\t\t\t\t<div class=\"elementor-widget-container\">\n\t\t\t\t\t<h3 class=\"elementor-heading-title elementor-size-default\"><b style=\"text-align: justify;font-family: var( --e-global-typography-primary-font-family ), Sans-serif;font-style: inherit;text-transform: inherit\"><span style=\"font-family: Calibri\">Quando devo procurar o NAPA?<\/span><\/b><\/h3>\t\t\t\t<\/div>\n\t\t\t\t<\/div>\n\t\t\t\t\t<\/div>\n\t\t\t\t<\/div>\n\t\t<div class=\"elementor-element elementor-element-4d67049 e-flex e-con-boxed e-con e-parent\" data-id=\"4d67049\" data-element_type=\"container\" data-e-type=\"container\" data-settings=\"{&quot;_ha_eqh_enable&quot;:false}\">\n\t\t\t\t\t<div class=\"e-con-inner\">\n\t\t\t\t<div class=\"elementor-element elementor-element-5917d13 elementor-widget elementor-widget-text-editor\" data-id=\"5917d13\" data-element_type=\"widget\" data-e-type=\"widget\" data-widget_type=\"text-editor.default\">\n\t\t\t\t<div class=\"elementor-widget-container\">\n\t\t\t\t\t\t\t\t\t<p class=\"MsoNormal\" style=\"text-align: justify; text-justify: inter-ideograph;\" align=\"justify\"><span style=\"mso-spacerun: 'yes'; font-family: Calibri; mso-fareast-font-family: SimSun; mso-bidi-font-family: 'Times New Roman'; font-size: 14,0000pt;\">Quando estiver enfrentando problemas no contexto acad\u00eamico e profissional da EMCM, sobretudo problemas relacionados \u00e0 sa\u00fade mental e \u00e0s dificuldades no processo de ensino-aprendizagem.<\/span><\/p>\t\t\t\t\t\t\t\t<\/div>\n\t\t\t\t<\/div>\n\t\t\t\t\t<\/div>\n\t\t\t\t<\/div>\n\t\t<div class=\"elementor-element elementor-element-0f0a4f3 e-flex e-con-boxed e-con e-parent\" data-id=\"0f0a4f3\" data-element_type=\"container\" data-e-type=\"container\" data-settings=\"{&quot;_ha_eqh_enable&quot;:false}\">\n\t\t\t\t\t<div class=\"e-con-inner\">\n\t\t\t\t<div class=\"elementor-element elementor-element-b8dae34 elementor-widget elementor-widget-heading\" data-id=\"b8dae34\" data-element_type=\"widget\" data-e-type=\"widget\" data-widget_type=\"heading.default\">\n\t\t\t\t<div class=\"elementor-widget-container\">\n\t\t\t\t\t<h3 class=\"elementor-heading-title elementor-size-default\"><b style=\"text-align: justify;font-family: var( --e-global-typography-primary-font-family ), Sans-serif;font-style: inherit;text-transform: inherit\"><span style=\"font-family: Calibri\">Quais s\u00e3o os servi\u00e7os oferecidos?<\/span><\/b><\/h3>\t\t\t\t<\/div>\n\t\t\t\t<\/div>\n\t\t\t\t\t<\/div>\n\t\t\t\t<\/div>\n\t\t<div class=\"elementor-element elementor-element-6e0a918 e-flex e-con-boxed e-con e-parent\" data-id=\"6e0a918\" data-element_type=\"container\" data-e-type=\"container\" data-settings=\"{&quot;_ha_eqh_enable&quot;:false}\">\n\t\t\t\t\t<div class=\"e-con-inner\">\n\t\t\t\t<div class=\"elementor-element elementor-element-a1f7263 elementor-widget elementor-widget-text-editor\" data-id=\"a1f7263\" data-element_type=\"widget\" data-e-type=\"widget\" data-widget_type=\"text-editor.default\">\n\t\t\t\t<div class=\"elementor-widget-container\">\n\t\t\t\t\t\t\t\t\t<p style=\"text-align: justify; text-justify: inter-ideograph;\" align=\"justify\"><span style=\"mso-spacerun: 'yes'; font-family: Calibri; mso-fareast-font-family: SimSun; mso-bidi-font-family: 'Times New Roman'; font-size: 14,0000pt;\">Oferecemos atendimentos psicol\u00f3gicos, pedag\u00f3gicos e socioassistenciais a estudantes e residentes da EMCM.<\/span><\/p>\t\t\t\t\t\t\t\t<\/div>\n\t\t\t\t<\/div>\n\t\t\t\t\t<\/div>\n\t\t\t\t<\/div>\n\t\t<div class=\"elementor-element elementor-element-447e6f2 e-flex e-con-boxed e-con e-parent\" data-id=\"447e6f2\" data-element_type=\"container\" data-e-type=\"container\" data-settings=\"{&quot;_ha_eqh_enable&quot;:false}\">\n\t\t\t\t\t<div class=\"e-con-inner\">\n\t\t\t\t<div class=\"elementor-element elementor-element-232796a elementor-widget elementor-widget-heading\" data-id=\"232796a\" data-element_type=\"widget\" data-e-type=\"widget\" data-widget_type=\"heading.default\">\n\t\t\t\t<div class=\"elementor-widget-container\">\n\t\t\t\t\t<h3 class=\"elementor-heading-title elementor-size-default\"><b style=\"text-align: justify;font-family: var( --e-global-typography-primary-font-family ), Sans-serif;font-style: inherit;text-transform: inherit\"><span style=\"font-family: Calibri\">Como funcionam os funcionamentos?<\/span><\/b><\/h3>\t\t\t\t<\/div>\n\t\t\t\t<\/div>\n\t\t\t\t\t<\/div>\n\t\t\t\t<\/div>\n\t\t<div class=\"elementor-element elementor-element-68d47af e-flex e-con-boxed e-con e-parent\" data-id=\"68d47af\" data-element_type=\"container\" data-e-type=\"container\" data-settings=\"{&quot;_ha_eqh_enable&quot;:false}\">\n\t\t\t\t\t<div class=\"e-con-inner\">\n\t\t\t\t<div class=\"elementor-element elementor-element-9ae33c8 elementor-widget elementor-widget-text-editor\" data-id=\"9ae33c8\" data-element_type=\"widget\" data-e-type=\"widget\" data-widget_type=\"text-editor.default\">\n\t\t\t\t<div class=\"elementor-widget-container\">\n\t\t\t\t\t\t\t\t\t<p class=\"MsoNormal\" style=\"text-align: justify; text-justify: inter-ideograph;\" align=\"justify\"><span style=\"mso-spacerun: 'yes'; font-family: Calibri; mso-fareast-font-family: SimSun; mso-bidi-font-family: 'Times New Roman'; font-size: 14,0000pt;\">Algumas demandas apresentam aspectos que dizem respeito a cada campo de atua\u00e7\u00e3o espec\u00edfico e outras que necessitam uma atua\u00e7\u00e3o conjunta. Portanto, os profissionais do servi\u00e7o oferecem atendimentos individuais e interdisciplinares. Encaminhamentos s\u00e3o feitos quando observamos essa necessidade para profissionais de outras \u00e1reas.<\/span><\/p><p class=\"MsoNormal\" style=\"text-align: justify; text-justify: inter-ideograph;\" align=\"justify\"><span style=\"mso-spacerun: 'yes'; font-family: Calibri; mso-fareast-font-family: SimSun; mso-bidi-font-family: 'Times New Roman'; font-size: 14,0000pt;\">\u00a0<\/span><\/p>\t\t\t\t\t\t\t\t<\/div>\n\t\t\t\t<\/div>\n\t\t\t\t\t<\/div>\n\t\t\t\t<\/div>\n\t\t<div class=\"elementor-element elementor-element-3ba6046 e-flex e-con-boxed e-con e-parent\" data-id=\"3ba6046\" data-element_type=\"container\" data-e-type=\"container\" data-settings=\"{&quot;_ha_eqh_enable&quot;:false}\">\n\t\t\t\t\t<div class=\"e-con-inner\">\n\t\t\t\t<div class=\"elementor-element elementor-element-e4f5758 elementor-widget elementor-widget-heading\" data-id=\"e4f5758\" data-element_type=\"widget\" data-e-type=\"widget\" data-widget_type=\"heading.default\">\n\t\t\t\t<div class=\"elementor-widget-container\">\n\t\t\t\t\t<h3 class=\"elementor-heading-title elementor-size-default\"><b style=\"text-align: justify;font-family: var( --e-global-typography-primary-font-family ), Sans-serif;font-style: inherit;text-transform: inherit\"><span style=\"font-family: Calibri\">Onde fica e quais os hor\u00e1rios de atendimento?<\/span><\/b><\/h3>\t\t\t\t<\/div>\n\t\t\t\t<\/div>\n\t\t\t\t\t<\/div>\n\t\t\t\t<\/div>\n\t\t<div class=\"elementor-element elementor-element-52296e9 e-flex e-con-boxed e-con e-parent\" data-id=\"52296e9\" data-element_type=\"container\" data-e-type=\"container\" data-settings=\"{&quot;_ha_eqh_enable&quot;:false}\">\n\t\t\t\t\t<div class=\"e-con-inner\">\n\t\t\t\t<div class=\"elementor-element elementor-element-cad7875 elementor-widget elementor-widget-spacer\" data-id=\"cad7875\" data-element_type=\"widget\" data-e-type=\"widget\" data-widget_type=\"spacer.default\">\n\t\t\t\t<div class=\"elementor-widget-container\">\n\t\t\t\t\t\t\t<div class=\"elementor-spacer\">\n\t\t\t<div class=\"elementor-spacer-inner\"><\/div>\n\t\t<\/div>\n\t\t\t\t\t\t<\/div>\n\t\t\t\t<\/div>\n\t\t\t\t\t<\/div>\n\t\t\t\t<\/div>\n\t\t<div class=\"elementor-element elementor-element-2a5d46a e-flex e-con-boxed e-con e-parent\" data-id=\"2a5d46a\" data-element_type=\"container\" data-e-type=\"container\" data-settings=\"{&quot;_ha_eqh_enable&quot;:false}\">\n\t\t\t\t\t<div class=\"e-con-inner\">\n\t\t<div class=\"elementor-element elementor-element-0f83ffc e-con-full e-flex e-con e-child\" data-id=\"0f83ffc\" data-element_type=\"container\" data-e-type=\"container\" data-settings=\"{&quot;_ha_eqh_enable&quot;:false}\">\n\t\t\t\t<div class=\"elementor-element elementor-element-ca9b021 elementor-view-default elementor-position-block-start elementor-mobile-position-block-start elementor-widget elementor-widget-icon-box\" data-id=\"ca9b021\" data-element_type=\"widget\" data-e-type=\"widget\" data-widget_type=\"icon-box.default\">\n\t\t\t\t<div class=\"elementor-widget-container\">\n\t\t\t\t\t\t\t<div class=\"elementor-icon-box-wrapper\">\n\n\t\t\t\t\t\t<div class=\"elementor-icon-box-icon\">\n\t\t\t\t<span  class=\"elementor-icon\">\n\t\t\t\t<i aria-hidden=\"true\" class=\"hm hm-location-pointer\"><\/i>\t\t\t\t<\/span>\n\t\t\t<\/div>\n\t\t\t\n\t\t\t\t\t\t<div class=\"elementor-icon-box-content\">\n\n\t\t\t\t\t\t\t\t\t<h3 class=\"elementor-icon-box-title\">\n\t\t\t\t\t\t<span  >\n\t\t\t\t\t\t\tLocaliza\u00e7\u00e3o\t\t\t\t\t\t<\/span>\n\t\t\t\t\t<\/h3>\n\t\t\t\t\n\t\t\t\t\t\t\t\t\t<p class=\"elementor-icon-box-description\">\n\t\t\t\t\t\tO NAPA est\u00e1 localizado na coordena\u00e7\u00e3o curso, no 1\u00baandar da EMCM.\t\t\t\t\t<\/p>\n\t\t\t\t\n\t\t\t<\/div>\n\t\t\t\n\t\t<\/div>\n\t\t\t\t\t\t<\/div>\n\t\t\t\t<\/div>\n\t\t\t\t<\/div>\n\t\t<div class=\"elementor-element elementor-element-050c924 e-con-full e-flex e-con e-child\" data-id=\"050c924\" data-element_type=\"container\" data-e-type=\"container\" data-settings=\"{&quot;_ha_eqh_enable&quot;:false}\">\n\t\t\t\t<div class=\"elementor-element elementor-element-c6cfb6f elementor-view-default elementor-position-block-start elementor-mobile-position-block-start elementor-widget elementor-widget-icon-box\" data-id=\"c6cfb6f\" data-element_type=\"widget\" data-e-type=\"widget\" data-widget_type=\"icon-box.default\">\n\t\t\t\t<div class=\"elementor-widget-container\">\n\t\t\t\t\t\t\t<div class=\"elementor-icon-box-wrapper\">\n\n\t\t\t\t\t\t<div class=\"elementor-icon-box-icon\">\n\t\t\t\t<span  class=\"elementor-icon\">\n\t\t\t\t<i aria-hidden=\"true\" class=\"hm hm-refresh-time\"><\/i>\t\t\t\t<\/span>\n\t\t\t<\/div>\n\t\t\t\n\t\t\t\t\t\t<div class=\"elementor-icon-box-content\">\n\n\t\t\t\t\t\t\t\t\t<h3 class=\"elementor-icon-box-title\">\n\t\t\t\t\t\t<span  >\n\t\t\t\t\t\t\tHor\u00e1rios\t\t\t\t\t\t<\/span>\n\t\t\t\t\t<\/h3>\n\t\t\t\t\n\t\t\t\t\t\t\t\t\t<p class=\"elementor-icon-box-description\">\n\t\t\t\t\t\tNosso hor\u00e1rio de funcionamento \u00e9 de segunda \u00e0 sexta, das 08:00h \u00e0s 17:00h\t\t\t\t\t<\/p>\n\t\t\t\t\n\t\t\t<\/div>\n\t\t\t\n\t\t<\/div>\n\t\t\t\t\t\t<\/div>\n\t\t\t\t<\/div>\n\t\t\t\t<\/div>\n\t\t\t\t\t<\/div>\n\t\t\t\t<\/div>\n\t\t<div class=\"elementor-element elementor-element-8f3911f e-flex e-con-boxed e-con e-parent\" data-id=\"8f3911f\" data-element_type=\"container\" data-e-type=\"container\" data-settings=\"{&quot;_ha_eqh_enable&quot;:false}\">\n\t\t\t\t\t<div class=\"e-con-inner\">\n\t\t\t\t<div class=\"elementor-element elementor-element-626f181 elementor-widget elementor-widget-spacer\" data-id=\"626f181\" data-element_type=\"widget\" data-e-type=\"widget\" data-widget_type=\"spacer.default\">\n\t\t\t\t<div class=\"elementor-widget-container\">\n\t\t\t\t\t\t\t<div class=\"elementor-spacer\">\n\t\t\t<div class=\"elementor-spacer-inner\"><\/div>\n\t\t<\/div>\n\t\t\t\t\t\t<\/div>\n\t\t\t\t<\/div>\n\t\t\t\t\t<\/div>\n\t\t\t\t<\/div>\n\t\t<div class=\"elementor-element elementor-element-f1dc963 e-flex e-con-boxed e-con e-parent\" data-id=\"f1dc963\" data-element_type=\"container\" data-e-type=\"container\" data-settings=\"{&quot;_ha_eqh_enable&quot;:false}\">\n\t\t\t\t\t<div class=\"e-con-inner\">\n\t\t\t\t<div class=\"elementor-element elementor-element-6d6bdee elementor-widget elementor-widget-heading\" data-id=\"6d6bdee\" data-element_type=\"widget\" data-e-type=\"widget\" data-widget_type=\"heading.default\">\n\t\t\t\t<div class=\"elementor-widget-container\">\n\t\t\t\t\t<h3 class=\"elementor-heading-title elementor-size-default\"><b style=\"text-align: justify;font-family: var( --e-global-typography-primary-font-family ), Sans-serif;font-style: inherit;text-transform: inherit\"><span style=\"font-family: Calibri\">Como fa\u00e7o para agendar atendimento?<\/span><\/b><\/h3>\t\t\t\t<\/div>\n\t\t\t\t<\/div>\n\t\t\t\t\t<\/div>\n\t\t\t\t<\/div>\n\t\t<div class=\"elementor-element elementor-element-792d65a e-flex e-con-boxed e-con e-parent\" data-id=\"792d65a\" data-element_type=\"container\" data-e-type=\"container\" data-settings=\"{&quot;_ha_eqh_enable&quot;:false}\">\n\t\t\t\t\t<div class=\"e-con-inner\">\n\t\t\t\t<div class=\"elementor-element elementor-element-c7deeb7 elementor-widget elementor-widget-text-editor\" data-id=\"c7deeb7\" data-element_type=\"widget\" data-e-type=\"widget\" data-widget_type=\"text-editor.default\">\n\t\t\t\t<div class=\"elementor-widget-container\">\n\t\t\t\t\t\t\t\t\t<p class=\"MsoNormal\" style=\"text-align: justify; text-justify: inter-ideograph;\" align=\"justify\"><span style=\"mso-spacerun: 'yes'; font-family: Calibri; mso-fareast-font-family: SimSun; mso-bidi-font-family: 'Times New Roman'; font-size: 14,0000pt;\"><b>Psic\u00f3logo:<\/b><\/span><\/p>\n<p class=\"MsoNormal\" style=\"text-align: justify; text-justify: inter-ideograph;\" align=\"justify\"><a href=\"mailto:psicologia.emcm@gmail.com\"><u><span class=\"15\" style=\"font-family: Calibri; color: #0000ff;\">psicologia.emcm@gmail.com<\/span><\/u><\/a><\/p>\n<p class=\"MsoNormal\" style=\"text-align: justify; text-justify: inter-ideograph;\" align=\"justify\"><span style=\"mso-spacerun: 'yes'; font-family: Calibri; mso-fareast-font-family: SimSun; mso-bidi-font-family: 'Times New Roman'; font-size: 14,0000pt;\">Whats (84) 9 9900-5686<\/span><\/p>\n<p class=\"MsoNormal\" style=\"text-align: justify; text-justify: inter-ideograph;\" align=\"justify\"><span style=\"mso-spacerun: 'yes'; font-family: Calibri; mso-fareast-font-family: SimSun; mso-bidi-font-family: 'Times New Roman'; font-size: 14,0000pt;\"><b>Pedagogo:<\/b><\/span><\/p>\n<p class=\"MsoNormal\" style=\"text-align: justify; text-justify: inter-ideograph;\" align=\"justify\"><a href=\"mailto:pedagogico.emcm@gmail.com\"><u><span class=\"15\" style=\"font-family: Calibri; color: #0000ff;\">pedagogico.emcm@gmail.com<\/span><\/u><\/a><\/p>\n<p class=\"MsoNormal\" style=\"text-align: justify; text-justify: inter-ideograph;\" align=\"justify\"><span style=\"mso-spacerun: 'yes'; font-family: Calibri; mso-fareast-font-family: SimSun; mso-bidi-font-family: 'Times New Roman'; font-size: 14,0000pt;\"><b>Assistente social:<\/b><\/span><\/p>\n<p class=\"MsoNormal\" style=\"text-align: justify; text-justify: inter-ideograph;\" align=\"justify\"><a href=\"mailto:Karina.bastos@ufrn.br\"><u><span class=\"15\" style=\"font-family: Calibri; color: #0000ff;\">Karina.bastos@ufrn.br<\/span><\/u><\/a><\/p>\t\t\t\t\t\t\t\t<\/div>\n\t\t\t\t<\/div>\n\t\t\t\t\t<\/div>\n\t\t\t\t<\/div>\n\t\t\t\t<\/div>\n\t\t","protected":false},"excerpt":{"rendered":"<p>NAPA O que \u00e9 o NAPA? \u00c9 o N\u00facleo de Apoio Psicopedag\u00f3gico e Acad\u00eamico (NAPA) da EMCM. Esse N\u00facleo \u00e9 formado por um psic\u00f3logo cl\u00ednico, um pedagogo e uma assistente social. Somos respons\u00e1veis pelo acompanhamento psicopedag\u00f3gico e socioassistencial dos estudantes e residentes da EMCM. Quando devo procurar o NAPA? Quando estiver enfrentando problemas no contexto [&hellip;]<\/p>\n","protected":false},"author":1,"featured_media":0,"parent":0,"menu_order":0,"comment_status":"closed","ping_status":"closed","template":"","meta":{"footnotes":""},"class_list":["post-1776","page","type-page","status-publish","hentry"],"_links":{"self":[{"href":"https:\/\/emcm.ufrn.br\/site\/wp-json\/wp\/v2\/pages\/1776","targetHints":{"allow":["GET"]}}],"collection":[{"href":"https:\/\/emcm.ufrn.br\/site\/wp-json\/wp\/v2\/pages"}],"about":[{"href":"https:\/\/emcm.ufrn.br\/site\/wp-json\/wp\/v2\/types\/page"}],"author":[{"embeddable":true,"href":"https:\/\/emcm.ufrn.br\/site\/wp-json\/wp\/v2\/users\/1"}],"replies":[{"embeddable":true,"href":"https:\/\/emcm.ufrn.br\/site\/wp-json\/wp\/v2\/comments?post=1776"}],"version-history":[{"count":16,"href":"https:\/\/emcm.ufrn.br\/site\/wp-json\/wp\/v2\/pages\/1776\/revisions"}],"predecessor-version":[{"id":4340,"href":"https:\/\/emcm.ufrn.br\/site\/wp-json\/wp\/v2\/pages\/1776\/revisions\/4340"}],"wp:attachment":[{"href":"https:\/\/emcm.ufrn.br\/site\/wp-json\/wp\/v2\/media?parent=1776"}],"curies":[{"name":"wp","href":"https:\/\/api.w.org\/{rel}","templated":true}]}}